{"id":15530,"date":"2023-08-29T07:46:21","date_gmt":"2023-08-29T07:46:21","guid":{"rendered":"https:\/\/www.ause.eu\/?page_id=15530"},"modified":"2025-12-16T14:56:38","modified_gmt":"2025-12-16T14:56:38","slug":"collana-working-papers","status":"publish","type":"page","link":"https:\/\/www.ause.eu\/en\/collana-working-papers\/","title":{"rendered":"Collana Working Papers"},"content":{"rendered":"<div class=\"wpb-content-wrapper\"><p>[vc_row css_animation=&#8221;&#8221; row_type=&#8221;row&#8221; use_row_as_full_screen_section=&#8221;no&#8221; type=&#8221;full_width&#8221; angled_section=&#8221;no&#8221; text_align=&#8221;left&#8221; background_image_as_pattern=&#8221;without_pattern&#8221;][vc_column][vc_single_image image=&#8221;16614&#8243; img_size=&#8221;full&#8221; alignment=&#8221;right&#8221; qode_css_animation=&#8221;&#8221;][vc_separator type=&#8221;normal&#8221; down=&#8221;30&#8243; thickness=&#8221;2&#8243;][\/vc_column][\/vc_row][vc_row css_animation=&#8221;&#8221; row_type=&#8221;row&#8221; use_row_as_full_screen_section=&#8221;no&#8221; type=&#8221;full_width&#8221; angled_section=&#8221;no&#8221; text_align=&#8221;left&#8221; background_image_as_pattern=&#8221;without_pattern&#8221;][vc_column][vc_column_text]<strong>2024<\/strong><\/p>\n<div>1\/2024<\/div>\n<div>A. Bernardelli<\/div>\n<div><em>Navigating sustainability ESG ratings and the role of regulation in the European Union\u00a0<\/em><\/div>\n<p>[\/vc_column_text]<a  itemprop=\"url\" href=\"https:\/\/www.ause.eu\/wp-content\/uploads\/2024\/11\/Bernardelli-2024.pdf\" target=\"_self\" data-hover-background-color='#000000' data-hover-border-color='#000000' data-hover-color='#ffffff' class=\"qbutton  left default\" style=\"color: #000000; border-color: #000000; margin: 15px 0px 0px 0px; background-color: #ffffff;\">Download full text<span aria-hidden=\"true\" class=\"qode_icon_font_elegant arrow_down qode_button_icon_element\" style=\"\" ><\/span><\/a>[vc_separator type=&#8221;normal&#8221; up=&#8221;30&#8243; down=&#8221;30&#8243; thickness=&#8221;2&#8243;][\/vc_column][\/vc_row][vc_row css_animation=&#8221;&#8221; row_type=&#8221;row&#8221; use_row_as_full_screen_section=&#8221;no&#8221; type=&#8221;full_width&#8221; angled_section=&#8221;no&#8221; text_align=&#8221;left&#8221; background_image_as_pattern=&#8221;without_pattern&#8221;][vc_column][vc_column_text]<strong>2022<\/strong><\/p>\n<div>1\/2022<\/div>\n<div>R. Adinolfi, M. Pecchioni, S. Bruzzi<\/div>\n<div><i>Il settore nucleare nell&#8217;Unione Europea: gli SMRs quale\u00a0opportunit\u00e0 di rilancio<\/i><\/div>\n<p>[\/vc_column_text]<a  itemprop=\"url\" href=\"https:\/\/www.ause.eu\/wp-content\/uploads\/2024\/11\/Adinolfi-2022.pdf\" target=\"_self\" data-hover-background-color='#000000' data-hover-border-color='#000000' data-hover-color='#ffffff' class=\"qbutton  left default\" style=\"color: #000000; border-color: #000000; margin: 15px 0px 0px 0px; background-color: #ffffff;\">Download full text<span aria-hidden=\"true\" class=\"qode_icon_font_elegant arrow_down qode_button_icon_element\" style=\"\" ><\/span><\/a>[vc_separator type=&#8221;normal&#8221; up=&#8221;30&#8243; down=&#8221;30&#8243; thickness=&#8221;2&#8243;][\/vc_column][\/vc_row][vc_row css_animation=&#8221;&#8221; row_type=&#8221;row&#8221; use_row_as_full_screen_section=&#8221;no&#8221; type=&#8221;full_width&#8221; angled_section=&#8221;no&#8221; text_align=&#8221;left&#8221; background_image_as_pattern=&#8221;without_pattern&#8221;][vc_column][vc_column_text]<strong>2017<\/strong><\/p>\n<div>2\/2017<\/div>\n<div>R. Cinquanta<\/div>\n<div><em>Per un efficace rilancio del processo di unificazione politica: il progetto del nucleo federale<\/em><\/div>\n<p>[\/vc_column_text]<a  itemprop=\"url\" href=\"https:\/\/www.ause.eu\/wp-content\/uploads\/2025\/12\/WP-_AUSE-2_2017_Cinquanta_epub.pdf\" target=\"_self\" data-hover-background-color='#000000' data-hover-border-color='#000000' data-hover-color='#ffffff' class=\"qbutton  left default\" style=\"color: #000000; border-color: #000000; margin: 15px 0px 0px 0px; background-color: #ffffff;\">Download full text<span aria-hidden=\"true\" class=\"qode_icon_font_elegant arrow_down qode_button_icon_element\" style=\"\" ><\/span><\/a>[vc_separator type=&#8221;normal&#8221; up=&#8221;30&#8243; down=&#8221;30&#8243; thickness=&#8221;2&#8243;][\/vc_column][\/vc_row][vc_row css_animation=&#8221;&#8221; row_type=&#8221;row&#8221; use_row_as_full_screen_section=&#8221;no&#8221; type=&#8221;full_width&#8221; angled_section=&#8221;no&#8221; text_align=&#8221;left&#8221; background_image_as_pattern=&#8221;without_pattern&#8221;][vc_column][vc_column_text]<strong>2017<\/strong><\/p>\n<div>\n<p>01\/2017<br \/>\nF. Praussello<\/p>\n<p><i>From the Eurozone to the fiscal and political union<\/i><\/p>\n<\/div>\n<p>[\/vc_column_text]<a  itemprop=\"url\" href=\"https:\/\/www.ause.eu\/wp-content\/uploads\/2023\/12\/WP_AUSE_1_2017_Praussello1.pdf\" target=\"_self\" data-hover-background-color='#000000' data-hover-border-color='#000000' data-hover-color='#ffffff' class=\"qbutton  left default\" style=\"color: #000000; border-color: #000000; margin: 15px 0px 0px 0px; background-color: #ffffff;\">Download full text<span aria-hidden=\"true\" class=\"qode_icon_font_elegant arrow_down qode_button_icon_element\" style=\"\" ><\/span><\/a>[vc_separator type=&#8221;normal&#8221; up=&#8221;30&#8243; down=&#8221;30&#8243; thickness=&#8221;2&#8243;][\/vc_column][\/vc_row][vc_row css_animation=&#8221;&#8221; row_type=&#8221;row&#8221; use_row_as_full_screen_section=&#8221;no&#8221; type=&#8221;full_width&#8221; angled_section=&#8221;no&#8221; text_align=&#8221;left&#8221; background_image_as_pattern=&#8221;without_pattern&#8221;][vc_column][vc_column_text]<strong>2014<\/strong><\/p>\n<div>\n<p>01\/2014<br \/>\nR. Cinquanta<\/p>\n<p><i>Gradualismo costituzionale e partiti nell&#8217;azione del Movimento Federalista Europeo: teoria e prassi per un rinnovamento della politica<\/i><\/p>\n<\/div>\n<p>[\/vc_column_text]<a  itemprop=\"url\" href=\"https:\/\/www.ause.eu\/wp-content\/uploads\/2023\/12\/2014_1_R_CINQUANTA.pdf\" target=\"_self\" data-hover-background-color='#000000' data-hover-border-color='#000000' data-hover-color='#ffffff' class=\"qbutton  left default\" style=\"color: #000000; border-color: #000000; margin: 15px 0px 0px 0px; background-color: #ffffff;\">Download full text<span aria-hidden=\"true\" class=\"qode_icon_font_elegant arrow_down qode_button_icon_element\" style=\"\" ><\/span><\/a>[vc_separator type=&#8221;normal&#8221; up=&#8221;30&#8243; down=&#8221;30&#8243; thickness=&#8221;2&#8243;][\/vc_column][\/vc_row][vc_row css_animation=&#8221;&#8221; row_type=&#8221;row&#8221; use_row_as_full_screen_section=&#8221;no&#8221; type=&#8221;full_width&#8221; angled_section=&#8221;no&#8221; text_align=&#8221;left&#8221; background_image_as_pattern=&#8221;without_pattern&#8221;][vc_column][vc_column_text]<strong>2013<\/strong><\/p>\n<div>\n<p>1\/2013<br \/>\nP. G. Fontana<\/p>\n<p><i>Karl Jaspers e la riunificazione tedesca:\u00a0Ostpolitik\u00a0e superamento dello Stato-nazione<\/i><\/p>\n<\/div>\n<p>[\/vc_column_text]<a  itemprop=\"url\" href=\"https:\/\/www.ause.eu\/wp-content\/uploads\/2023\/12\/2013_1_2013_PG_FONTANA.pdf\" target=\"_self\" data-hover-background-color='#000000' data-hover-border-color='#000000' data-hover-color='#ffffff' class=\"qbutton  left default\" style=\"color: #000000; border-color: #000000; margin: 15px 0px 0px 0px; background-color: #ffffff;\">Download full text<span aria-hidden=\"true\" class=\"qode_icon_font_elegant arrow_down qode_button_icon_element\" style=\"\" ><\/span><\/a>[vc_separator type=&#8221;normal&#8221; up=&#8221;30&#8243; down=&#8221;30&#8243; thickness=&#8221;2&#8243;][\/vc_column][\/vc_row][vc_row css_animation=&#8221;&#8221; row_type=&#8221;row&#8221; use_row_as_full_screen_section=&#8221;no&#8221; type=&#8221;full_width&#8221; angled_section=&#8221;no&#8221; text_align=&#8221;left&#8221; background_image_as_pattern=&#8221;without_pattern&#8221;][vc_column][vc_column_text]<strong>2012<\/strong><\/p>\n<div>\n<p>1\/2012<br \/>\nG. Peroni<\/p>\n<p><i>I diritti umani e il loro impatto sul diritto internazionale<\/i><\/p>\n<\/div>\n<p>[\/vc_column_text]<a  itemprop=\"url\" href=\"https:\/\/www.ause.eu\/wp-content\/uploads\/2023\/12\/2012_1_2012_G_PERONI.pdf\" target=\"_self\" data-hover-background-color='#000000' data-hover-border-color='#000000' data-hover-color='#ffffff' class=\"qbutton  left default\" style=\"color: #000000; border-color: #000000; margin: 15px 0px 0px 0px; background-color: #ffffff;\">Download full text<span aria-hidden=\"true\" class=\"qode_icon_font_elegant arrow_down qode_button_icon_element\" style=\"\" ><\/span><\/a>[vc_separator type=&#8221;normal&#8221; up=&#8221;30&#8243; down=&#8221;30&#8243; thickness=&#8221;2&#8243;][\/vc_column][\/vc_row][vc_row css_animation=&#8221;&#8221; row_type=&#8221;row&#8221; use_row_as_full_screen_section=&#8221;no&#8221; type=&#8221;full_width&#8221; angled_section=&#8221;no&#8221; text_align=&#8221;left&#8221; background_image_as_pattern=&#8221;without_pattern&#8221;][vc_column][vc_column_text]<strong>2011<\/strong><\/p>\n<div>\n<p>3\/2011<br \/>\nM. Zonta, V. Caprioli<\/p>\n<p><i>La crisi nordafricana e l&#8217;Europa. Osservazioni su una questione aperta<\/i><\/p>\n<\/div>\n<p>[\/vc_column_text]<a  itemprop=\"url\" href=\"https:\/\/www.ause.eu\/wp-content\/uploads\/2023\/12\/2011_3_2011_M_ZONTA_V_CAPRIOLI.pdf\" target=\"_self\" data-hover-background-color='#000000' data-hover-border-color='#000000' data-hover-color='#ffffff' class=\"qbutton  left default\" style=\"color: #000000; border-color: #000000; margin: 15px 0px 0px 0px; background-color: #ffffff;\">Download full text<span aria-hidden=\"true\" class=\"qode_icon_font_elegant arrow_down qode_button_icon_element\" style=\"\" ><\/span><\/a>[vc_separator type=&#8221;normal&#8221; up=&#8221;30&#8243; down=&#8221;30&#8243; thickness=&#8221;2&#8243;][\/vc_column][\/vc_row][vc_row css_animation=&#8221;&#8221; row_type=&#8221;row&#8221; use_row_as_full_screen_section=&#8221;no&#8221; type=&#8221;full_width&#8221; angled_section=&#8221;no&#8221; text_align=&#8221;left&#8221; background_image_as_pattern=&#8221;without_pattern&#8221;][vc_column][vc_column_text]<strong>2011<\/strong><\/p>\n<div>\n<p>2\/2011<br \/>\nS. Aloisio<\/p>\n<p><i>Il futuro dell&#8217;integrazione europea dopo il Lissabon Urteil. Alcune considerazioni<\/i><\/p>\n<\/div>\n<p>[\/vc_column_text]<a  itemprop=\"url\" href=\"https:\/\/www.ause.eu\/wp-content\/uploads\/2023\/12\/2011_2_2011_S_ALOISIO_1.pdf\" target=\"_self\" data-hover-background-color='#000000' data-hover-border-color='#000000' data-hover-color='#ffffff' class=\"qbutton  left default\" style=\"color: #000000; border-color: #000000; margin: 15px 0px 0px 0px; background-color: #ffffff;\">Download full text<span aria-hidden=\"true\" class=\"qode_icon_font_elegant arrow_down qode_button_icon_element\" style=\"\" ><\/span><\/a>[vc_separator type=&#8221;normal&#8221; up=&#8221;30&#8243; down=&#8221;30&#8243; thickness=&#8221;2&#8243;][\/vc_column][\/vc_row][vc_row css_animation=&#8221;&#8221; row_type=&#8221;row&#8221; use_row_as_full_screen_section=&#8221;no&#8221; type=&#8221;full_width&#8221; angled_section=&#8221;no&#8221; text_align=&#8221;left&#8221; background_image_as_pattern=&#8221;without_pattern&#8221;][vc_column][vc_column_text]<strong>2011<\/strong><\/p>\n<div>\n<p>1\/2011<br \/>\nG. Milazzo, D. Pasquinucci<\/p>\n<p><i>Gli studenti universitari e l\u2019integrazione europea. Un\u2019inchiesta dell\u2019AUSE<\/i><\/p>\n<\/div>\n<p>[\/vc_column_text]<a  itemprop=\"url\" href=\"https:\/\/www.ause.eu\/wp-content\/uploads\/2023\/12\/2011_1_2011_G_MILAZZO_D_PASQUINUCCI.pdf\" target=\"_self\" data-hover-background-color='#000000' data-hover-border-color='#000000' data-hover-color='#ffffff' class=\"qbutton  left default\" style=\"color: #000000; border-color: #000000; margin: 15px 0px 0px 0px; background-color: #ffffff;\">Download full text<span aria-hidden=\"true\" class=\"qode_icon_font_elegant arrow_down qode_button_icon_element\" style=\"\" ><\/span><\/a>[vc_separator type=&#8221;normal&#8221; up=&#8221;30&#8243; down=&#8221;30&#8243; thickness=&#8221;2&#8243;][\/vc_column][\/vc_row][vc_row css_animation=&#8221;&#8221; row_type=&#8221;row&#8221; use_row_as_full_screen_section=&#8221;no&#8221; type=&#8221;full_width&#8221; angled_section=&#8221;no&#8221; text_align=&#8221;left&#8221; background_image_as_pattern=&#8221;without_pattern&#8221;][vc_column][vc_column_text]<strong>2010<\/strong><\/p>\n<div>\n<p>1\/2010<br \/>\nL. Barbaini<\/p>\n<p><i>La &#8220;scelta&#8221; europeista di Lodovico Montini<\/i><\/p>\n<\/div>\n<p>[\/vc_column_text]<a  itemprop=\"url\" href=\"https:\/\/www.ause.eu\/wp-content\/uploads\/2023\/12\/2010_1_2010_L_BARBAINI.pdf\" target=\"_self\" data-hover-background-color='#000000' data-hover-border-color='#000000' data-hover-color='#ffffff' class=\"qbutton  left default\" style=\"color: #000000; border-color: #000000; margin: 15px 0px 0px 0px; background-color: #ffffff;\">Download full text<span aria-hidden=\"true\" class=\"qode_icon_font_elegant arrow_down qode_button_icon_element\" style=\"\" ><\/span><\/a>[vc_separator type=&#8221;normal&#8221; up=&#8221;30&#8243; down=&#8221;30&#8243; thickness=&#8221;2&#8243;][\/vc_column][\/vc_row][vc_row css_animation=&#8221;&#8221; row_type=&#8221;row&#8221; use_row_as_full_screen_section=&#8221;no&#8221; type=&#8221;full_width&#8221; angled_section=&#8221;no&#8221; text_align=&#8221;left&#8221; background_image_as_pattern=&#8221;without_pattern&#8221;][vc_column][vc_column_text]<strong>2009<\/strong><\/p>\n<div>\n<p>1\/2009<br \/>\nO. Bombardelli<\/p>\n<p><i>Quale economia europea nei libri di scuola?<\/i><\/p>\n<\/div>\n<p>[\/vc_column_text]<a  itemprop=\"url\" href=\"https:\/\/www.ause.eu\/wp-content\/uploads\/2023\/12\/2009_1_2009_O_BOMBARDELLI.pdf\" target=\"_self\" data-hover-background-color='#000000' data-hover-border-color='#000000' data-hover-color='#ffffff' class=\"qbutton  left default\" style=\"color: #000000; border-color: #000000; margin: 15px 0px 0px 0px; background-color: #ffffff;\">Download full text<span aria-hidden=\"true\" class=\"qode_icon_font_elegant arrow_down qode_button_icon_element\" style=\"\" ><\/span><\/a>[vc_separator type=&#8221;normal&#8221; up=&#8221;30&#8243; down=&#8221;30&#8243; thickness=&#8221;2&#8243;][\/vc_column][\/vc_row][vc_row css_animation=&#8221;&#8221; row_type=&#8221;row&#8221; use_row_as_full_screen_section=&#8221;no&#8221; type=&#8221;full_width&#8221; angled_section=&#8221;no&#8221; text_align=&#8221;left&#8221; background_image_as_pattern=&#8221;without_pattern&#8221;][vc_column][vc_column_text]<strong>2008<\/strong><\/p>\n<div>3\/2008<\/div>\n<div>D. Pasquinucci<\/div>\n<div><\/div>\n<div><i>Towards an Historical Approach to the European Elections<\/i><\/div>\n<p>[\/vc_column_text]<a  itemprop=\"url\" href=\"https:\/\/www.ause.eu\/wp-content\/uploads\/2023\/12\/2008_3_2008_D_PASQUINUCCI.pdf\" target=\"_self\" data-hover-background-color='#000000' data-hover-border-color='#000000' data-hover-color='#ffffff' class=\"qbutton  left default\" style=\"color: #000000; border-color: #000000; margin: 15px 0px 0px 0px; background-color: #ffffff;\">Download full text<span aria-hidden=\"true\" class=\"qode_icon_font_elegant arrow_down qode_button_icon_element\" style=\"\" ><\/span><\/a>[vc_separator type=&#8221;normal&#8221; up=&#8221;30&#8243; down=&#8221;30&#8243; thickness=&#8221;2&#8243;][\/vc_column][\/vc_row][vc_row css_animation=&#8221;&#8221; row_type=&#8221;row&#8221; use_row_as_full_screen_section=&#8221;no&#8221; type=&#8221;full_width&#8221; angled_section=&#8221;no&#8221; text_align=&#8221;left&#8221; background_image_as_pattern=&#8221;without_pattern&#8221;][vc_column][vc_column_text]<strong>2008<\/strong><\/p>\n<div>\n<p>2\/2008<br \/>\nM. Marongiu<\/p>\n<p><i>Guglielmo Usellini e l&#8217;Union europ\u00e9enne des f\u00e9d\u00e9ralistes (UEF)<\/i><\/p>\n<\/div>\n<p>[\/vc_column_text]<a  itemprop=\"url\" href=\"https:\/\/www.ause.eu\/wp-content\/uploads\/2023\/12\/2008_2_2008_M_MARONGIU.pdf\" target=\"_self\" data-hover-background-color='#000000' data-hover-border-color='#000000' data-hover-color='#ffffff' class=\"qbutton  left default\" style=\"color: #000000; border-color: #000000; margin: 15px 0px 0px 0px; background-color: #ffffff;\">Download full text<span aria-hidden=\"true\" class=\"qode_icon_font_elegant arrow_down qode_button_icon_element\" style=\"\" ><\/span><\/a>[vc_separator type=&#8221;normal&#8221; up=&#8221;30&#8243; down=&#8221;30&#8243; thickness=&#8221;2&#8243;][\/vc_column][\/vc_row][vc_row css_animation=&#8221;&#8221; row_type=&#8221;row&#8221; use_row_as_full_screen_section=&#8221;no&#8221; type=&#8221;full_width&#8221; angled_section=&#8221;no&#8221; text_align=&#8221;left&#8221; background_image_as_pattern=&#8221;without_pattern&#8221;][vc_column][vc_column_text]<strong>2008<\/strong><\/p>\n<div>\n<p>1\/2008<br \/>\nM. Caira<\/p>\n<p><i>La Cina potenza globale e potenza regionale<\/i><\/p>\n<\/div>\n<p>[\/vc_column_text]<a  itemprop=\"url\" href=\"https:\/\/www.ause.eu\/wp-content\/uploads\/2023\/12\/2008_1_2008_M_CAIRA.pdf\" target=\"_self\" data-hover-background-color='#000000' data-hover-border-color='#000000' data-hover-color='#ffffff' class=\"qbutton  left default\" style=\"color: #000000; border-color: #000000; margin: 15px 0px 0px 0px; background-color: #ffffff;\">Download full text<span aria-hidden=\"true\" class=\"qode_icon_font_elegant arrow_down qode_button_icon_element\" style=\"\" ><\/span><\/a>[vc_separator type=&#8221;normal&#8221; up=&#8221;30&#8243; down=&#8221;30&#8243; thickness=&#8221;2&#8243;][\/vc_column][\/vc_row][vc_row css_animation=&#8221;&#8221; row_type=&#8221;row&#8221; use_row_as_full_screen_section=&#8221;no&#8221; type=&#8221;full_width&#8221; angled_section=&#8221;no&#8221; text_align=&#8221;left&#8221; background_image_as_pattern=&#8221;without_pattern&#8221;][vc_column][vc_column_text]<strong>2006<\/strong><\/p>\n<div>\n<p>2\/2006<br \/>\nF. Praussello<\/p>\n<p><i>Rapporti fra multilateralismo e regionalismo economico<\/i><\/p>\n<\/div>\n<div><\/div>\n<p>[\/vc_column_text]<a  itemprop=\"url\" href=\"https:\/\/www.ause.eu\/wp-content\/uploads\/2023\/12\/2006_2_2006_F_PRAUSELLO.pdf\" target=\"_self\" data-hover-background-color='#000000' data-hover-border-color='#000000' data-hover-color='#ffffff' class=\"qbutton  left default\" style=\"color: #000000; border-color: #000000; margin: 15px 0px 0px 0px; background-color: #ffffff;\">Download full text<span aria-hidden=\"true\" class=\"qode_icon_font_elegant arrow_down qode_button_icon_element\" style=\"\" ><\/span><\/a>[vc_separator type=&#8221;normal&#8221; up=&#8221;30&#8243; down=&#8221;30&#8243; thickness=&#8221;2&#8243;][\/vc_column][\/vc_row][vc_row css_animation=&#8221;&#8221; row_type=&#8221;row&#8221; use_row_as_full_screen_section=&#8221;no&#8221; type=&#8221;full_width&#8221; angled_section=&#8221;no&#8221; text_align=&#8221;left&#8221; background_image_as_pattern=&#8221;without_pattern&#8221;][vc_column][vc_column_text]<strong>2006<\/strong><\/p>\n<div>\n<p>1\/2006<br \/>\nC. Bornico,\u00a0<i>Studio di una fonte di finanziamento nell&#8217;ambito del bilancio dell&#8217;Unione Europea<\/i><\/p>\n<\/div>\n<p>[\/vc_column_text]<a  itemprop=\"url\" href=\"https:\/\/www.ause.eu\/wp-content\/uploads\/2023\/12\/2006_1_2006_C_BORNICO.pdf\" target=\"_self\" data-hover-background-color='#000000' data-hover-border-color='#000000' data-hover-color='#ffffff' class=\"qbutton  left default\" style=\"color: #000000; border-color: #000000; margin: 15px 0px 0px 0px; background-color: #ffffff;\">Download full text<span aria-hidden=\"true\" class=\"qode_icon_font_elegant arrow_down qode_button_icon_element\" style=\"\" ><\/span><\/a>[vc_separator type=&#8221;normal&#8221; up=&#8221;30&#8243; down=&#8221;30&#8243; thickness=&#8221;2&#8243;][\/vc_column][\/vc_row][vc_row css_animation=&#8221;&#8221; row_type=&#8221;row&#8221; use_row_as_full_screen_section=&#8221;no&#8221; type=&#8221;full_width&#8221; angled_section=&#8221;no&#8221; text_align=&#8221;left&#8221; background_image_as_pattern=&#8221;without_pattern&#8221;][vc_column][vc_column_text]<strong>2005<\/strong><\/p>\n<div>\n<p>01\/2005<br \/>\nL.V. Spagnolo, M. Cerrato,\u00a0<i>Do Not Talk about the Euro: We Are British<\/i><\/p>\n<\/div>\n<p>[\/vc_column_text]<a  itemprop=\"url\" href=\"https:\/\/www.ause.eu\/wp-content\/uploads\/2023\/12\/2005_1_2005_LV_SPAGNOLO_M_CERRATO.pdf\" target=\"_self\" data-hover-background-color='#000000' data-hover-border-color='#000000' data-hover-color='#ffffff' class=\"qbutton  left default\" style=\"color: #000000; border-color: #000000; margin: 15px 0px 0px 0px; background-color: #ffffff;\">Download full text<span aria-hidden=\"true\" class=\"qode_icon_font_elegant arrow_down qode_button_icon_element\" style=\"\" ><\/span><\/a>[vc_separator type=&#8221;normal&#8221; up=&#8221;30&#8243; down=&#8221;30&#8243; thickness=&#8221;2&#8243;][\/vc_column][\/vc_row][vc_row css_animation=&#8221;&#8221; row_type=&#8221;row&#8221; use_row_as_full_screen_section=&#8221;no&#8221; type=&#8221;full_width&#8221; angled_section=&#8221;no&#8221; text_align=&#8221;left&#8221; background_image_as_pattern=&#8221;without_pattern&#8221;][vc_column][vc_column_text]<strong>2004<\/strong><\/p>\n<div>\n<p>11\/2004<br \/>\nI. Nicolacopoulous-Stephanou,\u00a0<i>Employment Policies of Acceding Countries &#8211; With Special Reference to Bulgaria<\/i><\/p>\n<\/div>\n<p>[\/vc_column_text]<a  itemprop=\"url\" href=\"https:\/\/www.ause.eu\/wp-content\/uploads\/2023\/12\/2004_11_2004_I_NICOLACOPOULOU_STEPHANOU.pdf\" target=\"_self\" data-hover-background-color='#000000' data-hover-border-color='#000000' data-hover-color='#ffffff' class=\"qbutton  left default\" style=\"color: #000000; border-color: #000000; margin: 15px 0px 0px 0px; background-color: #ffffff;\">Download full text<span aria-hidden=\"true\" class=\"qode_icon_font_elegant arrow_down qode_button_icon_element\" style=\"\" ><\/span><\/a>[vc_separator type=&#8221;normal&#8221; up=&#8221;30&#8243; down=&#8221;30&#8243; thickness=&#8221;2&#8243;][\/vc_column][\/vc_row][vc_row css_animation=&#8221;&#8221; row_type=&#8221;row&#8221; use_row_as_full_screen_section=&#8221;no&#8221; type=&#8221;full_width&#8221; angled_section=&#8221;no&#8221; text_align=&#8221;left&#8221; background_image_as_pattern=&#8221;without_pattern&#8221;][vc_column][vc_column_text]<strong>2004<\/strong><\/p>\n<div>\n<p>10\/2004<br \/>\nC.A. Stephanou,\u00a0<i>Fiscal Policy Coordination in the Light of EU Enlargment<\/i><\/p>\n<\/div>\n<p>[\/vc_column_text]<a  itemprop=\"url\" href=\"https:\/\/www.ause.eu\/wp-content\/uploads\/2023\/12\/2004_10_2004_CA_STEPHANOU.pdf\" target=\"_self\" data-hover-background-color='#000000' data-hover-border-color='#000000' data-hover-color='#ffffff' class=\"qbutton  left default\" style=\"color: #000000; border-color: #000000; margin: 15px 0px 0px 0px; background-color: #ffffff;\">Download full text<span aria-hidden=\"true\" class=\"qode_icon_font_elegant arrow_down qode_button_icon_element\" style=\"\" ><\/span><\/a>[vc_separator type=&#8221;normal&#8221; up=&#8221;30&#8243; down=&#8221;30&#8243; thickness=&#8221;2&#8243;][\/vc_column][\/vc_row][vc_row css_animation=&#8221;&#8221; row_type=&#8221;row&#8221; use_row_as_full_screen_section=&#8221;no&#8221; type=&#8221;full_width&#8221; angled_section=&#8221;no&#8221; text_align=&#8221;left&#8221; background_image_as_pattern=&#8221;without_pattern&#8221;][vc_column][vc_column_text]<strong>2004<\/strong><\/p>\n<div>\n<p>09\/2004<br \/>\nA. Majocchi,\u00a0<i>The Economic Integration of the Central and Eastern European Countries: The Role of the Small and Medium Enterpries<\/i><\/p>\n<\/div>\n<p>[\/vc_column_text]<a  itemprop=\"url\" href=\"https:\/\/www.ause.eu\/wp-content\/uploads\/2023\/12\/2004_9_2004_A_MAJOCCHI.pdf\" target=\"_self\" data-hover-background-color='#000000' data-hover-border-color='#000000' data-hover-color='#ffffff' class=\"qbutton  left default\" style=\"color: #000000; border-color: #000000; margin: 15px 0px 0px 0px; background-color: #ffffff;\">Download full text<span aria-hidden=\"true\" class=\"qode_icon_font_elegant arrow_down qode_button_icon_element\" style=\"\" ><\/span><\/a>[vc_separator type=&#8221;normal&#8221; up=&#8221;30&#8243; down=&#8221;30&#8243; thickness=&#8221;2&#8243;][\/vc_column][\/vc_row][vc_row css_animation=&#8221;&#8221; row_type=&#8221;row&#8221; use_row_as_full_screen_section=&#8221;no&#8221; type=&#8221;full_width&#8221; angled_section=&#8221;no&#8221; text_align=&#8221;left&#8221; background_image_as_pattern=&#8221;without_pattern&#8221;][vc_column][vc_column_text]<strong>2004<\/strong><\/p>\n<div>\n<p>08\/2004<br \/>\nD. Secchi,\u00a0<i>Corporate Social Responsability in Europe: Analyzing Business in Transnational Contexts<\/i><\/p>\n<\/div>\n<p>[\/vc_column_text]<a  itemprop=\"url\" href=\"https:\/\/www.ause.eu\/wp-content\/uploads\/2023\/12\/2004_8_2004_D_SECCHI.pdf\" target=\"_self\" data-hover-background-color='#000000' data-hover-border-color='#000000' data-hover-color='#ffffff' class=\"qbutton  left default\" style=\"color: #000000; border-color: #000000; margin: 15px 0px 0px 0px; background-color: #ffffff;\">Download full text<span aria-hidden=\"true\" class=\"qode_icon_font_elegant arrow_down qode_button_icon_element\" style=\"\" ><\/span><\/a>[vc_separator type=&#8221;normal&#8221; up=&#8221;30&#8243; down=&#8221;30&#8243; thickness=&#8221;2&#8243;][\/vc_column][\/vc_row][vc_row css_animation=&#8221;&#8221; row_type=&#8221;row&#8221; use_row_as_full_screen_section=&#8221;no&#8221; type=&#8221;full_width&#8221; angled_section=&#8221;no&#8221; text_align=&#8221;left&#8221; background_image_as_pattern=&#8221;without_pattern&#8221;][vc_column][vc_column_text]<strong>2004<\/strong><\/p>\n<div>\n<p>07\/2004<br \/>\nA. Majocchi, J. Soukup,\u00a0<i>Italian Direct Investment in the Czech Republic<\/i><\/p>\n<\/div>\n<p>[\/vc_column_text]<a  itemprop=\"url\" href=\"https:\/\/www.ause.eu\/wp-content\/uploads\/2023\/12\/2004_7_2004_A_MAJOCCHI_J_SOUKUP.pdf\" target=\"_self\" data-hover-background-color='#000000' data-hover-border-color='#000000' data-hover-color='#ffffff' class=\"qbutton  left default\" style=\"color: #000000; border-color: #000000; margin: 15px 0px 0px 0px; background-color: #ffffff;\">Download full text<span aria-hidden=\"true\" class=\"qode_icon_font_elegant arrow_down qode_button_icon_element\" style=\"\" ><\/span><\/a>[vc_separator type=&#8221;normal&#8221; up=&#8221;30&#8243; down=&#8221;30&#8243; thickness=&#8221;2&#8243;][\/vc_column][\/vc_row][vc_row css_animation=&#8221;&#8221; row_type=&#8221;row&#8221; use_row_as_full_screen_section=&#8221;no&#8221; type=&#8221;full_width&#8221; angled_section=&#8221;no&#8221; text_align=&#8221;left&#8221; background_image_as_pattern=&#8221;without_pattern&#8221;][vc_column][vc_column_text]<strong>2004<\/strong><\/p>\n<div>\n<p>06\/2004<br \/>\nA. Kengyel,<i>\u00a0The Commission&#8217;s Budgetary Proposal for 2007-2013 and the Spcial Interests of the New Members<\/i><\/p>\n<\/div>\n<p>[\/vc_column_text]<a  itemprop=\"url\" href=\"https:\/\/www.ause.eu\/wp-content\/uploads\/2023\/12\/2004_6_2004_A_KENGYEL.pdf\" target=\"_self\" data-hover-background-color='#000000' data-hover-border-color='#000000' data-hover-color='#ffffff' class=\"qbutton  left default\" style=\"color: #000000; border-color: #000000; margin: 15px 0px 0px 0px; background-color: #ffffff;\">Download full text<span aria-hidden=\"true\" class=\"qode_icon_font_elegant arrow_down qode_button_icon_element\" style=\"\" ><\/span><\/a>[vc_separator type=&#8221;normal&#8221; up=&#8221;30&#8243; down=&#8221;30&#8243; thickness=&#8221;2&#8243;][\/vc_column][\/vc_row][vc_row css_animation=&#8221;&#8221; row_type=&#8221;row&#8221; use_row_as_full_screen_section=&#8221;no&#8221; type=&#8221;full_width&#8221; angled_section=&#8221;no&#8221; text_align=&#8221;left&#8221; background_image_as_pattern=&#8221;without_pattern&#8221;][vc_column][vc_column_text]<strong>2004<\/strong><\/p>\n<div>\n<p>05\/2004<br \/>\nD. Secchi,\u00a0<i>Poland and the European Union. Key Facts and Commentary<\/i><\/p>\n<\/div>\n<p>[\/vc_column_text]<a  itemprop=\"url\" href=\"https:\/\/www.ause.eu\/wp-content\/uploads\/2023\/12\/2004_5_2004_D_SECCHI.pdf\" target=\"_self\" data-hover-background-color='#000000' data-hover-border-color='#000000' data-hover-color='#ffffff' class=\"qbutton  left default\" style=\"color: #000000; border-color: #000000; margin: 15px 0px 0px 0px; background-color: #ffffff;\">Download full text<span aria-hidden=\"true\" class=\"qode_icon_font_elegant arrow_down qode_button_icon_element\" style=\"\" ><\/span><\/a>[vc_separator type=&#8221;normal&#8221; up=&#8221;30&#8243; down=&#8221;30&#8243; thickness=&#8221;2&#8243;][\/vc_column][\/vc_row][vc_row css_animation=&#8221;&#8221; row_type=&#8221;row&#8221; use_row_as_full_screen_section=&#8221;no&#8221; type=&#8221;full_width&#8221; angled_section=&#8221;no&#8221; text_align=&#8221;left&#8221; background_image_as_pattern=&#8221;without_pattern&#8221;][vc_column][vc_column_text]<strong>2004<\/strong><\/p>\n<div>\n<p>04\/2004<br \/>\nL. Piccardo,\u00a0<i>I progetti europei dell&#8217;URSS nella seconda guerra mondiale (1941-1944)<\/i><\/p>\n<\/div>\n<p>[\/vc_column_text]<a  itemprop=\"url\" href=\"https:\/\/www.ause.eu\/wp-content\/uploads\/2023\/12\/2004_4_2004_L_PICCARDO.pdf\" target=\"_self\" data-hover-background-color='#000000' data-hover-border-color='#000000' data-hover-color='#ffffff' class=\"qbutton  left default\" style=\"color: #000000; border-color: #000000; margin: 15px 0px 0px 0px; background-color: #ffffff;\">Download full text<span aria-hidden=\"true\" class=\"qode_icon_font_elegant arrow_down qode_button_icon_element\" style=\"\" ><\/span><\/a>[vc_separator type=&#8221;normal&#8221; up=&#8221;30&#8243; down=&#8221;30&#8243; thickness=&#8221;2&#8243;][\/vc_column][\/vc_row][vc_row css_animation=&#8221;&#8221; row_type=&#8221;row&#8221; use_row_as_full_screen_section=&#8221;no&#8221; type=&#8221;full_width&#8221; angled_section=&#8221;no&#8221; text_align=&#8221;left&#8221; background_image_as_pattern=&#8221;without_pattern&#8221;][vc_column][vc_column_text]<strong>2004<\/strong><\/p>\n<div>\n<p>03\/2004<br \/>\nM. Bat\u00f2,\u00a0<i>Relazioni bilaterali e competitivit\u00e0 <\/i><i>nell&#8217;Unione Europea<\/i><\/p>\n<\/div>\n<p>[\/vc_column_text]<a  itemprop=\"url\" href=\"https:\/\/www.ause.eu\/wp-content\/uploads\/2023\/12\/2004_3_2004_M_BATO.pdf\" target=\"_self\" data-hover-background-color='#000000' data-hover-border-color='#000000' data-hover-color='#ffffff' class=\"qbutton  left default\" style=\"color: #000000; border-color: #000000; margin: 15px 0px 0px 0px; background-color: #ffffff;\">Download full text<span aria-hidden=\"true\" class=\"qode_icon_font_elegant arrow_down qode_button_icon_element\" style=\"\" ><\/span><\/a>[vc_separator type=&#8221;normal&#8221; up=&#8221;30&#8243; down=&#8221;30&#8243; thickness=&#8221;2&#8243;][\/vc_column][\/vc_row][vc_row css_animation=&#8221;&#8221; row_type=&#8221;row&#8221; use_row_as_full_screen_section=&#8221;no&#8221; type=&#8221;full_width&#8221; angled_section=&#8221;no&#8221; text_align=&#8221;left&#8221; background_image_as_pattern=&#8221;without_pattern&#8221;][vc_column][vc_column_text]<strong>2004<\/strong><\/p>\n<div>\n<p>2\/2004<br \/>\nJ. Gergely<\/p>\n<p><i>Investment Promotion in Hungary in the Light of Eu-Accession<\/i><\/p>\n<\/div>\n<p>[\/vc_column_text]<a  itemprop=\"url\" href=\"https:\/\/www.ause.eu\/wp-content\/uploads\/2023\/12\/2004_3_2004_M_BATO.pdf\" target=\"_self\" data-hover-background-color='#000000' data-hover-border-color='#000000' data-hover-color='#ffffff' class=\"qbutton  left default\" style=\"color: #000000; border-color: #000000; margin: 15px 0px 0px 0px; background-color: #ffffff;\">Download full text<span aria-hidden=\"true\" class=\"qode_icon_font_elegant arrow_down qode_button_icon_element\" style=\"\" ><\/span><\/a>[vc_separator type=&#8221;normal&#8221; up=&#8221;30&#8243; down=&#8221;30&#8243; thickness=&#8221;2&#8243;][\/vc_column][\/vc_row][vc_row css_animation=&#8221;&#8221; row_type=&#8221;row&#8221; use_row_as_full_screen_section=&#8221;no&#8221; type=&#8221;full_width&#8221; angled_section=&#8221;no&#8221; text_align=&#8221;left&#8221; background_image_as_pattern=&#8221;without_pattern&#8221;][vc_column][vc_column_text]<strong>2004<\/strong><\/p>\n<div>\n<p>1\/2004<br \/>\nT. Palankai<\/p>\n<p><i>EMU and the CEE<\/i><\/p>\n<\/div>\n<p>[\/vc_column_text]<a  itemprop=\"url\" href=\"https:\/\/www.ause.eu\/wp-content\/uploads\/2023\/12\/2004_1_2004_T_PALANKAI.pdf\" target=\"_self\" data-hover-background-color='#000000' data-hover-border-color='#000000' data-hover-color='#ffffff' class=\"qbutton  left default\" style=\"color: #000000; border-color: #000000; margin: 15px 0px 0px 0px; background-color: #ffffff;\">Download full text<span aria-hidden=\"true\" class=\"qode_icon_font_elegant arrow_down qode_button_icon_element\" style=\"\" ><\/span><\/a>[vc_separator type=&#8221;normal&#8221; up=&#8221;30&#8243; down=&#8221;30&#8243; thickness=&#8221;2&#8243;][\/vc_column][\/vc_row][vc_row css_animation=&#8221;&#8221; row_type=&#8221;row&#8221; use_row_as_full_screen_section=&#8221;no&#8221; type=&#8221;full_width&#8221; angled_section=&#8221;no&#8221; text_align=&#8221;left&#8221; background_image_as_pattern=&#8221;without_pattern&#8221;][vc_column][vc_column_text]<strong>2003<\/strong><\/p>\n<div>\n<p>05\/2003<br \/>\nJ. Gergely,\u00a0<i>Trends in Foreign Direct Investment Incentives<\/i><\/p>\n<\/div>\n<p>[\/vc_column_text]<a  itemprop=\"url\" href=\"https:\/\/www.ause.eu\/wp-content\/uploads\/2023\/12\/2003_5_2003_J_GERGELY.pdf\" target=\"_self\" data-hover-background-color='#000000' data-hover-border-color='#000000' data-hover-color='#ffffff' class=\"qbutton  left default\" style=\"color: #000000; border-color: #000000; margin: 15px 0px 0px 0px; background-color: #ffffff;\">Download full text<span aria-hidden=\"true\" class=\"qode_icon_font_elegant arrow_down qode_button_icon_element\" style=\"\" ><\/span><\/a>[vc_separator type=&#8221;normal&#8221; up=&#8221;30&#8243; down=&#8221;30&#8243; thickness=&#8221;2&#8243;][\/vc_column][\/vc_row][vc_row css_animation=&#8221;&#8221; row_type=&#8221;row&#8221; use_row_as_full_screen_section=&#8221;no&#8221; type=&#8221;full_width&#8221; angled_section=&#8221;no&#8221; text_align=&#8221;left&#8221; background_image_as_pattern=&#8221;without_pattern&#8221;][vc_column][vc_column_text]<strong>2003<\/strong><\/p>\n<div>\n<p>04\/2003<br \/>\nA. Majocchi, J. Mojska,\u00a0<i>L&#8217;internazionalizzazione delle imprese italiane nella Repubblica Ceka e in quella Slovacca. I risultati di un&#8217;analisi empirica<\/i><\/p>\n<\/div>\n<p>[\/vc_column_text]<a  itemprop=\"url\" href=\"https:\/\/www.ause.eu\/wp-content\/uploads\/2023\/12\/2003_4_2003_A_MAJOCCHI_J_MOJSKA.pdf\" target=\"_self\" data-hover-background-color='#000000' data-hover-border-color='#000000' data-hover-color='#ffffff' class=\"qbutton  left default\" style=\"color: #000000; border-color: #000000; margin: 15px 0px 0px 0px; background-color: #ffffff;\">Download full text<span aria-hidden=\"true\" class=\"qode_icon_font_elegant arrow_down qode_button_icon_element\" style=\"\" ><\/span><\/a>[vc_separator type=&#8221;normal&#8221; up=&#8221;30&#8243; down=&#8221;30&#8243; thickness=&#8221;2&#8243;][\/vc_column][\/vc_row][vc_row css_animation=&#8221;&#8221; row_type=&#8221;row&#8221; use_row_as_full_screen_section=&#8221;no&#8221; type=&#8221;full_width&#8221; angled_section=&#8221;no&#8221; text_align=&#8221;left&#8221; background_image_as_pattern=&#8221;without_pattern&#8221;][vc_column][vc_column_text]<strong>2003<\/strong><\/p>\n<div>\n<p>03\/2003<br \/>\nT. Palankai,\u00a0<i>Determining Factors of Environment of FDIs in CEE<\/i><\/p>\n<\/div>\n<p>[\/vc_column_text]<a  itemprop=\"url\" href=\"https:\/\/www.ause.eu\/wp-content\/uploads\/2023\/12\/2003_3_2003_T_PALANKAI.pdf\" target=\"_self\" data-hover-background-color='#000000' data-hover-border-color='#000000' data-hover-color='#ffffff' class=\"qbutton  left default\" style=\"color: #000000; border-color: #000000; margin: 15px 0px 0px 0px; background-color: #ffffff;\">Download full text<span aria-hidden=\"true\" class=\"qode_icon_font_elegant arrow_down qode_button_icon_element\" style=\"\" ><\/span><\/a>[vc_separator type=&#8221;normal&#8221; up=&#8221;30&#8243; down=&#8221;30&#8243; thickness=&#8221;2&#8243;][\/vc_column][\/vc_row][vc_row css_animation=&#8221;&#8221; row_type=&#8221;row&#8221; use_row_as_full_screen_section=&#8221;no&#8221; type=&#8221;full_width&#8221; angled_section=&#8221;no&#8221; text_align=&#8221;left&#8221; background_image_as_pattern=&#8221;without_pattern&#8221;][vc_column][vc_column_text]<strong>2003<\/strong><\/p>\n<div>\n<p>02\/2003<br \/>\nF. Praussello,\u00a0<i>How Enlargement Will Change the EU Economy<\/i><\/p>\n<\/div>\n<p>[\/vc_column_text]<a  itemprop=\"url\" href=\"https:\/\/www.ause.eu\/wp-content\/uploads\/2023\/12\/2003_2_2003_F_PRAUSSELLO.pdf\" target=\"_self\" data-hover-background-color='#000000' data-hover-border-color='#000000' data-hover-color='#ffffff' class=\"qbutton  left default\" style=\"color: #000000; border-color: #000000; margin: 15px 0px 0px 0px; background-color: #ffffff;\">Download full text<span aria-hidden=\"true\" class=\"qode_icon_font_elegant arrow_down qode_button_icon_element\" style=\"\" ><\/span><\/a>[vc_separator type=&#8221;normal&#8221; up=&#8221;30&#8243; down=&#8221;30&#8243; thickness=&#8221;2&#8243;][\/vc_column][\/vc_row][vc_row css_animation=&#8221;&#8221; row_type=&#8221;row&#8221; use_row_as_full_screen_section=&#8221;no&#8221; type=&#8221;full_width&#8221; angled_section=&#8221;no&#8221; text_align=&#8221;left&#8221; background_image_as_pattern=&#8221;without_pattern&#8221;][vc_column][vc_column_text]<strong>2003<\/strong><\/p>\n<div>\n<p>01\/2003<br \/>\nC.A. Stephanou,\u00a0<i>Regulatory Convergence in the Wider Europe Region: Goals and Means<\/i><\/p>\n<\/div>\n<p>[\/vc_column_text]<a  itemprop=\"url\" href=\"https:\/\/www.ause.eu\/wp-content\/uploads\/2023\/12\/2003_1_2003_CA_STEPHANOU.pdf\" target=\"_self\" data-hover-background-color='#000000' data-hover-border-color='#000000' data-hover-color='#ffffff' class=\"qbutton  left default\" style=\"color: #000000; border-color: #000000; margin: 15px 0px 0px 0px; background-color: #ffffff;\">Download full text<span aria-hidden=\"true\" class=\"qode_icon_font_elegant arrow_down qode_button_icon_element\" style=\"\" ><\/span><\/a>[vc_separator type=&#8221;normal&#8221; up=&#8221;30&#8243; down=&#8221;30&#8243; thickness=&#8221;2&#8243;][\/vc_column][\/vc_row][vc_row css_animation=&#8221;&#8221; row_type=&#8221;row&#8221; use_row_as_full_screen_section=&#8221;no&#8221; type=&#8221;full_width&#8221; angled_section=&#8221;no&#8221; text_align=&#8221;left&#8221; background_image_as_pattern=&#8221;without_pattern&#8221;][vc_column][vc_single_image image=&#8221;16614&#8243; img_size=&#8221;full&#8221; alignment=&#8221;center&#8221; qode_css_animation=&#8221;&#8221;][\/vc_column][\/vc_row]<\/p>\n<\/div>","protected":false},"excerpt":{"rendered":"<p>[vc_row css_animation=&#8221;&#8221; row_type=&#8221;row&#8221; use_row_as_full_screen_section=&#8221;no&#8221; type=&#8221;full_width&#8221; angled_section=&#8221;no&#8221; text_align=&#8221;left&#8221; background_image_as_pattern=&#8221;without_pattern&#8221;][vc_column][vc_single_image image=&#8221;16614&#8243; img_size=&#8221;full&#8221; alignment=&#8221;right&#8221; qode_css_animation=&#8221;&#8221;][vc_separator type=&#8221;normal&#8221; down=&#8221;30&#8243; thickness=&#8221;2&#8243;][\/vc_column][\/vc_row][vc_row css_animation=&#8221;&#8221; row_type=&#8221;row&#8221; use_row_as_full_screen_section=&#8221;no&#8221; type=&#8221;full_width&#8221; angled_section=&#8221;no&#8221; text_align=&#8221;left&#8221; background_image_as_pattern=&#8221;without_pattern&#8221;][vc_column][vc_column_text]2024 1\/2024 A. Bernardelli Navigating sustainability ESG ratings and the role of regulation in the European Union\u00a0 [\/vc_column_text][vc_separator type=&#8221;normal&#8221; up=&#8221;30&#8243; down=&#8221;30&#8243; thickness=&#8221;2&#8243;][\/vc_column][\/vc_row][vc_row css_animation=&#8221;&#8221; row_type=&#8221;row&#8221;&#8230;<\/p>\n","protected":false},"author":15,"featured_media":0,"parent":0,"menu_order":0,"comment_status":"closed","ping_status":"closed","template":"","meta":{"footnotes":""},"class_list":["post-15530","page","type-page","status-publish","hentry"],"_links":{"self":[{"href":"https:\/\/www.ause.eu\/en\/wp-json\/wp\/v2\/pages\/15530","targetHints":{"allow":["GET"]}}],"collection":[{"href":"https:\/\/www.ause.eu\/en\/wp-json\/wp\/v2\/pages"}],"about":[{"href":"https:\/\/www.ause.eu\/en\/wp-json\/wp\/v2\/types\/page"}],"author":[{"embeddable":true,"href":"https:\/\/www.ause.eu\/en\/wp-json\/wp\/v2\/users\/15"}],"replies":[{"embeddable":true,"href":"https:\/\/www.ause.eu\/en\/wp-json\/wp\/v2\/comments?post=15530"}],"version-history":[{"count":17,"href":"https:\/\/www.ause.eu\/en\/wp-json\/wp\/v2\/pages\/15530\/revisions"}],"predecessor-version":[{"id":16728,"href":"https:\/\/www.ause.eu\/en\/wp-json\/wp\/v2\/pages\/15530\/revisions\/16728"}],"wp:attachment":[{"href":"https:\/\/www.ause.eu\/en\/wp-json\/wp\/v2\/media?parent=15530"}],"curies":[{"name":"wp","href":"https:\/\/api.w.org\/{rel}","templated":true}]}}