{"id":15544,"date":"2023-08-29T08:05:53","date_gmt":"2023-08-29T08:05:53","guid":{"rendered":"https:\/\/www.ause.eu\/?page_id=15544"},"modified":"2024-11-08T12:42:50","modified_gmt":"2024-11-08T12:42:50","slug":"virtual-library-of-european-studies","status":"publish","type":"page","link":"https:\/\/www.ause.eu\/en\/virtual-library-of-european-studies\/","title":{"rendered":"Virtual Library of European Studies"},"content":{"rendered":"<div class=\"wpb-content-wrapper\"><p>[vc_row css_animation=&#8221;&#8221; row_type=&#8221;row&#8221; use_row_as_full_screen_section=&#8221;no&#8221; type=&#8221;full_width&#8221; angled_section=&#8221;no&#8221; text_align=&#8221;left&#8221; background_image_as_pattern=&#8221;without_pattern&#8221;][vc_column][vc_separator type=&#8221;normal&#8221; thickness=&#8221;2&#8243; down=&#8221;30&#8243;][vc_column_text]<\/p>\n<div>This section is dedicated to the publication and dissemination, in digital format, of texts, documents and research on European integration.<\/div>\n<div>\n<div>The first volumes offered to readers, in digital format, are the books produced by AUSE in the first 20 years of the Association&#8217;s Series and published by Cacucci Editore, Bari.<\/div>\n<div>The project is realized with the support of the European Commission, ERASMUS+ program, European Education and Culture Executive Agency EACEA.<\/div>\n<\/div>\n<p>[\/vc_column_text][vc_separator type=&#8221;normal&#8221; thickness=&#8221;2&#8243; down=&#8221;30&#8243; up=&#8221;30&#8243;][vc_single_image image=&#8221;16614&#8243; img_size=&#8221;full&#8221; alignment=&#8221;center&#8221; qode_css_animation=&#8221;&#8221;][\/vc_column][\/vc_row][vc_row css_animation=&#8221;&#8221; row_type=&#8221;row&#8221; use_row_as_full_screen_section=&#8221;no&#8221; type=&#8221;full_width&#8221; angled_section=&#8221;no&#8221; text_align=&#8221;left&#8221; background_image_as_pattern=&#8221;without_pattern&#8221;][vc_column][vc_column_text]<\/p>\n<div dir=\"auto\">\n<div>\n<p><strong>1993<\/strong><\/p>\n<p><strong>Antonio Papisca, Dario Velo (a cura di), I rapporti verso l&#8217;esterno della Comunit\u00e0 dopo il 1992<\/strong><\/p>\n<\/div>\n<div>Introduzione<\/div>\n<div>ANTONIO PAPISCA e DARIO VELO<\/div>\n<div><\/div>\n<p>&nbsp;<\/p>\n<h6>Parte prima: la Comunit\u00e0 Europea nel sistema dell\u2019interdipendenza mondiale<\/h6>\n<div><\/div>\n<p>&nbsp;<\/p>\n<div>I rapporti verso l\u2019esterno della Comunit\u00e0 dopo il 1992: l\u2019identit\u00e0 dell\u2019Unione Europea nella prospettiva di un nuovo ordine internazionale democratico<\/div>\n<div>ANTONIO PAPISCA<\/div>\n<p>&nbsp;<\/p>\n<div>Gli effetti dell\u2019allargamento della CEE sui Paesi ACP: una valutazione critica della Convenzione di Lom\u00e8<\/div>\n<div>SERGIO ALESSANDRINI<\/div>\n<p>&nbsp;<\/p>\n<div>La regionalizzazione degli scambi internazionali: una sfida per l\u2019Europa<\/div>\n<div>GIULIO QUERINI<\/div>\n<p>&nbsp;<\/p>\n<div>In tema di cooperazione allo sviluppo, autodeterminazione dei popoli e diritti dell\u2019uomo<\/div>\n<div>UGO VILLANI<\/div>\n<p>&nbsp;<\/p>\n<div>Un nuovo policy-making per le relazioni politiche esterne della Comunit\u00e0 Europea<\/div>\n<div>FRANCESCA LONGO<\/div>\n<p>&nbsp;<\/p>\n<div>La Comunit\u00e0 Economica Europea e la IV Convenzione di Lom\u00e8: evoluzione e prospettive<\/div>\n<div>ANNA BEDESCHI MAGRINI<\/div>\n<p>&nbsp;<\/p>\n<div>La cooperazione fra la CEE e l\u2019America Latina<\/div>\n<div>FRANCO PRAUSSELLO<\/div>\n<p>&nbsp;<\/p>\n<div>La riunione di Guadalajara fissa le basi del processo di integrazione ibero americano in vista del terzo millennio<\/div>\n<div>MARIO PEREIRA NETO<\/div>\n<p>&nbsp;<\/p>\n<div>CEE e Santa Sede: le relazioni della Comunit\u00e0 con un \u201csoggetto religioso\u201d<\/div>\n<div>GIAN PIETRO CALIARI<\/div>\n<p>&nbsp;<\/p>\n<div>La dimensione internazionale della politica ambientale comunitaria<\/div>\n<div>MARCO BOSCO<\/div>\n<p>&nbsp;<\/p>\n<h6>Parte seconda: la Comunit\u00e0 Europea e la sfida della dimensione europea<\/h6>\n<p>La sfida della dimensione europea<br \/>\nCARLO SECCHI<\/p>\n<p>\u201cMovimento Istituzionale\u201d e futuro della politica europea<br \/>\nFULVIO ATTIN\u00c0<\/p>\n<div dir=\"auto\">Relazioni esterne della Comunit\u00e0 nella Triade: \u201ctrade off\u201d fra cooperazione e contrapposizione. Una applicazione della teoria dei giochi<\/div>\n<div dir=\"auto\">FRANCO BOSELLO<\/div>\n<p>&nbsp;<\/p>\n<div dir=\"auto\">Politica commerciale come strumento di politica industriale nella CEE<\/div>\n<div dir=\"auto\">GABRIELE ORCALLI<\/div>\n<p>&nbsp;<\/p>\n<div dir=\"auto\">Il sistema delle preferenze generalizzate nelle politiche commerciali della Comunit\u00e0 Europea<\/div>\n<div dir=\"auto\">PIETRO F. DE LOTTO<\/div>\n<p>&nbsp;<\/p>\n<div dir=\"auto\">I rapporti della CEE con i Paesi dell\u2019Europa Centro-orientale: opportunit\u00e0 e sfide degli anni \u201990<\/div>\n<div dir=\"auto\">CARLO FRATESCHI<\/div>\n<p>&nbsp;<\/p>\n<p>Gli atteggiamenti verso la Comunit\u00e0 Europea nell\u2019opinione pubblica dei Paesi dellEFTA, in Turchia e nell\u2019Est Europeo<br \/>\nMARIA A. CONFALONIERI<\/p>\n<h6>Parte terza: la Comunit\u00e0 Europea e la sfida della sicurezza<\/h6>\n<p>&nbsp;<\/p>\n<div><\/div>\n<div dir=\"auto\">\n<div>La politica di sicurezza dell\u2019Unione Europea<\/div>\n<div>SERGIO PISTONE<\/div>\n<p>&nbsp;<\/p>\n<div>Il modello di difesa italiano nel quadro della sicurezza e della stabilit\u00e0 internazionale<\/div>\n<div>PAOLO FORESTI<\/div>\n<p>&nbsp;<\/p>\n<div>La Comunit\u00e0 Europea e la sfida della sicurezza<\/div>\n<div>RAIMONDO CAGIANO DE AZEVEDO<\/div>\n<p>&nbsp;<\/p>\n<div>La \u201cpolitica estera\u201d del Consiglio Europeo<\/div>\n<div>GIOVANNI DOGNINI<\/div>\n<\/div>\n<\/div>\n<p>[\/vc_column_text]<a  itemprop=\"url\" href=\"https:\/\/www.ause.eu\/public\/medias\/1993_Rapporti_esterno.pdf\" target=\"_blank\" data-hover-background-color='#000000' data-hover-border-color='#000000' data-hover-color='#ffffff' class=\"qbutton  default\" style=\"color: #000000; border-color: #000000; margin: 15px 0px 0px 0px; background-color: #ffffff;\">Consulta il volume<span aria-hidden=\"true\" class=\"qode_icon_font_elegant arrow_down qode_button_icon_element\" style=\"\" ><\/span><\/a>[vc_separator type=&#8221;normal&#8221; thickness=&#8221;2&#8243; up=&#8221;30&#8243; down=&#8221;30&#8243;][\/vc_column][\/vc_row][vc_row css_animation=&#8221;&#8221; row_type=&#8221;row&#8221; use_row_as_full_screen_section=&#8221;no&#8221; type=&#8221;full_width&#8221; angled_section=&#8221;no&#8221; text_align=&#8221;left&#8221; background_image_as_pattern=&#8221;without_pattern&#8221;][vc_column][vc_column_text]<\/p>\n<div dir=\"auto\">\n<p><b>1994<\/b><\/p>\n<p><b>Fulvio Attin\u00e0, Dario Velo (a cura di),\u00a0Dalla Comunit\u00e0 all&#8217;Unione Europea<\/b><\/p>\n<p>&nbsp;<\/p>\n<p>Introduzione<\/p>\n<p>FULVIO ATTINA\u2019 e DARIO VELO<\/p>\n<p>Il principio di sussidiariet\u00e0: spunti per un\u2019analisi<\/p>\n<p>DOMENICO RICCIOLI<\/p>\n<p>La cittadinanza europea<\/p>\n<p>JEAN-CLAUDE GAUTRON<\/p>\n<p>Democrazia, elezioni e partiti nell\u2019Unione Europea<\/p>\n<p>FULVIO ATTINA\u2019<\/p>\n<p>L\u2019adozione di atti comunitari con la procedura di \u201ccodecisione\u201d<\/p>\n<p>UGO VILLANI<\/p>\n<p>Quale procedura per la revisione delle istituzioni comunitarie?<\/p>\n<p>SERGIO PISTONE<\/p>\n<p>La nuova politica sociale<\/p>\n<p>BRIAN BERCUSSON<\/p>\n<p>Processi reali e processi mentali nella costruzione dell\u2019Europa sociale: il caso della contrattazione collettiva<\/p>\n<p>BRUNO CARUSO<\/p>\n<p>Imprese e mercato nella politica ambientale europea<\/p>\n<p>GIULIO QUERINI<\/p>\n<p>Politica monetaria e unificazione politica<\/p>\n<p>CARLO SECCHI<\/p>\n<p>Il Parlamento Europeo e l\u2019attuazione progressiva dell\u2019Unione<\/p>\n<p>GIAN PIERO ORSELLO<\/p>\n<p>I cittadini e lo sviluppo politico dell\u2019Unione<\/p>\n<p>STEFANIA PANEBIANCO<\/p>\n<p>L\u2019emergenza di uno spazio pubblico europeo<\/p>\n<p>CONSTANTINE STEPHANOU<\/p>\n<p>Politica estera comune e politiche estere nazionali: il caso spagnolo<\/p>\n<p>ESTHER BARBE&#8217;<\/p>\n<\/div>\n<p>[\/vc_column_text]<a  itemprop=\"url\" href=\"https:\/\/www.ause.eu\/wp-content\/uploads\/2023\/12\/1994_Comunita_UE.pdf\" target=\"_blank\" data-hover-background-color='#000000' data-hover-border-color='#000000' data-hover-color='#ffffff' class=\"qbutton  default\" style=\"color: #000000; border-color: #000000; margin: 15px 0px 0px 0px; background-color: #ffffff;\">Consulta il volume<span aria-hidden=\"true\" class=\"qode_icon_font_elegant arrow_down qode_button_icon_element\" style=\"\" ><\/span><\/a>[vc_separator type=&#8221;normal&#8221; thickness=&#8221;2&#8243; up=&#8221;30&#8243; down=&#8221;30&#8243;][\/vc_column][\/vc_row][vc_row css_animation=&#8221;&#8221; row_type=&#8221;row&#8221; use_row_as_full_screen_section=&#8221;no&#8221; type=&#8221;full_width&#8221; angled_section=&#8221;no&#8221; text_align=&#8221;left&#8221; background_image_as_pattern=&#8221;without_pattern&#8221;][vc_column][vc_column_text]<\/p>\n<div dir=\"auto\">\n<p><b>1994<\/b><\/p>\n<p><b>Amedeo\u00a0Amato, Franco Praussello (a cura di), L&#8217;Unione europea di fronte alle\u00a0sfide dell&#8217;allargamento<\/b><\/p>\n<p>&nbsp;<\/p>\n<p>Presentazione<\/p>\n<p>AMEDEO AMATO e FRANCO PRAUSSELLO<\/p>\n<p>Introduzione<\/p>\n<p>LORENZO CASELLI<\/p>\n<p>&nbsp;<\/p>\n<p>Parte prima: le sfide dell\u2019allargamento<\/p>\n<p>&nbsp;<\/p>\n<p>L\u2019allargamento e il futuro dell\u2019Europa<\/p>\n<p>CARLO SECCHI<\/p>\n<p>Le prospettive di mondializzazione e l\u2019uso controllato del protezionismo come strumento di integrazione<\/p>\n<p>DARIO VELO<\/p>\n<p>&nbsp;<\/p>\n<p>Parte seconda: le sfide politico-istituzionali<\/p>\n<p>&nbsp;<\/p>\n<p>Allargamento dell\u2019Unione europea e revisione istituzionale<\/p>\n<p>ENNIO TRIGGIANI<\/p>\n<p>Cons\u00e9quences politiques et institutionnelles del\u2019\u00e9largissement de la CE<\/p>\n<p>CONSTANTIN STEPHANOU<\/p>\n<p>Le prospettive costituzionali della Comunit\u00e0 alla luce dell\u2019allargamento<\/p>\n<p>ANTONIO PADOA SCHIOPPA<\/p>\n<p>L\u2019adesione dei nuovi paesi e l\u2019evoluzione istituzionale della Comunit\u00e0<\/p>\n<p>MARINA MANFREDI<\/p>\n<p>Le condizioni politiche e istituzionali della Unione europea<\/p>\n<p>CARLO ERNESTO MERIANO<\/p>\n<p>L\u2019adesione di Stati neutralizzati alle Comunit\u00e0 europee<\/p>\n<p>UGO VILLANI<\/p>\n<p>L\u2019ampliamento della Comunit\u00e0 nell\u2019esperienza della politica estera italiana<\/p>\n<p>GIUSEPPE MARCHINI CAMIA<\/p>\n<p>La posizione dell\u2019Austria<\/p>\n<p>WALTER HAGG<\/p>\n<p>La Svizzera e l\u2019accordo sullo Spazio economico europeo<\/p>\n<p>ALESSANDRA LANG<\/p>\n<p>&nbsp;<\/p>\n<p>Parte terza: le sfide economiche<\/p>\n<p>&nbsp;<\/p>\n<p>Oltre l\u2019Europa di Maastricht<\/p>\n<p>ALBERTO QUADRIO CURZIO<\/p>\n<p>Scandinavia: on the way to the European Community<\/p>\n<p>HANS-JOACHIM HAILER<\/p>\n<p>Debito estero delle economie in transizione: \u00e8 auspicabile una azione dell\u2019Europa comunitaria?<\/p>\n<p>OSCAR GARAVELLO<\/p>\n<p>Migrazioni endogene e flussi migratori ottimali tra l\u2019Unione europea e l\u2019Europa dell\u2019Est<\/p>\n<p>FRANCO PRAUSSELLO<\/p>\n<p>Servizi e strutture per l\u2019internazionalizzazione delle imprese italiane per lo sviluppo delle esportazioni<\/p>\n<p>PIETRO GENCO<\/p>\n<p>L\u2019ampliamento della Comunit\u00e0 e la revisione degli accordi di Maastricht<\/p>\n<p>SILVIO BERETTA<\/p>\n<\/div>\n<p>[\/vc_column_text]<a  itemprop=\"url\" href=\"https:\/\/www.ause.eu\/wp-content\/uploads\/2023\/12\/1994_UE_allargamento.pdf\" target=\"_blank\" data-hover-background-color='#000000' data-hover-border-color='#000000' data-hover-color='#ffffff' class=\"qbutton  default\" style=\"color: #000000; border-color: #000000; margin: 15px 0px 0px 0px; background-color: #ffffff;\">Consulta il volume<span aria-hidden=\"true\" class=\"qode_icon_font_elegant arrow_down qode_button_icon_element\" style=\"\" ><\/span><\/a>[vc_separator type=&#8221;normal&#8221; thickness=&#8221;2&#8243; up=&#8221;30&#8243; down=&#8221;30&#8243;][\/vc_column][\/vc_row][vc_row css_animation=&#8221;&#8221; row_type=&#8221;row&#8221; use_row_as_full_screen_section=&#8221;no&#8221; type=&#8221;full_width&#8221; angled_section=&#8221;no&#8221; text_align=&#8221;left&#8221; background_image_as_pattern=&#8221;without_pattern&#8221;][vc_column][vc_column_text]<\/p>\n<div dir=\"auto\">\n<p><b>1995<\/b><\/p>\n<p><b>Dario Velo (a cura di), L&#8217;autonomia della Banca Centrale. Verso una nuova\u00a0costituzione in Italia e in Europa<\/b><\/p>\n<p>&nbsp;<\/p>\n<p>Introduzione<\/p>\n<p>GIAN PIETRO FONTANA RAVA<\/p>\n<p>&nbsp;<\/p>\n<p>La riforma della Banque de France e le prospettive di riforma della Banca d\u2019Italia<\/p>\n<p>DARIO VELO<\/p>\n<p>L\u2019autonomia della Banca Centrale: riflessioni in prospettiva europea<\/p>\n<p>SILVIO BERETTA<\/p>\n<p>Una riforma costituzionale federale per mantenere l\u2019Italia in Europa<\/p>\n<p>GIANMARIA GALIMBERTI<\/p>\n<p>Modalit\u00e0 e tempi per l\u2019Unione Monetaria: gli interessi dell\u2019Italia<\/p>\n<p>FRANCO BRUNI<\/p>\n<p>Riflessioni sull\u2019autonomia delle Banche Centrali<\/p>\n<p>LUIGI GIUSSO<\/p>\n<p>L\u2019autonomia della Banca Centrale nel contesto internazionale<\/p>\n<p>ALFONSO JOZZO<\/p>\n<p>Verso un\u2019Unione Europea a pi\u00f9 velocit\u00e0?<\/p>\n<p>CARLO SECCHI<\/p>\n<p>Un Governo di garanzia europea per riportare l\u2019Italia in Europa<\/p>\n<p>GIORGIO LA MALFA<\/p>\n<p>L\u2019indipendenza della Banca di Francia<\/p>\n<p>CHARLES CORNUT<\/p>\n<p>La politica italiana di fronte all\u2019Unione Monetaria europea<\/p>\n<p>GIANCARLO MALVESTITO<\/p>\n<p>L\u2019Italia e l\u2019Unione Europea: gli aspetti costituzionali nazionali ed europei dell\u2019unificazione monetaria<\/p>\n<p>SERGIO PISTONE<\/p>\n<\/div>\n<p>[\/vc_column_text]<a  itemprop=\"url\" href=\"https:\/\/www.ause.eu\/wp-content\/uploads\/2023\/12\/1995_Autonomia_banca_centrale.pdf\" target=\"_blank\" data-hover-background-color='#000000' data-hover-border-color='#000000' data-hover-color='#ffffff' class=\"qbutton  default\" style=\"color: #000000; border-color: #000000; margin: 15px 0px 0px 0px; background-color: #ffffff;\">Consulta il volume<span aria-hidden=\"true\" class=\"qode_icon_font_elegant arrow_down qode_button_icon_element\" style=\"\" ><\/span><\/a>[vc_separator type=&#8221;normal&#8221; thickness=&#8221;2&#8243; up=&#8221;30&#8243; down=&#8221;30&#8243;][\/vc_column][\/vc_row][vc_row css_animation=&#8221;&#8221; row_type=&#8221;row&#8221; use_row_as_full_screen_section=&#8221;no&#8221; type=&#8221;full_width&#8221; angled_section=&#8221;no&#8221; text_align=&#8221;left&#8221; background_image_as_pattern=&#8221;without_pattern&#8221;][vc_column][vc_column_text]<\/p>\n<div dir=\"auto\">\n<p><b>1995<\/b><\/p>\n<p><b>Francesca Longo, La politica estera dell&#8217;Unione europea\u00a0tra interdipendenza e nazionalismo<\/b><\/p>\n<\/div>\n<p>[\/vc_column_text]<a  itemprop=\"url\" href=\"https:\/\/www.ause.eu\/wp-content\/uploads\/2023\/12\/1995_politica_estera.pdf\" target=\"_blank\" data-hover-background-color='#000000' data-hover-border-color='#000000' data-hover-color='#ffffff' class=\"qbutton  default\" style=\"color: #000000; border-color: #000000; margin: 15px 0px 0px 0px; background-color: #ffffff;\">Consulta il volume<span aria-hidden=\"true\" class=\"qode_icon_font_elegant arrow_down qode_button_icon_element\" style=\"\" ><\/span><\/a>[vc_separator type=&#8221;normal&#8221; thickness=&#8221;2&#8243; up=&#8221;30&#8243; down=&#8221;30&#8243;][\/vc_column][\/vc_row][vc_row css_animation=&#8221;&#8221; row_type=&#8221;row&#8221; use_row_as_full_screen_section=&#8221;no&#8221; type=&#8221;full_width&#8221; angled_section=&#8221;no&#8221; text_align=&#8221;left&#8221; background_image_as_pattern=&#8221;without_pattern&#8221;][vc_column][vc_column_text]<\/p>\n<div dir=\"auto\">\n<p><b>1996<\/b><\/p>\n<p><b>Dario Velo (a cura di), L&#8217;adesione dei Paesi dell&#8217;Est europeo all&#8217;Unione\u00a0europea: l&#8217;integrazione monetaria e finanziaria<\/b><\/p>\n<p>&nbsp;<\/p>\n<p>La convertibilit\u00e0 valutaria nei paesi dell\u2019Europa centro-orientale. Strategie a confronto negli anni di svolta (1990-1991)<\/p>\n<p>DARIO VELO e MARIA LUISA ESPOSITO<\/p>\n<p>L\u2019Unione Economica e Monetaria: l\u2019introduzione della moneta unica<\/p>\n<p>BERTRAND SORET<\/p>\n<p>Quale organizzazione monetaria in un\u2019Europa allargata a geometria variabile organizzata?<\/p>\n<p>PIERRE MAILLET<\/p>\n<p>Debito estero e trasferimenti netti di risorse: dai temuti pericoli a nuove opportunit\u00e0 nella pi\u00f9 recente esperienza dei paesi dell\u2019Est?<\/p>\n<p>OSCAR GARAVELLO<\/p>\n<p>L\u2019integrazione finanziaria dei paesi dell\u2019Europa orientale<\/p>\n<p>ENRICO COTTA RAMUSINO<\/p>\n<p>L\u2019allargamento dell\u2019UE verso Est: gli aspetti monetari e finanziari. Il caso ungherese<\/p>\n<p>TIBOR PALANKAI<\/p>\n<p>Il ruolo delle piccole e medie imprese nel processo di transizione<\/p>\n<p>SERGIO ARZENI<\/p>\n<p>Il processo di modernizzazione e il ruolo delle piccole imprese in Russia<\/p>\n<p>HANS PFLAUMER<\/p>\n<p>L\u2019adesione dei paesi dell\u2019Est europeo all\u2019Unione Europea: lo stato attuale dell\u2019integrazione<\/p>\n<p>ERNESTO PAOLILLO<\/p>\n<\/div>\n<p>[\/vc_column_text]<a  itemprop=\"url\" href=\"https:\/\/www.ause.eu\/wp-content\/uploads\/2023\/12\/1996_adesione_est.pdf\" target=\"_blank\" data-hover-background-color='#000000' data-hover-border-color='#000000' data-hover-color='#ffffff' class=\"qbutton  default\" style=\"color: #000000; border-color: #000000; margin: 15px 0px 0px 0px; background-color: #ffffff;\">Consulta il volume<span aria-hidden=\"true\" class=\"qode_icon_font_elegant arrow_down qode_button_icon_element\" style=\"\" ><\/span><\/a>[vc_separator type=&#8221;normal&#8221; thickness=&#8221;2&#8243; up=&#8221;30&#8243; down=&#8221;30&#8243;][\/vc_column][\/vc_row][vc_row css_animation=&#8221;&#8221; row_type=&#8221;row&#8221; use_row_as_full_screen_section=&#8221;no&#8221; type=&#8221;full_width&#8221; angled_section=&#8221;no&#8221; text_align=&#8221;left&#8221; background_image_as_pattern=&#8221;without_pattern&#8221;][vc_column][vc_column_text]<\/p>\n<div dir=\"auto\">\n<p><b>1996<\/b><\/p>\n<p><b>Luigi V. Majocchi (a cura di), Messina quarant&#8217;anni dopo. L&#8217;attualit\u00e0 del\u00a0metodo in vista della Conferenza intergovernativa del 1996<\/b><\/p>\n<p>&nbsp;<\/p>\n<p>Introduzione<\/p>\n<p>LUIGI V. MAJOCCHI<\/p>\n<p>Indirizzi di saluto<\/p>\n<p>ANTONIO SAVINI, GERARDO MOMBELLI<\/p>\n<p>&nbsp;<\/p>\n<p>Relazioni<\/p>\n<p>&nbsp;<\/p>\n<p>Il rilancio europeo di Messina nella storia dell\u2019unificazione europea<\/p>\n<p>LUIGI V. MAJOCCHI<\/p>\n<p>Dalla Conferenza di Messina ai Trattati di Roma<\/p>\n<p>ENRICO SERRA<\/p>\n<p>Il progetto di Mercato comune nello Statuto della Comunit\u00e0 politica europea<\/p>\n<p>DANIELA PREDA<\/p>\n<p>Italy and the Messina Conference<\/p>\n<p>ANTONIO VARSORI<\/p>\n<p>Messine, une m\u00e8thode pour l\u2019unit\u00e9 de l\u2019Europe? Ou comment le gouvernement fran\u00e7ais a \u00e9t\u00e9 convaincu d\u2019avancer vers l\u2019unit\u00e9<\/p>\n<p>GERARD BOSSUAT<\/p>\n<p>West Germany and Europea integration. From the defeat of the EDC Treaty to the Conference of Messina<\/p>\n<p>KLAUS SCHWABE<\/p>\n<p>American support for European integration from World War II to 1996: not just a European marketplace<\/p>\n<p>PASCALINE WINAND<\/p>\n<p>&nbsp;<\/p>\n<p>Comunicazioni<\/p>\n<p>&nbsp;<\/p>\n<p>Considerazioni sull\u2019attualit\u00e0 del metodo Monnet-Schuman<\/p>\n<p>ANDREA CHITI-BATELLI<\/p>\n<p>L\u2019atteggiamento del quadripartito di fronte al rilancio europeo<\/p>\n<p>CINZIA ROGNONI VERCELLI<\/p>\n<p>L\u2019atteggiamento delle forze della sinistra in Italia<\/p>\n<p>MAURO MAGGIORANI<\/p>\n<p>L\u2019atteggiamento della Confindustria<\/p>\n<p>GIORGIO CLEMENTI<\/p>\n<p>L\u2019atteggiamento dei sindacati italiani<\/p>\n<p>PIERO GRAGLIA<\/p>\n<p>Il Conseil des communs d\u2019Europe e il rilancio europeo di Messina<\/p>\n<p>FABIO ZUCCA<\/p>\n<p>La tecnocrazia nucleare italiana e le origini dell\u2019Euratom, 1952-1957<\/p>\n<p>BARBARA CURLI<\/p>\n<p>Italia e Repubblica Federale di Germania dalla Conferenza di Messina ai Trattati di Roma<\/p>\n<p>MADDALENA GUIOTTO<\/p>\n<p>&nbsp;<\/p>\n<p>Conclusioni<\/p>\n<p>GIAN PIERO ORSELLO<\/p>\n<\/div>\n<p>[\/vc_column_text]<a  itemprop=\"url\" href=\"https:\/\/www.ause.eu\/wp-content\/uploads\/2023\/12\/1996_MESSINA_40.pdf\" target=\"_blank\" data-hover-background-color='#000000' data-hover-border-color='#000000' data-hover-color='#ffffff' class=\"qbutton  default\" style=\"color: #000000; border-color: #000000; margin: 15px 0px 0px 0px; background-color: #ffffff;\">Consulta il volume<span aria-hidden=\"true\" class=\"qode_icon_font_elegant arrow_down qode_button_icon_element\" style=\"\" ><\/span><\/a>[vc_separator type=&#8221;normal&#8221; thickness=&#8221;2&#8243; up=&#8221;30&#8243; down=&#8221;30&#8243;][\/vc_column][\/vc_row][vc_row css_animation=&#8221;&#8221; row_type=&#8221;row&#8221; use_row_as_full_screen_section=&#8221;no&#8221; type=&#8221;full_width&#8221; angled_section=&#8221;no&#8221; text_align=&#8221;left&#8221; background_image_as_pattern=&#8221;without_pattern&#8221;][vc_column][vc_column_text]<\/p>\n<div dir=\"auto\">\n<p><b>1996<\/b><\/p>\n<p><b>Fulvio Attin\u00e0, Francesca Longo (a cura di), Unione europea e Mediterraneo\u00a0fra globalizzazione e frammentazione<\/b><\/p>\n<p>&nbsp;<\/p>\n<p>Presentazione<\/p>\n<p>&nbsp;<\/p>\n<p>Tendenze e problemi della globalizzazione e della frammentazione<\/p>\n<p>FULVIO ATTINA\u2019<\/p>\n<p>La politica mediterranea europea fra geometria variabile e mercato unico<\/p>\n<p>DARIO VELO<\/p>\n<p>Il futuro prossimo dei diritti umani nell\u2019Unione Europea<\/p>\n<p>ANTONIO PAPISCA<\/p>\n<p>La politica mediterranea dell\u2019Unione Europea come elemento della politica estera e di sicurezza<\/p>\n<p>THOMAS GRUNERT<\/p>\n<p>L\u2019Europa e la sicurezza nel Mediterraneo<\/p>\n<p>ALBERTO BIN<\/p>\n<p>La politica estera europea: sfide e prospettive<\/p>\n<p>PAOLO ROSA e RICCARDO SCARTEZZINI<\/p>\n<p>La difficile collaborazione con l\u2019Africa e con i paesi del Mediterraneo<\/p>\n<p>VITTORIO MORABITO<\/p>\n<p>L\u2019Europa mediterranea: sviluppo e liberalizzazione in prospettiva comparata<\/p>\n<p>ROBERT LEONARDI<\/p>\n<p>La politica di sicurezza ambientale del Mediterraneo: il ruolo dell\u2019UE<\/p>\n<p>VALENTINA BARBAGALLO<\/p>\n<p>Il finanziamento della politica estera e di sicurezza comune dell\u2019Unione Europea<\/p>\n<p>FRANCESCA LONGO<\/p>\n<p>La strategia dell\u2019UE per la trasformazione dei sistemi statali dell\u2019Europa centro-orientale<\/p>\n<p>INGEBORG TOMMEL<\/p>\n<p>Aderire all\u2019Unione? Aspirazioni e conflitti in Polonia<\/p>\n<p>ANDREI GLOWACKI<\/p>\n<p>L\u2019integrazione europea negli anni \u201990: un viaggio nella teoria<\/p>\n<p>DIMITRIS CHRYSSOCHOU<\/p>\n<\/div>\n<p>[\/vc_column_text]<a  itemprop=\"url\" href=\"https:\/\/www.ause.eu\/wp-content\/uploads\/2023\/12\/1996_UE_Mediterraneo.pdf\" target=\"_blank\" data-hover-background-color='#000000' data-hover-border-color='#000000' data-hover-color='#ffffff' class=\"qbutton  default\" style=\"color: #000000; border-color: #000000; margin: 15px 0px 0px 0px; background-color: #ffffff;\">Consulta il volume<span aria-hidden=\"true\" class=\"qode_icon_font_elegant arrow_down qode_button_icon_element\" style=\"\" ><\/span><\/a>[vc_separator type=&#8221;normal&#8221; thickness=&#8221;2&#8243; up=&#8221;30&#8243; down=&#8221;30&#8243;][\/vc_column][\/vc_row][vc_row css_animation=&#8221;&#8221; row_type=&#8221;row&#8221; use_row_as_full_screen_section=&#8221;no&#8221; type=&#8221;full_width&#8221; angled_section=&#8221;no&#8221; text_align=&#8221;left&#8221; background_image_as_pattern=&#8221;without_pattern&#8221;][vc_column][vc_column_text]<\/p>\n<div dir=\"auto\">\n<p><b>1997<\/b><\/p>\n<p><b>Carlo Secchi, Dario Velo (a cura di), La Conferenza intergovernativa\u00a0europea del 1996<\/b><\/p>\n<p>&nbsp;<\/p>\n<p>Introduzione<\/p>\n<p>CARLO SECCHI e DARIO VELO<\/p>\n<p>&nbsp;<\/p>\n<p>L\u2019Europa dello sviluppo sostenibile e il nucleo duro federale<\/p>\n<p>ALBERTO MAJOCCHI<\/p>\n<p>Le quattro sfide della Conferenza intergovernativa<\/p>\n<p>ANTONIO PADOA SCHIOPPA<\/p>\n<p>Verso la moneta unica europea<\/p>\n<p>CARLO SECCHI<\/p>\n<p>L\u2019Unione europea tra ampliamento e rafforzamento<\/p>\n<p>VINCENZO GUIZZI<\/p>\n<p>La Conferenza intergovernativa e le prospettive dell\u2019integrazione europea<\/p>\n<p>GIAN PIERO ORSELLO<\/p>\n<p>L\u2019Italia e l\u2019unit\u00e0 europea<\/p>\n<p>SERGIO PISTONE<\/p>\n<p>&nbsp;<\/p>\n<p>Tavola Rotonda<\/p>\n<p>&nbsp;<\/p>\n<p>La riflessione sui temi istituzionali all\u2019interno del Movimento europeo internazionale<\/p>\n<p>JEAN VICTOR LOUIS<\/p>\n<p>La conferenza intergovernativa del 1996. Il punto di vista francese<\/p>\n<p>J. GERARD LIEBERHERR<\/p>\n<p>La Conferenza intergovernativa e il semestre di Presidenza italiana<\/p>\n<p>GIORGIO NAPOLITANO<\/p>\n<p>Maastricht: desiderabilit\u00e0 e realizzabilit\u00e0<\/p>\n<p>ANTONIO MARZANO<\/p>\n<p>L\u2019Italia e l\u2019Europa<\/p>\n<p>VITO GNUTTI<\/p>\n<p>Il punto di non ritorno nella costruzione europea<\/p>\n<p>BEATRICE RANGONI MACHIAVELLI<\/p>\n<p>Dalla sicurezza internazionale alla sicurezza interna<\/p>\n<p>FULVIO ATTINA\u2019<\/p>\n<p>La finanza pubblica e l\u2019Unione monetaria<\/p>\n<p>GIANMARIA GALIMBERTI<\/p>\n<p>L\u2019accelerazione del processo di integrazione<\/p>\n<p>GIANCARLO MAURIZIO MALVESTITO<\/p>\n<p>Su tre \u201cdisavanzi\u201d non finanziari del sistema italiano<\/p>\n<p>SILVIO BERETTA<\/p>\n<\/div>\n<p>[\/vc_column_text]<a  itemprop=\"url\" href=\"https:\/\/www.ause.eu\/wp-content\/uploads\/2023\/12\/1997_conferenza_intergov.pdf\" target=\"_blank\" data-hover-background-color='#000000' data-hover-border-color='#000000' data-hover-color='#ffffff' class=\"qbutton  default\" style=\"color: #000000; border-color: #000000; margin: 15px 0px 0px 0px; background-color: #ffffff;\">Consulta il volume<span aria-hidden=\"true\" class=\"qode_icon_font_elegant arrow_down qode_button_icon_element\" style=\"\" ><\/span><\/a>[vc_separator type=&#8221;normal&#8221; thickness=&#8221;2&#8243; up=&#8221;30&#8243; down=&#8221;30&#8243;][\/vc_column][\/vc_row][vc_row css_animation=&#8221;&#8221; row_type=&#8221;row&#8221; use_row_as_full_screen_section=&#8221;no&#8221; type=&#8221;full_width&#8221; angled_section=&#8221;no&#8221; text_align=&#8221;left&#8221; background_image_as_pattern=&#8221;without_pattern&#8221;][vc_column][vc_column_text]<\/p>\n<div dir=\"auto\">\n<p><b>2000<\/b><\/p>\n<p><b>Marco Mascia, Antonio Papisca (a cura di), Il processo costituente in\u00a0Europa. Dalla moneta unica alla cittadinanza europea<\/b><\/p>\n<p>&nbsp;<\/p>\n<p>Introduzione<\/p>\n<p>MARCO MASCIA e ANTONIO PAPISCA<\/p>\n<p>La politica economica europea nel dopo euro<\/p>\n<p>CARLO SECCHI<\/p>\n<p>L\u2019assorbimento degli shock regionali nell\u2019UME<\/p>\n<p>FRANCO PRAUSSELLO<\/p>\n<p>Nuove prospettive finanziarie e allargamento: le posizioni dei paesi membri<\/p>\n<p>FRANCESCO PASSARELLI<\/p>\n<p>Aspetti problematici dell\u2019allargamento a Est: la pubblica amministrazione e la societ\u00e0 civile nei PECO<\/p>\n<p>MARIA A. CONFALONIERI<\/p>\n<p>Le riforme istituzionali e le opzioni della democrazia nel dopo Amsterdam<\/p>\n<p>FULVIO ATTINA\u2019<\/p>\n<p>Problemi istituzionali dell\u2019Unione europea dopo il Trattato di Amsterdam<\/p>\n<p>GIAN PIERO ORSELLO<\/p>\n<p>La politica di sicurezza europea. Spunti per una riflessione sull\u2019uso della forza<\/p>\n<p>LORENZA SEBESTA<\/p>\n<p>Costituzione italiana e unificazione costituzionale europea<\/p>\n<p>SALVATORE ALOISIO<\/p>\n<p>L\u2019ambiente valore costituzionale nell\u2019ordinamento comunitario<\/p>\n<p>PAOLO MADDALENA<\/p>\n<p>I primi tentativi di fondare uno Stato federale europeo: uno sguardo retrospettivo<\/p>\n<p>DANIELA PREDA<\/p>\n<p>&nbsp;<\/p>\n<\/div>\n<p>[\/vc_column_text]<a  itemprop=\"url\" href=\"https:\/\/www.ause.eu\/wp-content\/uploads\/2023\/12\/2000_Processo_costituente.pdf\" target=\"_blank\" data-hover-background-color='#000000' data-hover-border-color='#000000' data-hover-color='#ffffff' class=\"qbutton  default\" style=\"color: #000000; border-color: #000000; margin: 15px 0px 0px 0px; background-color: #ffffff;\">Consulta il volume<span aria-hidden=\"true\" class=\"qode_icon_font_elegant arrow_down qode_button_icon_element\" style=\"\" ><\/span><\/a>[vc_separator type=&#8221;normal&#8221; thickness=&#8221;2&#8243; up=&#8221;30&#8243; down=&#8221;30&#8243;][\/vc_column][\/vc_row][vc_row css_animation=&#8221;&#8221; row_type=&#8221;row&#8221; use_row_as_full_screen_section=&#8221;no&#8221; type=&#8221;full_width&#8221; angled_section=&#8221;no&#8221; text_align=&#8221;left&#8221; background_image_as_pattern=&#8221;without_pattern&#8221;][vc_column][vc_column_text]<\/p>\n<div dir=\"auto\">\n<p><b>2003<\/b><\/p>\n<\/div>\n<p><b>Antonio Majocchi, Daniela Preda (a cura di), Per una nuova governance\u00a0europea<\/b><\/p>\n<p>&nbsp;<\/p>\n<p>Introduzione<\/p>\n<p>ANTONIO MAJOCCHI e DANIELA PREDA<\/p>\n<p>Sulla funzione dell\u2019euro come ancora nominale per i paesi candidati e i paesi partner mediterranei<\/p>\n<p>FRANCO PRAUSSELLO<\/p>\n<p>La globalizzazione finanziaria e il posizionamento dell\u2019area dell\u2019euro<\/p>\n<p>ENRICO COTTA RAMUSINO<\/p>\n<p>Il finanziamento del bilancio europeo: le sfide del nuovo millennio<\/p>\n<p>ANDREA ZATTI<\/p>\n<p>Gli incentivi tributari agli investimenti privati nei paesi dell\u2019Est europeo<\/p>\n<p>GAETANA TRUPIANO<\/p>\n<p>Sull\u2019impatto dell\u2019allargamento dell\u2019UE sulla Politica agricola comune<\/p>\n<p>MAFALDA MARENCO<\/p>\n<p>Il processo di globalizzazione: principali impatti, con particolare riferimento alla Politica agricola comune<\/p>\n<p>FILADELFIO BASILE<\/p>\n<p>La dimensione organizzativa della sussidiariet\u00e0. L\u2019esperienza del terzo settore tedesco<\/p>\n<p>ALBERTO ONETTI<\/p>\n<p>La preparazione dei paesi candidati all\u2019adesione: riforma delle amministrazioni fiscali e valutazione della capacit\u00e0 amministrativa<\/p>\n<p>BERTRAND SORET<\/p>\n<p>Dal Trattato di Nizza alla Costituzione europea<\/p>\n<p>GIAN PIERO ORSELLO<\/p>\n<p>Il Piano Schuman: legge antitrust e unit\u00e0 europea. Prospettive per una nuova governance<\/p>\n<p>DANIELA PREDA<\/p>\n<p>Il diritto di propriet\u00e0 nella prospettiva comunitaria: competenza implicita dedotta dai trattati o illegittima interferenza? Il caso Albore<\/p>\n<p>MASSIMO FRAGOLA<\/p>\n<p>L\u2019Europa come risposta alle sfide del XXI secolo<\/p>\n<p>PIERRE MAILLET<\/p>\n<p>Costituzione europea, avanguardia federale e metodo costituente democratico<\/p>\n<p>SERGIO PISTONE[\/vc_column_text]<a  itemprop=\"url\" href=\"https:\/\/www.ause.eu\/wp-content\/uploads\/2023\/12\/2003_Nuova_governance_europea.pdf\" target=\"_blank\" data-hover-background-color='#000000' data-hover-border-color='#000000' data-hover-color='#ffffff' class=\"qbutton  default\" style=\"color: #000000; border-color: #000000; margin: 15px 0px 0px 0px; background-color: #ffffff;\">Consulta il volume<span aria-hidden=\"true\" class=\"qode_icon_font_elegant arrow_down qode_button_icon_element\" style=\"\" ><\/span><\/a>[vc_separator type=&#8221;normal&#8221; thickness=&#8221;2&#8243; up=&#8221;30&#8243; down=&#8221;30&#8243;][\/vc_column][\/vc_row][vc_row css_animation=&#8221;&#8221; row_type=&#8221;row&#8221; use_row_as_full_screen_section=&#8221;no&#8221; type=&#8221;full_width&#8221; angled_section=&#8221;no&#8221; text_align=&#8221;left&#8221; background_image_as_pattern=&#8221;without_pattern&#8221;][vc_column][vc_column_text]<\/p>\n<div dir=\"auto\">\n<p><b>2001<\/b><\/p>\n<\/div>\n<p><b>Antonio Majocchi (a cura di), L&#8217;Europa nell&#8217;era dell&#8217;euro<\/b><\/p>\n<p>&nbsp;<\/p>\n<p>Introduzione<\/p>\n<p>ANTONIO MAJOCCHI<\/p>\n<p>Italia e piano Schuman: l\u2019atteggiamento del governo<\/p>\n<p>DANIELA PREDA<\/p>\n<p>Le prospettive istituzionali dopo il trattato di Amsterdam<\/p>\n<p>GIAN PIERO ORSELLO<\/p>\n<p>Le risposte europee alla globalizzazione<\/p>\n<p>FRANCO PRAUSSELLO<\/p>\n<p>Il ruolo e le proposte di riforma del bilancio dell\u2019Unione Europea<\/p>\n<p>GAETANA TRUPIANO<\/p>\n<p>Occupazione delle case-madri e delle filiali estere: a proposito di una recente ricerca sugli investimenti diretti esteri dell\u2019Italia<\/p>\n<p>OSCAR GARAVELLO<\/p>\n<p>La dimensione economica della\u00a0<i>governance<\/i>\u00a0europea<\/p>\n<p>ANTONIO MAJOCCHI<\/p>\n<p>L\u2019euro non \u00e8 solo moneta<\/p>\n<p>PASQUALE SACCA\u2019<\/p>\n<p>L\u2019Europa per l\u2019ambiente, l\u2019ambiente per l\u2019Europa<\/p>\n<p>GIULIO QUERINI<\/p>\n<p>La cooperazione giudiziaria e di polizia nell\u2019Unione Europea<\/p>\n<p>FRANCESCA LONGO[\/vc_column_text]<a  itemprop=\"url\" href=\"https:\/\/www.ause.eu\/wp-content\/uploads\/2023\/12\/2001_Europa_Euro.pdf\" target=\"_blank\" data-hover-background-color='#000000' data-hover-border-color='#000000' data-hover-color='#ffffff' class=\"qbutton  default\" style=\"color: #000000; border-color: #000000; margin: 15px 0px 0px 0px; background-color: #ffffff;\">Consulta il volume<span aria-hidden=\"true\" class=\"qode_icon_font_elegant arrow_down qode_button_icon_element\" style=\"\" ><\/span><\/a>[vc_separator type=&#8221;normal&#8221; thickness=&#8221;2&#8243; up=&#8221;30&#8243; down=&#8221;30&#8243;][\/vc_column][\/vc_row][vc_row css_animation=&#8221;&#8221; row_type=&#8221;row&#8221; use_row_as_full_screen_section=&#8221;no&#8221; type=&#8221;full_width&#8221; angled_section=&#8221;no&#8221; text_align=&#8221;left&#8221; background_image_as_pattern=&#8221;without_pattern&#8221;][vc_column][vc_column_text]<\/p>\n<div dir=\"auto\">\n<p><b>2001<\/b><\/p>\n<\/div>\n<p><b>Maurizio Ferrera (a cura di), Nuova Europa e nuovo welfare<\/b><\/p>\n<p>&nbsp;<\/p>\n<p>Nuovi problemi, vecchie soluzioni? Rifondare la protezione sociale per l\u2019avvenire dell\u2019Europa<\/p>\n<p>MAURIZIO FERRERA<\/p>\n<p>RIforma del welfare state e lavoro part-time. Il caso dell\u2019Olanda<\/p>\n<p>JELLE VISSER<\/p>\n<p>Alla disperata ricerca di una soluzione: democrazia sociale, thatcherismo e \u201cterza via\u201d nel sistema di welfare britannico<\/p>\n<p>MARTIN RHODES<\/p>\n<p>La riforma del welfare state: il caso francese<\/p>\n<p>FRANCOIS XAVIER MERRIEN<\/p>\n<p>Un modello belga per l\u2019Europa? La partecipazione democratica nei sistemi multilingue<\/p>\n<p>PHILIPPE VAN PARIJS<\/p>\n<p>La convergenza dei sistemi di sicurezza sociale nell\u2019Unione Europea<\/p>\n<p>I.G: NICOLAKOPOULOU-STEPHANOU<\/p>\n<p>Il modello sociale comunitario nei paesi terzi: il programma Tacis e la transizione del sistema sociale in Russia<\/p>\n<p>BERTRAND SORET[\/vc_column_text]<a  itemprop=\"url\" href=\"https:\/\/www.ause.eu\/wp-content\/uploads\/2023\/12\/2001_Nuova_Europa_welfare.pdf\" target=\"_blank\" data-hover-background-color='#000000' data-hover-border-color='#000000' data-hover-color='#ffffff' class=\"qbutton  default\" style=\"color: #000000; border-color: #000000; margin: 15px 0px 0px 0px; background-color: #ffffff;\">Consulta il volume<span aria-hidden=\"true\" class=\"qode_icon_font_elegant arrow_down qode_button_icon_element\" style=\"\" ><\/span><\/a>[vc_separator type=&#8221;normal&#8221; thickness=&#8221;2&#8243; up=&#8221;30&#8243; down=&#8221;30&#8243;][\/vc_column][\/vc_row][vc_row css_animation=&#8221;&#8221; row_type=&#8221;row&#8221; use_row_as_full_screen_section=&#8221;no&#8221; type=&#8221;full_width&#8221; angled_section=&#8221;no&#8221; text_align=&#8221;left&#8221; background_image_as_pattern=&#8221;without_pattern&#8221;][vc_column][vc_column_text]<\/p>\n<div dir=\"auto\">\n<p><b>2001<\/b><\/p>\n<\/div>\n<p><b>Roberta Pezzetti (a cura di), Le relazioni economiche e finanziarie\u00a0dell&#8217;Unione europea con i Paesi in via di sviluppo nel quadro dell&#8217;Unione\u00a0monetaria europea<\/b><\/p>\n<p>&nbsp;<\/p>\n<p>Introduzione<\/p>\n<p>ROBERTA PEZZETTI<\/p>\n<p>Obiettivi e strategie della politica mediterranea: un processo di regionalizzazione in evoluzione<\/p>\n<p>SERGIO ALESSANDRINI<\/p>\n<p>Il futuro delle Unioni Economiche e Monetarie Africane di fronte all\u2019euro<\/p>\n<p>ROBERTA PEZZETTI<\/p>\n<p>Le conseguenze della moneta unica per la Zona del franco<\/p>\n<p>MICHEL LELART<\/p>\n<p>Le crisi finanziarie degli anni \u201990 e il ruolo dei movimenti internazionali di capitale<\/p>\n<p>OSCAR GARAVELLO<\/p>\n<p>L\u2019aiuto allo sviluppo: le sfide future<\/p>\n<p>GIUSEPPE ZAMPAGLIONE[\/vc_column_text]<a  itemprop=\"url\" href=\"https:\/\/www.ause.eu\/wp-content\/uploads\/2023\/12\/2001_Rel_UE_PVS.pdf\" target=\"_blank\" data-hover-background-color='#000000' data-hover-border-color='#000000' data-hover-color='#ffffff' class=\"qbutton  default\" style=\"color: #000000; border-color: #000000; margin: 15px 0px 0px 0px; background-color: #ffffff;\">Consulta il volume<span aria-hidden=\"true\" class=\"qode_icon_font_elegant arrow_down qode_button_icon_element\" style=\"\" ><\/span><\/a>[vc_separator type=&#8221;normal&#8221; thickness=&#8221;2&#8243; up=&#8221;30&#8243; down=&#8221;30&#8243;][\/vc_column][\/vc_row][vc_row css_animation=&#8221;&#8221; row_type=&#8221;row&#8221; use_row_as_full_screen_section=&#8221;no&#8221; type=&#8221;full_width&#8221; angled_section=&#8221;no&#8221; text_align=&#8221;left&#8221; background_image_as_pattern=&#8221;without_pattern&#8221;][vc_column][vc_column_text]<\/p>\n<div dir=\"auto\">\n<p><b>2004<\/b><\/p>\n<\/div>\n<p><b>Ariane Landuyt, Daniele Pasquinucci (a cura di), L&#8217;Unione europea tra\u00a0Costituzione e governance<\/b><\/p>\n<p>&nbsp;<\/p>\n<p>Introduzione<\/p>\n<p>ARIANE LANDUYT e DANIELE PASQUINUCCI<\/p>\n<p>La questione religiosa nella \u201cCostituzione\u201d dell\u2019Unione Europea. Riflessioni sui lavori della Convenzione europea<\/p>\n<p>FRANCESCO MARGIOTTA BROGLIO<\/p>\n<p>Dalla Dichiarazione di Laeken al progetto di Costituzione europea e all\u2019allargamento dell\u2019Unione<\/p>\n<p>GIAN PIERO ORSELLO<\/p>\n<p>Mercato, sovranit\u00e0 e diritti umani nella prospettiva della \u201cCostituzione\u201d dell\u2019Unione Europea<\/p>\n<p>MASSIMO FRAGOLA<\/p>\n<p>La Convenzione del\u00a0<i>possible<\/i><\/p>\n<p>GLAUCO NORI<\/p>\n<p>Attualit\u00e0 delle riflessioni di Piero Calamandrei sul procedimento costituente europeo<\/p>\n<p>SALVATORE ALOISIO<\/p>\n<p>\u201cCommencer par une premi\u00e8re pierre\u201d. Gli alloggi operai e l\u2019azione economica e sociale della CECA (1952-1956)<\/p>\n<p>LAURA GRAZI<\/p>\n<p>Walter Hallstein e la crisi della \u201csedia vuota\u201d (1965-66)<\/p>\n<p>CORRADO MALANDRINO<\/p>\n<p>I primi tentativi di riforma della PAC, 1968-1980<\/p>\n<p>GIULIANA LASCHI<\/p>\n<p>Le elezioni europee: solo \u201csecond &#8211; order elections\u201d?<\/p>\n<p>DANIELE PASQUINUCCI<\/p>\n<p>Il ruolo delle regioni nel processo di formazione delle politiche comunitarie: l\u2019esempio dell\u2019Italia<\/p>\n<p>ARIANE LANDUYT<\/p>\n<p>La &#8220;nuova assistenza allo sviluppo\u201d dei paesi emergenti ed il ruolo dell\u2019Unione Europea<\/p>\n<p>OSCAR GARAVELLO<\/p>\n<p>L\u2019Unione Europea e lo sviluppo sostenibile. Da Maastricht alle sfide del futuro (1992-2002)<\/p>\n<p>LAURA SCICHILONE<\/p>\n<p>I Verdi e la Convenzione europea<\/p>\n<p>GIORGIO GRIMALDI[\/vc_column_text]<a  itemprop=\"url\" href=\"https:\/\/www.ause.eu\/wp-content\/uploads\/2023\/12\/2004_UE_Cost_Governance.pdf\" target=\"_blank\" data-hover-background-color='#000000' data-hover-border-color='#000000' data-hover-color='#ffffff' class=\"qbutton  default\" style=\"color: #000000; border-color: #000000; margin: 15px 0px 0px 0px; background-color: #ffffff;\">Consulta il volume<span aria-hidden=\"true\" class=\"qode_icon_font_elegant arrow_down qode_button_icon_element\" style=\"\" ><\/span><\/a>[vc_separator type=&#8221;normal&#8221; thickness=&#8221;2&#8243; up=&#8221;30&#8243; down=&#8221;30&#8243;][\/vc_column][\/vc_row][vc_row css_animation=&#8221;&#8221; row_type=&#8221;row&#8221; use_row_as_full_screen_section=&#8221;no&#8221; type=&#8221;full_width&#8221; angled_section=&#8221;no&#8221; text_align=&#8221;left&#8221; background_image_as_pattern=&#8221;without_pattern&#8221;][vc_column][vc_column_text]<\/p>\n<div dir=\"auto\">\n<p><b>2005<\/b><\/p>\n<\/div>\n<p><b>Stefania Primavera, L\u2019integrazione economica tra la Turchia e Israele nel quadro della Partnership euro-mediterranea: il ruolo degli investimenti diretti esteri<\/b>[\/vc_column_text]<a  itemprop=\"url\" href=\"https:\/\/www.ause.eu\/wp-content\/uploads\/2023\/12\/2005_integrazione_turchia_israele.pdf\" target=\"_blank\" data-hover-background-color='#000000' data-hover-border-color='#000000' data-hover-color='#ffffff' class=\"qbutton  default\" style=\"color: #000000; border-color: #000000; margin: 15px 0px 0px 0px; background-color: #ffffff;\">Consulta il volume<span aria-hidden=\"true\" class=\"qode_icon_font_elegant arrow_down qode_button_icon_element\" style=\"\" ><\/span><\/a>[vc_separator type=&#8221;normal&#8221; thickness=&#8221;2&#8243; up=&#8221;30&#8243; down=&#8221;30&#8243;][\/vc_column][\/vc_row][vc_row css_animation=&#8221;&#8221; row_type=&#8221;row&#8221; use_row_as_full_screen_section=&#8221;no&#8221; type=&#8221;full_width&#8221; angled_section=&#8221;no&#8221; text_align=&#8221;left&#8221; background_image_as_pattern=&#8221;without_pattern&#8221;][vc_column][vc_column_text]<\/p>\n<div dir=\"auto\">\n<p><b>2005<\/b><\/p>\n<\/div>\n<p><b>Salvatore Aloisio, Cinzia Rognoni Vercelli (a cura di), L&#8217;Europa nel nuovo ordine\u00a0internazionale<\/b><\/p>\n<p>Introduzione<\/p>\n<p>SALVATORIE ALOISIO e CINZIA ROGNONI VERCELLI<\/p>\n<p>Prima sessione: L\u2019Europa dei padri fondatori<\/p>\n<p>Alcide De Gasperi tra storia e memoria<\/p>\n<p>EMILIO COLOMBO<\/p>\n<p>Alcide De Gasperi padre dell\u2019Europa unita<\/p>\n<p>DANIELA PREDA<\/p>\n<p>L\u2019Europa di Jean Monnet<\/p>\n<p>CARLO RUSSO<\/p>\n<p>Altiero Spinelli tra la fondazione del MFE e il \u201cnuovo\u00a0corso\u201d<\/p>\n<p>EDMONDO PAOLINI<\/p>\n<p>In partibus infidelium. Altiero Spinelli nelle\u00a0istituzioni comunitarie<\/p>\n<p>DANIELE PASQUINUCCI<\/p>\n<p>Relazioni Internazionali, l\u2019Europa e i suoi padri fondatori\u00a0(1946-1957)<\/p>\n<p>LAURA BRAZZO<\/p>\n<p>Relazioni Internazionali e l\u2019Europa: le scelte europeiste dell\u2019Italia\u00a0dal secondo dopoguerra ai Trattati di Roma<\/p>\n<p>ANNA MARIA FIORENTINI<\/p>\n<p>L\u2019impegno europeista di\u00a0Nuova Antologia\u00a0nel nuovo ordine\u00a0internazionale (1945-1963)<\/p>\n<p>MAURO ELLI<\/p>\n<p>Gli studi europei di Walter Lipgens a vent\u2019anni dalla morte<\/p>\n<p>STEFANO DELL\u2019ACQUA<\/p>\n<p>Seconda sessione: una Costituzione per l\u2019Europa<\/p>\n<p>L\u2019approvazione della Costituzione europea<\/p>\n<p>GIAN PIERO ORSELLO<\/p>\n<p>Il\u00a0fenomeno religioso\u00a0nella\u00a0Costituzione\u00a0europea. Radici\u00a0cristiane e relazioni tra Chiese e Unione<\/p>\n<p>FRANCESCO MARGIOTTA BROGLIO<\/p>\n<p>Il Parlamento europeo tra realt\u00e0 e (antistoriche) ambizioni<\/p>\n<p>PIER LUIGI PETRILLO<\/p>\n<p>La composizione e il procedimento di formazione della\u00a0Commissione europea tra il Progetto della Convenzione e il Trattato che adotta\u00a0una Costituzione per l\u2019Europa<\/p>\n<p>SALVATORE ALOISIO<\/p>\n<p>Il principio di sussidiariet\u00e0 e i suoi protocolli di applicazione.\u00a0Osservazioni sul significato del percorso della Costituzione europea dal\u00a0Trattato di Amsterdam\u00a0\u00a0al Trattato che\u00a0adotta una Costituzione per l\u2019Europa<\/p>\n<p>FRANCESCO INGRAVALLE<\/p>\n<p>La politica estera, di sicurezza e di difesa dell\u2019Unione\u00a0europea nel Progetto di trattato che istituisce una Costituzione per l\u2019Europa<\/p>\n<p>MARIA ROMANA ALLEGRI<\/p>\n<p>L\u2019Unione europea e la sicurezza ecologica: dalle politiche\u00a0ambientali comunitarie alla ricerca di una governance mondiale<\/p>\n<p>GIORGIO GRIMALDI<\/p>\n<p>L\u2019Unione europea e gli interventi nel settore della cultura.\u00a0I Paesi del Sud del Mediterraneo<\/p>\n<p>GAETANA TRUPIANO<\/p>\n<p>Le risoluzioni del Parlamento europeo sulla tutela delle\u00a0lingue minoritarie e la prospettiva costituzionale<\/p>\n<p>MARCO STOLFO<\/p>\n<p>La strategia di Lisbona e l\u2019Italia<\/p>\n<p>FILADELFIO BASILE<\/p>\n<p>Il ruolo dell\u2019Unione europea nel negoziato commerciale\u00a0multilaterale in sede Organizzazione mondiale del commercio<\/p>\n<p>OSCAR GARAVELLO[\/vc_column_text]<a  itemprop=\"url\" href=\"hhttps:\/\/www.ause.eu\/wp-content\/uploads\/2023\/12\/2005_Europa_ordine_int.pdf\" target=\"_blank\" data-hover-background-color='#000000' data-hover-border-color='#000000' data-hover-color='#ffffff' class=\"qbutton  default\" style=\"color: #000000; border-color: #000000; margin: 15px 0px 0px 0px; background-color: #ffffff;\">Consulta il volume<span aria-hidden=\"true\" class=\"qode_icon_font_elegant arrow_down qode_button_icon_element\" style=\"\" ><\/span><\/a>[vc_separator type=&#8221;normal&#8221; thickness=&#8221;2&#8243; up=&#8221;30&#8243; down=&#8221;30&#8243;][\/vc_column][\/vc_row][vc_row css_animation=&#8221;&#8221; row_type=&#8221;row&#8221; use_row_as_full_screen_section=&#8221;no&#8221; type=&#8221;full_width&#8221; angled_section=&#8221;no&#8221; text_align=&#8221;left&#8221; background_image_as_pattern=&#8221;without_pattern&#8221;][vc_column][vc_column_text]<\/p>\n<div dir=\"auto\">\n<p><b>2013<\/b><\/p>\n<p><b>Oscar Garavello (a cura di), Il modello sociale europeo<\/b><\/p>\n<p>&nbsp;<\/p>\n<p>Presentazione<\/p>\n<p>DARIO VELO<\/p>\n<p>Un ricordo di Oscar Garavello<\/p>\n<p>ANTONIO PAPISCA<\/p>\n<p>Risposte alla globalizzazione<\/p>\n<p>OSCAR GARAVELLO<\/p>\n<p>L\u2019impresa europea. Un pilastro del modello economico\u00a0dell\u2019Unione Europea<\/p>\n<p>DANIELA FELISINI e FRANCO MOSCONI<\/p>\n<p>Innovazione e ricerca. Verso una politica industriale\u00a0europea per il nuovo scenario competitivo mondiale<\/p>\n<p>SILVIA BRUZZI<\/p>\n<p>L\u2019economia sociale di mercato: critica o prospettiva per il modello sociale europeo ?<\/p>\n<p>MARKUS KRIENKE<\/p>\n<p>Il modello sociale europeo e la politica sociale dell\u2019Unione\u00a0Europea<\/p>\n<p>GAETANA TRUPIANO<\/p>\n<p>La politica europea per l\u2019immigrazione nell\u2019ambito del\u00a0modello sociale europeo: obiettivi comuni e interessi contrapposti<\/p>\n<p>GABRIELE ORCALLI<\/p>\n<\/div>\n<p>[\/vc_column_text]<a  itemprop=\"url\" href=\"https:\/\/www.ause.eu\/wp-content\/uploads\/2023\/12\/2013_modello_sociale_eu.pdf\" target=\"_blank\" data-hover-background-color='#000000' data-hover-border-color='#000000' data-hover-color='#ffffff' class=\"qbutton  default\" style=\"color: #000000; border-color: #000000; margin: 15px 0px 0px 0px; background-color: #ffffff;\">Consulta il volume<span aria-hidden=\"true\" class=\"qode_icon_font_elegant arrow_down qode_button_icon_element\" style=\"\" ><\/span><\/a>[vc_separator type=&#8221;normal&#8221; thickness=&#8221;2&#8243; up=&#8221;30&#8243; down=&#8221;30&#8243;][\/vc_column][\/vc_row][vc_row css_animation=&#8221;&#8221; row_type=&#8221;row&#8221; use_row_as_full_screen_section=&#8221;no&#8221; type=&#8221;full_width&#8221; angled_section=&#8221;no&#8221; text_align=&#8221;left&#8221; background_image_as_pattern=&#8221;without_pattern&#8221;][vc_column][vc_column_text]<\/p>\n<div dir=\"auto\">\n<p><b>2010<\/b><\/p>\n<p><b>Daniela Felisini (a cura di), Culture economiche e scelte politiche nella\u00a0costruzione europea<\/b><\/p>\n<p>Introduzione<\/p>\n<p>DANIELA FELISINI<\/p>\n<p>&nbsp;<\/p>\n<p>Un lungo e complesso processo di integrazione<\/p>\n<p>&nbsp;<\/p>\n<p>I tentativi di integrazione economica europea sulla scia del successo dello Zollverein<\/p>\n<p>FRANCESCA FAURI<\/p>\n<p>Limiti e potenzialit\u00e0 dell\u2019esperienza dell\u2019UNRRA nella prospettiva di Lodovico Montini<\/p>\n<p>LUCA BARBAINI<\/p>\n<p>Genesi e sviluppi degli apparati amministrativi dell\u2019Alta Autorit\u00e0 della CECA<\/p>\n<p>ALESSANDRO ISONI<\/p>\n<p>Il Piano Werner: unione monetaria e istituzioni di governo monetario<\/p>\n<p>FRANCESCO INGRAVALLE<\/p>\n<p>&nbsp;<\/p>\n<p>Le sfide dell&#8217;Unione<\/p>\n<p>&nbsp;<\/p>\n<p>L\u2019Unione Economica e Monetaria: genesi e prospettive future<\/p>\n<p>FRANCO PRAUSSELLO<\/p>\n<p>Come l\u2019UE ha domato (parzialmente) il Leviatano. Il contributo del pensiero liberale<\/p>\n<p>ANGELO SANTAGOSTINO<\/p>\n<p>Il rispetto dei vincoli europei relativi al deficit di bilancio e al debito pubblico<\/p>\n<p>GAETANA TRUPIANO<\/p>\n<p>&nbsp;<\/p>\n<p>Cultuta e territorio in Europa<\/p>\n<p>&nbsp;<\/p>\n<p>Verso nuovi filoni di analisi delle rimesse dei migranti sud-nord: la tematica\u00a0<i>migration and development<\/i>\u00a0nella UE<\/p>\n<p>OSCAR GARAVELLO<\/p>\n<p>La politica europea per le piccole e medie imprese<\/p>\n<p>FILADELFIO BASILE<\/p>\n<p>La concentrazione economica e urbana nella CEE all\u2019inizio degli anni Settanta: un ostacolo alla UEM<\/p>\n<p>LAURA GRAZI<\/p>\n<p>Regole comunitarie e nazionali in tema di esportazione e importazione delle opere d\u2019arte<\/p>\n<p>SIMONETTA STABILE<\/p>\n<p>La politica comunitaria del turismo quale nuovo strumento di integrazione europea<\/p>\n<p>GIULIO PERONI<\/p>\n<\/div>\n<p>[\/vc_column_text]<a  itemprop=\"url\" href=\"https:\/\/www.ause.eu\/wp-content\/uploads\/2023\/12\/2010_Culture_economiche.pdf\" target=\"_blank\" data-hover-background-color='#000000' data-hover-border-color='#000000' data-hover-color='#ffffff' class=\"qbutton  default\" style=\"color: #000000; border-color: #000000; margin: 15px 0px 0px 0px; background-color: #ffffff;\">Consulta il volume<span aria-hidden=\"true\" class=\"qode_icon_font_elegant arrow_down qode_button_icon_element\" style=\"\" ><\/span><\/a>[vc_separator type=&#8221;normal&#8221; thickness=&#8221;2&#8243; up=&#8221;30&#8243; down=&#8221;30&#8243;][\/vc_column][\/vc_row][vc_row css_animation=&#8221;&#8221; row_type=&#8221;row&#8221; use_row_as_full_screen_section=&#8221;no&#8221; type=&#8221;full_width&#8221; angled_section=&#8221;no&#8221; text_align=&#8221;left&#8221; background_image_as_pattern=&#8221;without_pattern&#8221;][vc_column][vc_column_text]<\/p>\n<div dir=\"auto\">\n<p><b>2012<\/b><\/p>\n<p><b>Filadelfio Basile, Manuela Pilato (a cura di), Studi sull\u2019Italia e\u00a0l\u2019integrazione europea di fronte alla nuova governance mondiale in\u00a0occasione del 150\u00b0 anniversario dell\u2019Unit\u00e0 d\u2019Italia<\/b><\/p>\n<p>&nbsp;<\/p>\n<p>Prefazione<\/p>\n<p>DANIELA PREDA<\/p>\n<p>L\u2019Unione Europea di fronte alla nuova governance mondiale<\/p>\n<p>The\u00a0European Union in front of the new world governance<\/p>\n<p>ENRIQUE BANUS<\/p>\n<p>La partecipazione dei Paesi dell\u2019Unione alle operazioni di pace\u00a0della PSDC<\/p>\n<p>FULVIO ATTIN\u00c0<\/p>\n<p>Unificazione europea e globalizzazione<\/p>\n<p>LUCIO LEVI<\/p>\n<p>\u201cUnire l\u2019Europa per unire il mondo\u201d: il pensiero e l\u2019azione\u00a0di Mario Albertini<\/p>\n<p>Il governo dell\u2019interdipendenza<\/p>\n<p>Il Mediterraneo, tra strategie europee e interessi nazionali<\/p>\n<p>GIULIANA LASCHI<\/p>\n<p>Gli Stati Uniti, la Gran Bretagna e i Paesi della CEE alla\u00a0prima Conferente delle Nazioni Unite sul Commercio e lo Sviluppo<\/p>\n<p>LORELLA TOSONE<\/p>\n<p>Le autonomie locali dell\u2019Unione Europea e le sfide della\u00a0governance<\/p>\n<p>FABIO ZUCCA<\/p>\n<p>I programmi culturali dell\u2019Unione Europea<\/p>\n<p>GAETANA TRUPIANO<\/p>\n<p>Unione Europea e commercio transnazionale<\/p>\n<p>Economic\u00a0Integration and Social Conflicts in Mediterranean Cities<\/p>\n<p>CARMEN BIZZARRI e MASSIMO CICCARELLI<\/p>\n<p>I non-trade concerns nella regolazione dell\u2019interscambio di\u00a0beni e servizi in un mondo multipolare<\/p>\n<p>OSCAR GARAVELLO<\/p>\n<p>L\u2019economia italiana alla prova dell\u2019euro<\/p>\n<p>FRANCO PRAUSSELLO<\/p>\n<p>Geopolitica ed energia nei rapporti tra Unione Europea e\u00a0Repubblica Federale Russa<\/p>\n<p>GIULIO QUERINI e FRANCESCO MALETTO<\/p>\n<p>Il Distretto produttivo in Sicilia quale possibile modello\u00a0di governance territoriale<\/p>\n<p>VERA TERESA FOTI, DOMENICO SPAMPINATO, GIUSEPPE TIMPANARO, FILADELFIO\u00a0BASILE e CLAUDIO BELLIA<\/p>\n<p>Il ritorno a cambi fissi: alternativa al protezionismo e\u00a0alla crisi economica internazionale<\/p>\n<p>DARIO VELO<\/p>\n<p>&nbsp;<\/p>\n<p>L\u2019ordinamento comunitario di fronte alle sfide contemporanee<\/p>\n<p>La sentenza del Bundesverfassungsgericht sul Trattato di\u00a0Lisbona: uno sguardo alla posizione del PE e al ruolo delle Costituzioni nazionali<\/p>\n<p>SALVATORE ALOISIO<\/p>\n<p>La partecipazione politica nell\u2019Unione Europea : elezioni europee\u00a0e transnazionalit\u00e0 dell\u2019elettorato<\/p>\n<p>MARIA ROMANA ALLEGRI<\/p>\n<p>Minaccia terroristica e sicurezza collettiva in Europa<\/p>\n<p>NICOLETTA PARISI<\/p>\n<p>Il ruolo dell\u2019Unione Europea dinanzi alla crisi dei mercati\u00a0e al proces.so di riforma delle\u00a0\u00a0organizzazioni\u00a0economiche internazionali<\/p>\n<p>GIULIO PERONI<\/p>\n<p>Fenomeno sportivo e ordinamento comunitario dopo il Trattato\u00a0di riforma<\/p>\n<p>MARCELLO PIERINI<\/p>\n<p>Il Tribunal Arbitral du Sport nel sistema di giustizia\u00a0sportiva internazionale<\/p>\n<p>JACOPO TOGNON<\/p>\n<p>Sessione dedicata ai giovani ricercatori<\/p>\n<p>Il Parlamento Europeo \u201ccoscienza e motore del processo unitario\u201d:\u00a0il contributo di Gaetano Martino all\u2019Assemblea di Strasburgo (I958-1966)<\/p>\n<p>ANGELA VILLANI<\/p>\n<p>L\u2019avvio della politica italiana di tutela dei diritti umani\u00a0tra ambito societario ed europeo<\/p>\n<p>MIRIAM ROSSI<\/p>\n<p>Tradizione e rinnovamento nella riflessione europeista della\u00a0\u00abCivilt\u00e0 Cattolica\u203a fra 1958 e 1978<\/p>\n<p>LUCA BARBAINI<\/p>\n<p>Il processo di integrazione e la distensione in un contesto\u00a0multilaterale: l&#8217;integrazione europea, l\u2019Amministrazione Nixon e le Nazioni\u00a0Unite<\/p>\n<p>ANGELA TORELLI<\/p>\n<p>Dopo Viking, Laval e Ruffert: verso una nuova composizione\u00a0tra libert\u00e0 economiche europee e diritti sociali fondamentali?<\/p>\n<p>FAUSTO VECCHIO<\/p>\n<p>Diritti delle donne e questioni di genere nel processo di\u00a0preadesione della Turchia all\u2019Unione Europea<\/p>\n<p>DANIELA DALMASSO<\/p>\n<p>Aspetti e problemi sul ruolo delle politiche strutturali\u00a0nello sviluppo economico-sociale dei Paesi dell\u2019Unione Europea<\/p>\n<p>MANUELA PILATO, FABIOLA SAFONTE e IURI PERI<\/p>\n<p>Le frodi comunitarie nell\u2019agroalimentare: il caso Italia<\/p>\n<p>SALVATORE SIMONE VACCARO<\/p>\n<p>Eugenio Colorni: il \u201csovversivo\u201d, il \u201cconfinato\u201d, il \u201clatitante\u201d<\/p>\n<p>GIULIA VASSALLO<\/p>\n<\/div>\n<p>[\/vc_column_text]<a  itemprop=\"url\" href=\"https:\/\/www.ause.eu\/wp-content\/uploads\/2023\/12\/2012_costruire_unita_2_parte.pdf\" target=\"_blank\" data-hover-background-color='#000000' data-hover-border-color='#000000' data-hover-color='#ffffff' class=\"qbutton  default\" style=\"color: #000000; border-color: #000000; margin: 15px 0px 0px 0px; background-color: #ffffff;\">Consulta il volume<span aria-hidden=\"true\" class=\"qode_icon_font_elegant arrow_down qode_button_icon_element\" style=\"\" ><\/span><\/a><a  itemprop=\"url\" href=\"https:\/\/www.ause.eu\/wp-content\/uploads\/2023\/12\/2012_costruire_unita_1_parte.pdf\" target=\"_blank\" data-hover-background-color='#000000' data-hover-border-color='#000000' data-hover-color='#ffffff' class=\"qbutton  default\" style=\"color: #000000; border-color: #000000; margin: 15px 0px 0px 0px; background-color: #ffffff;\">Consulta il volume<span aria-hidden=\"true\" class=\"qode_icon_font_elegant arrow_down qode_button_icon_element\" style=\"\" ><\/span><\/a>[vc_separator type=&#8221;normal&#8221; thickness=&#8221;2&#8243; up=&#8221;30&#8243; down=&#8221;30&#8243;][\/vc_column][\/vc_row]<\/p>\n<\/div>","protected":false},"excerpt":{"rendered":"<p>[vc_row css_animation=&#8221;&#8221; row_type=&#8221;row&#8221; use_row_as_full_screen_section=&#8221;no&#8221; type=&#8221;full_width&#8221; angled_section=&#8221;no&#8221; text_align=&#8221;left&#8221; background_image_as_pattern=&#8221;without_pattern&#8221;][vc_column][vc_separator type=&#8221;normal&#8221; thickness=&#8221;2&#8243; down=&#8221;30&#8243;][vc_column_text] This section is dedicated to the publication and dissemination, in digital format, of texts, documents and research on European integration. The first volumes offered to readers, in digital format, are the books produced by&#8230;<\/p>\n","protected":false},"author":15,"featured_media":0,"parent":0,"menu_order":0,"comment_status":"closed","ping_status":"closed","template":"","meta":{"footnotes":""},"class_list":["post-15544","page","type-page","status-publish","hentry"],"_links":{"self":[{"href":"https:\/\/www.ause.eu\/en\/wp-json\/wp\/v2\/pages\/15544","targetHints":{"allow":["GET"]}}],"collection":[{"href":"https:\/\/www.ause.eu\/en\/wp-json\/wp\/v2\/pages"}],"about":[{"href":"https:\/\/www.ause.eu\/en\/wp-json\/wp\/v2\/types\/page"}],"author":[{"embeddable":true,"href":"https:\/\/www.ause.eu\/en\/wp-json\/wp\/v2\/users\/15"}],"replies":[{"embeddable":true,"href":"https:\/\/www.ause.eu\/en\/wp-json\/wp\/v2\/comments?post=15544"}],"version-history":[{"count":13,"href":"https:\/\/www.ause.eu\/en\/wp-json\/wp\/v2\/pages\/15544\/revisions"}],"predecessor-version":[{"id":16625,"href":"https:\/\/www.ause.eu\/en\/wp-json\/wp\/v2\/pages\/15544\/revisions\/16625"}],"wp:attachment":[{"href":"https:\/\/www.ause.eu\/en\/wp-json\/wp\/v2\/media?parent=15544"}],"curies":[{"name":"wp","href":"https:\/\/api.w.org\/{rel}","templated":true}]}}