{"id":15553,"date":"2023-08-29T08:19:15","date_gmt":"2023-08-29T08:19:15","guid":{"rendered":"https:\/\/www.ause.eu\/?page_id=15553"},"modified":"2024-02-21T10:35:55","modified_gmt":"2024-02-21T10:35:55","slug":"bibliografia","status":"publish","type":"page","link":"https:\/\/www.ause.eu\/en\/bibliografia\/","title":{"rendered":"Bibliografia"},"content":{"rendered":"<div class=\"wpb-content-wrapper\"><p>[vc_row css_animation=&#8221;&#8221; row_type=&#8221;row&#8221; use_row_as_full_screen_section=&#8221;no&#8221; type=&#8221;full_width&#8221; angled_section=&#8221;no&#8221; text_align=&#8221;left&#8221; background_image_as_pattern=&#8221;without_pattern&#8221;][vc_column][vc_column_text]<a href=\"https:\/\/www.ause.eu\/bibliografia\/#link1\"><strong>1 Storia dell\u2019Europa e dell\u2019idea d\u2019Europa<\/strong><\/a><br \/>\n<a href=\"https:\/\/www.ause.eu\/bibliografia\/ #link2\"><strong>2 Storia dell\u2019integrazione europea e dei movimenti fautori dell\u2019unit\u00e0 europea<\/strong><\/a><br \/>\n<a href=\"https:\/\/www.ause.eu\/bibliografia\/ #link3\"><strong>3 Protagonisti e personaggi dell\u2019integrazione europea<\/strong><\/a>[\/vc_column_text][vc_separator type=&#8221;normal&#8221; thickness=&#8221;2&#8243; down=&#8221;30&#8243;][\/vc_column][\/vc_row][vc_row css_animation=&#8221;&#8221; row_type=&#8221;row&#8221; use_row_as_full_screen_section=&#8221;no&#8221; type=&#8221;full_width&#8221; angled_section=&#8221;no&#8221; text_align=&#8221;left&#8221; background_image_as_pattern=&#8221;without_pattern&#8221; z_index=&#8221;&#8221; anchor=&#8221;link1&#8243;][vc_column][vc_column_text]<b><strong>1 Storia dell\u2019Europa e dell\u2019idea d\u2019Europa\u00a0<\/strong><\/b><\/p>\n<p style=\"font-weight: 400;\">ALBERTINI Mario,<em>\u00a0Il Risorgimento e l\u2019unit\u00e0 europea<\/em>, Napoli, Guida, 1979<\/p>\n<p style=\"font-weight: 400;\">BANNIARD Michel,\u00a0<em>Le origini culturali dell\u2019Europa<\/em>, Roma-Bari, Laterza, 1994<\/p>\n<p style=\"font-weight: 400;\">BOTTARO PALUMBO Maria Grazia, REPETTI Renzo (a cura di),\u00a0<em>Gli orizzonti della pace. La pace e la costruzione dell\u2019Europa (1713-1995)<\/em>, Genova, ECIG, 1996<\/p>\n<p style=\"font-weight: 400;\">BRAUDEL Fernand,<em>\u00a0L\u2019Europe.\u00a0<\/em><em>L\u2019espace, le temps, les hommes<\/em>, Paris, Arts et m\u00e9tiers graphiques, 1987<\/p>\n<p style=\"font-weight: 400;\">BUSSI\u00c8RE Eric, DUMOULIN Michel, TRAUSCH Gilbert (dir.),\u00a0<em>Europa, l&#8217;id\u00e9e et l\u2019identit\u00e9 europ\u00e9ennes de l\u2019Antiquit\u00e9 grecque au XXI e si\u00e8cle<\/em>, Bruxelles, Fonds Mercator Fonds, 2001<\/p>\n<p style=\"font-weight: 400;\">CACCIARI Massimo,\u00a0<em>Geo-filosofia dell&#8217;Europa<\/em>, Adelphi, Milano 1994<\/p>\n<p style=\"font-weight: 400;\">CHABOD Federico,\u00a0<em>Storia dell\u2019idea d\u2019Europa<\/em>, Roma-Bari, Laterza, 1999<\/p>\n<p style=\"font-weight: 400;\">CHABOT Jean-Luc, TOURNU Christophe (dir.),\u00a0<em>L\u2019h\u00e9ritage religieux et spirituel de l\u2019Europe<\/em>, Paris, L\u2019Harmattan, 2004<\/p>\n<p style=\"font-weight: 400;\">CRACCO Giorgio, LE GOFF Jacques, KELLER Hagen, ORTALLI Gherardo (a cura di),\u00a0<em>Europa in costruzione. La forza delle identit\u00e0, la ricerca di unit\u00e0 (secoli IX-XIII)<\/em>, Bologna, Il Mulino, 2007<\/p>\n<p style=\"font-weight: 400;\">CURCIO Carlo,\u00a0<em>Europa. Storia di un\u2019idea<\/em>, Firenze, Vallecchi, 1958<\/p>\n<p style=\"font-weight: 400;\">DAVIES Norman,\u00a0<em>Europe. A History<\/em>, Oxford, Oxford University Press, 1997<\/p>\n<p style=\"font-weight: 400;\">DE GIOVANNI Biagio,\u00a0<em>La filosofia e l\u2019Europa moderna<\/em>, Bologna, Il Mulino, 2004<\/p>\n<p style=\"font-weight: 400;\">DE ROUGEMONT Denis,\u00a0<em>Vingt-huit si\u00e8cles d\u2019Europe: la conscience europ\u00e9enne \u00e0 travers le textes d\u2019Hesiode \u00e0 nos jours<\/em>, Paris, Payot, 1961<\/p>\n<p style=\"font-weight: 400;\">DEHIO Ludwig,\u00a0<em>Equilibrio o egemonia. Considerazioni sopra un problema fondamentale della storia politica moderna<\/em>, Bologna, Il Mulino, 1995<\/p>\n<p style=\"font-weight: 400;\">DUROSELLE Jean-Baptiste,\u00a0<em>L\u2019idea d\u2019Europa nella storia<\/em>, Milano, Edizioni Milano Nuova, 1964<\/p>\n<p style=\"font-weight: 400;\">DUROSELLE Jean-Baptiste,\u00a0<em>L\u2019Europe. Histoire de ses peuples<\/em>, Paris, Perrin, 1993<\/p>\n<p style=\"font-weight: 400;\">FEBVRE Lucien,\u00a0<em>L\u2019Europa. Storia di una civilt\u00e0<\/em>, Roma, Donzelli, 1999<\/p>\n<p style=\"font-weight: 400;\">GEARY Patrick J.,\u00a0<em>The Myth of Nations. The Medieval Origins of Europe<\/em>, Princeton, Princeton University Press, 2002<\/p>\n<p style=\"font-weight: 400;\">HAY Denis,\u00a0<em>Europe. The Emergence of an Idea<\/em>, Edinburgh, Edinburgh University Press, 1957<\/p>\n<p style=\"font-weight: 400;\">KAELBLE Hartmut,\u00a0<em>Vers une soci\u00e9t\u00e9 europ\u00e9enne, 1880-1980<\/em>, Paris, Belin, 1988<\/p>\n<p style=\"font-weight: 400;\">LATOUCHE Serge,\u00a0<em>L\u2019occidentalizzazione del mondo<\/em>, Torino, Bollati Boringhieri, 1992<\/p>\n<p style=\"font-weight: 400;\">LECIEJEWICZ Lech,\u00a0<em>La nuova forma del mondo. La nascita della civilt\u00e0 europea medievale<\/em>, Bologna, Il Mulino, 2004<\/p>\n<p style=\"font-weight: 400;\">LE GOFF Jacques,\u00a0<em>L\u2019Europa medievale e il mondo moderno<\/em>, Roma-Bari, Laterza, 1994<\/p>\n<p style=\"font-weight: 400;\">LE GOFF Jacques,\u00a0<em>Il cielo sopra la terra. Le radici medievali dell\u2019Europa<\/em>, Roma-Bari, Laterza, 2004<\/p>\n<p style=\"font-weight: 400;\">MIKKELI Heikki,\u00a0<em>Europa. Storia di un\u2019idea e di un\u2019identit\u00e0<\/em>, Bologna, Il Mulino, 2002<\/p>\n<p style=\"font-weight: 400;\">MORIN Edgar,\u00a0<em>Pensare l\u2019Europa<\/em>, Milano, Feltrinelli, 1988 (tit. or.\u00a0<em>Penser l\u2019Europe<\/em>, Paris, Gallimard, 1987)<\/p>\n<p style=\"font-weight: 400;\">PADOA SCHIOPPA Antonio,\u00a0<em>Storia del diritto in Europa. Dal Medioevo all\u2019et\u00e0 contemporanea<\/em>, Bologna, Il Mulino, 2007<\/p>\n<p style=\"font-weight: 400;\">PASSERINI Luisa,\u00a0<em>Il mito d\u2019Europa. Radici antiche per nuovi simboli<\/em>, Firenze, Giunti, 2002<\/p>\n<p style=\"font-weight: 400;\">POZZOLI Francesca. (a cura di),\u00a0<em>Europa, la pi\u00f9 nobile la pi\u00f9 bella. Idee e ideali dell\u2019Europa dalle origini ai nostri giorni<\/em>, Milano, Bompiani, 1999<\/p>\n<p style=\"font-weight: 400;\">REALE Giuseppe,\u00a0<em>Radici culturali e spirituali dell\u2019Europa. Per una rinascita dell\u2019\u201cuomo europeo\u201d<\/em>, Milano, Raffaello Cortina, 2003<\/p>\n<p style=\"font-weight: 400;\">ROSSI Pietro,\u00a0<em>L\u2019identit\u00e0 dell\u2019Europa<\/em>, Bologna, Il Mulino, 2007<\/p>\n<p style=\"font-weight: 400;\">TACKE Charlotte (ed.),\u00a0<em>1848. Memory and Oblivion in Europe<\/em>, Bern, Peter Lang, 2000<\/p>\n<p style=\"font-weight: 400;\">VERGA Marcello,\u00a0<em>Storie d\u2019Europa. Secoli XVIII-XXI<\/em>, Roma, Carocci, 2004<\/p>\n<p style=\"font-weight: 400;\">VOYENNE Bernard,\u00a0<em>Histoire de l\u2019id\u00e9e europ\u00e9enne<\/em>, Paris, Payot, 1964<\/p>\n<p>[\/vc_column_text][vc_separator type=&#8221;normal&#8221; thickness=&#8221;2&#8243; up=&#8221;30&#8243; down=&#8221;30&#8243;][\/vc_column][\/vc_row][vc_row css_animation=&#8221;&#8221; row_type=&#8221;row&#8221; use_row_as_full_screen_section=&#8221;no&#8221; type=&#8221;full_width&#8221; angled_section=&#8221;no&#8221; text_align=&#8221;left&#8221; background_image_as_pattern=&#8221;without_pattern&#8221; z_index=&#8221;&#8221; anchor=&#8221;link2&#8243;][vc_column][vc_column_text]<b><strong>2 Storia dell\u2019Europa e dell\u2019idea d\u2019Europa\u00a0<\/strong><\/b><\/p>\n<p style=\"font-weight: 400;\">AGA ROSSI Elena, <em>Il Piano Marshall e l\u2019Europa<\/em>, Roma, Istituto dell\u2019Enciclopedia italiana, 1983<\/p>\n<p style=\"font-weight: 400;\">ALBERTINI Mario, CHITI-BATELLI Andrea, PETRILLI Giuseppe, <em>Storia del federalismo europeo<\/em>, Torino, ERI, 1973<\/p>\n<p style=\"font-weight: 400;\">ALLEN Hilary, <em>Norway and Europe in the 1970s<\/em>, Oslo, Universitetsforlaget, 1979<\/p>\n<p style=\"font-weight: 400;\">ALONSO Antonio, <em>Espa\u00f1a en el Mercado Com\u00fan. Del acuerdo del 70 a la Comunidad de los Doce<\/em>, Madrid, Espasa-Calpe, 1985<\/p>\n<p style=\"font-weight: 400;\">ARTER David, <em>The Politics of European Integration in the Twentieth Century<\/em>, Aldershot, Darmouth, 1993<\/p>\n<p style=\"font-weight: 400;\">BADEL Laurence, JEANNESSON Stanislas, LUDLOW Piers N. (dir.), <em>Les administrations nationales et la construction europ\u00e9enne: une approche historique (1919-1975)<\/em>, Bruxelles, PIE-Peter Lang, 2005<\/p>\n<p style=\"font-weight: 400;\">BAGNATO Bruna, <em>Storia di un\u2019illusione europea. Il progetto di unione doganale italo-francese<\/em>, London, Lothian Foundation Press, 1995<\/p>\n<p style=\"font-weight: 400;\">BALLINI Pier Luigi, VARSORI Antonio (a cura di), <em>L\u2019Italia e l\u2019Europa, 1947-1979<\/em>, Soveria Mannelli, Rubbettino, 2004<\/p>\n<p style=\"font-weight: 400;\">BARJOT Dominique, BAUDOUI R\u00e9mi, VOLDMAN Dani\u00e8le (dir.), <em>Les reconstructions en Europe (1945-1949)<\/em>, actes du colloque du M\u00e9morial de Caen, f\u00e9vrier 1997, Bruxelles, Complexe, 1997<\/p>\n<p style=\"font-weight: 400;\">BASSOLS Raimundo, <em>Espa\u00f1a en Europa. Historia de la adhesion a la C.E.E. 1957-1985<\/em>, Madrid, Estudios de Pol\u00edtica Exterior, 1995<\/p>\n<p style=\"font-weight: 400;\">BELOFF Max, <em>The United States and the Unity of Europe<\/em>, Washington DC, The Brooking Institution, 1963<\/p>\n<p style=\"font-weight: 400;\">BELOT Robert, <em>Henri Frenay. De la R\u00e9sistance \u00e0 l\u2019Europe<\/em>, Paris, Editions du Seuil, 2003<\/p>\n<p style=\"font-weight: 400;\">BENZONI Maria Matilde, VIGEZZI Bruno (a cura di), <em>Storia e storici d\u2019Europa nel XX secolo<\/em>, Milano, Unicopli, 2001<\/p>\n<p style=\"font-weight: 400;\">BERSTEIN Serge, MAYEUR Jean-Marie, MILZA Pierre (dir.),<em> Le MRP et la construction europ\u00e9enne (1944-1966)<\/em>, Bruxelles, Complexe, 1993<\/p>\n<p style=\"font-weight: 400;\">BITSCH Marie Th\u00e9r\u00e8se (dir.), <em>Jalons pour une histoire du Conseil de l\u2019Europe<\/em>, actes du Colloque de Strasbourg, 8-10 juin 1995, Bern, Peter Lang, 1997<\/p>\n<p style=\"font-weight: 400;\">BITSCH Marie-Th\u00e9r\u00e8se, <em>Histoire de la construction europ\u00e9enne de 1945 \u00e0 nos jours<\/em>, Bruxelles, Editions Complexe, 1999 (nouvelle \u00e9dition 2004)<\/p>\n<p style=\"font-weight: 400;\">BITSCH Marie-Th\u00e9r\u00e8se (dir.), <em>Le couple franco-allemand et les institutions europ\u00e9ennes. Une post\u00e9rit\u00e9 pour le plan Schuman<\/em>, actes du colloque de l\u2019Institut des Hautes Etudes Europ\u00e9en de Strasbourg 25-27 mai 2000, Bruxelles, Bruylant, 2001<\/p>\n<p style=\"font-weight: 400;\">BITSCH Marie-Th\u00e9r\u00e8se (dir.), <em>Le fait r\u00e9gional et la construction europ\u00e9enne<\/em>, Bruxelles, Bruylant, 2003<\/p>\n<p style=\"font-weight: 400;\">BITSCH Marie-Th\u00e9r\u00e8se, BOSSUAT G\u00e9rard (dir.), <em>L&#8217;Europe unie et l&#8217;Afrique. <\/em><em>De l&#8217;id\u00e9e d&#8217;Eurafrique \u00e0 la Convention de Lom\u00e9 I<\/em>, Bruxelles, Bruylant, 2005<\/p>\n<p style=\"font-weight: 400;\">BITSCH Marie-Th\u00e9r\u00e8se, LOTH Wilfried, POIDEVIN Raymond (sous la direction de), <em>Institutions europ\u00e9ennes et identit\u00e9s europ\u00e9ennes<\/em>, Bruxelles, Bruylant, 1998<\/p>\n<p style=\"font-weight: 400;\">BONNEFOUS \u00c9douard, <em>L\u2019id\u00e9e europ\u00e9enne et sa r\u00e9alisation<\/em>, Paris, Ed. du Grand Si\u00e8cle, 1950<\/p>\n<p style=\"font-weight: 400;\">BONNEFOUS \u00c9douard, <em>L&#8217;Europe face \u00e0 son destin<\/em>, Paris, Presses Universitaires de France, 1952<\/p>\n<p style=\"font-weight: 400;\">BONNEFOUS \u00c9douard, <em>La construction de l\u2019Europe par l\u2019un de ses initiateurs<\/em>, Paris, Presses Universitaires, de France, 2002<\/p>\n<p style=\"font-weight: 400;\">BOSCO Andrea, <em>Federal Union and the Origins of the \u00abChurchill Proposal\u00bb. The Federalist Debate in the United Kingdom from Munich to the Fall of France 1938-1940<\/em>, London-New York, Lothian Foundation Press, 1992<\/p>\n<p style=\"font-weight: 400;\">BOSSUAT G\u00e9rard, <em>L\u2019Europe occidentale \u00e0 l\u2019heure am\u00e9ricaine. Le Plan Marshall et l\u2019unit\u00e9 europ\u00e9enne (1945-1952)<\/em>, Bruxelles, Complexe, 1992<\/p>\n<p style=\"font-weight: 400;\">BOSSUAT G\u00e9rard, <em>La France, les Etats-Unis et la construction europ\u00e9enne 1944-1954<\/em>, 2 voll., Paris, Imprimerie Nationale, 1992<\/p>\n<p style=\"font-weight: 400;\">BOSSUAT G\u00e9rard, <em>L\u2019Europe des Fran\u00e7ais (1943-1959) : la IVe R\u00e9publique aux sources de l\u2019Europe communautaire<\/em>, Paris, Publications de la Sorbonne, 1997<\/p>\n<p style=\"font-weight: 400;\">BOSSUAT G\u00e9rard, <em>Faire l\u2019Europe sans d\u00e9faire la France. 60 ans de politique d\u2019unit\u00e9 europ\u00e9enne des gouvernements et des pr\u00e9sidents de la R\u00e9publique fran\u00e7aise (1943-2003)<\/em>, Bruxelles, Peter Lang, 2005<\/p>\n<p style=\"font-weight: 400;\">BOSSUAT G\u00e9rard, SAUNIER Georges (dir.), <em>Inventer l\u2019Europe: histoire nouvelle des groupes d\u2019influence et des acteurs de l\u2019unit\u00e9 europ\u00e9enne<\/em>, actes du colloque de novembre 2001 Cergy-Pontoise, Bern, Peter Lang, 2003<\/p>\n<p style=\"font-weight: 400;\">BOSSUAT G\u00e9rard, VAICBOURDT Nicolas (eds.), <em>\u00c9tats-Unis, Europe et Union europ\u00e9enne. The United States, Europe and the European Union. Histoire et avenir d&#8217;un partenariat difficile (1945-1999)<\/em>. Uneasy Partnership (1945-1999), Bern, Peter Lang, 2001<\/p>\n<p style=\"font-weight: 400;\">BOUDANT Jo\u00ebl, GOUNELLE Max, <em>Les grandes dates de l\u2019Europe communautaire<\/em>, Paris, Libraire Larousse, 1989<\/p>\n<p style=\"font-weight: 400;\">BOZO Fr\u00e9d\u00e9ric, <em>Deux strategies pour l\u2019Europe. De Gaulle, les \u00c9tats-Unis et l\u2019Alliance Atlantique 1958-1969<\/em>, Paris, Plon, 1996<\/p>\n<p style=\"font-weight: 400;\">BRIVATI Brian, JONES Harriet (eds.), <em>From Reconstruction to Integration. Britain and Europe since 1945<\/em>, Leicester, Leicester University Press, 1993<\/p>\n<p style=\"font-weight: 400;\">BRUGMANS Henri, <em>L\u2019id\u00e9e europe\u00e9enne, 1920-1970<\/em>, Bruges, De Tempel, 1970<\/p>\n<p style=\"font-weight: 400;\">BRUNETEAU Bernard, <em>Histoire de l\u2019unification europ\u00e9enne<\/em>, Paris, Armand Colin, 1996<\/p>\n<p style=\"font-weight: 400;\">BRUNETEAU Bernard, <em>Histoire de l&#8217;id\u00e9e europ\u00e9enne au premier XXe si\u00e8cle \u00e0 travers les textes<\/em>, Paris, Armand Colin, 2006<\/p>\n<p style=\"font-weight: 400;\">BRUNETEAU Bernard, CASSIS Youssef (dir.),<em> L&#8217;Europe communautaire au d\u00e9fi de la hi\u00e9rarchie<\/em>, Bern, Peter Lang, 2007<\/p>\n<p style=\"font-weight: 400;\">BURBAN Jean-Louis,<em> Le conseil de l\u2019Europe<\/em>, Paris, PUF, 2e \u00e9dition 1993<\/p>\n<p style=\"font-weight: 400;\">BURGESS Michael, <em>Federalism and European Union. The Building of Europe 1950-2000<\/em>, London, Routledge, 2000<\/p>\n<p style=\"font-weight: 400;\">BURK Kathleen, STOKES Melvyn (eds.), <em>The United States and the European Alliance<\/em>, Oxford, Berg, 1999<\/p>\n<p style=\"font-weight: 400;\">BUSSI\u00c8RE Eric, DUMOULIN Michel (dir.), <em>Les cercles \u00e9conomiques et l\u2019Europe au XXe si\u00e8cle<\/em>. Recueil de textes, Louvain la Neuve-Paris, Chaire Jean Monnet d&#8217;Histoire de l&#8217;Europe, 1992<\/p>\n<p style=\"font-weight: 400;\">BUSSI\u00c8RE Eric, DUMOULIN Michel (dir.), <em>Milieux \u00e9conomiques et int\u00e9gration europ\u00e9enne en Europe occidentale au XXe si\u00e8cle<\/em>, Arras, Artois Presses Universit\u00e9, 1998<\/p>\n<p style=\"font-weight: 400;\">BUSSI\u00c8RE Eric, DUMOULIN Michel, SCHIRMAN Sylvain (dir.), <em>Europe organis\u00e9e, Europe du libre-\u00e9change? Fin XIXe si\u00e8cle \u2013 ann\u00e9es 1960<\/em>, actes du colloque de Metz, mai 2003, Berne, Peter Lang, Presses interuniversitaires europ\u00e9ennes, 2006<\/p>\n<p style=\"font-weight: 400;\">BUSSI\u00c8RE Eric, DUMOULIN Michel, SCHIRMANN Sylvain (dir.), <em>Milieux \u00e9conomiques et int\u00e9gration europ\u00e9enne au XXe si\u00e8cle: la crise des ann\u00e9es 1970<\/em>, de la conf\u00e9rence de La Haye \u00e0 la veille de la relance des ann\u00e9es 1980, actes du colloque de mai 2004, Louvain la Neuve, Presses interuniversitaires europ\u00e9ennes, Berne, Peter Lang, 2006<\/p>\n<p style=\"font-weight: 400;\">BUSSI\u00c8RE Eric, DUMOULIN Michel, TEICHOVA Alice (dir.), <em>L\u2019Europe centrale et orientale en recherche d\u2019int\u00e9gration \u00e9conomique (1900-1950)<\/em>, Institut d\u2019\u00e9tudes europ\u00e9ennes Louvain-la-Neuve, 1998<\/p>\n<p style=\"font-weight: 400;\">CACACE Paolo, <em>L\u2019atomica europea<\/em>, Roma, Fazi, 2004<\/p>\n<p style=\"font-weight: 400;\">CAHN Jean-Paul, SCHNEILIN Gerard, M\u00c9NUDIER Henri, <em>L&#8217;Allemagne et la construction de l&#8217;Europe 1949-1963<\/em>, Paris, Editions du Temps, 2000<\/p>\n<p style=\"font-weight: 400;\">CAMPS Miriam, <em>Britain and the European Community 1955-1963<\/em>, Oxford, Oxford University Press, 1965<\/p>\n<p style=\"font-weight: 400;\">CANAVERO Alfredo, DURAND Jean-Dominique (a cura di), <em>Il fattore religioso dell\u2019integrazione europea<\/em>, Milano, Unicopli, 1999<\/p>\n<p style=\"font-weight: 400;\">CANGELOSI Rocco Antonio, <em>Dal progetto di trattato Spinelli all\u2019Atto unico europeo<\/em>, Milano, FrancoAngeli, 1987<\/p>\n<p style=\"font-weight: 400;\">CANGELOSI Rocco Antonio, GRASSI Vincenzo, <em>Dalle Comunit\u00e0 all\u2019Unione. Il Trattato di Maastricht e la Conferenza intergovernativa del 1996<\/em>, Milano, FrancoAngeli, 1996<\/p>\n<p style=\"font-weight: 400;\">CARAFFINI Paolo, <em>Il Piemonte per l\u2019Europa: venticinque anni di attivit\u00e0 della Consulta regionale europea<\/em>, Torino, Consiglio Regionale del Piemonte \u2013 Consulta Regionale Europea, Celid, 2002<\/p>\n<p style=\"font-weight: 400;\">CARAFFINI Paolo, <em>Il Consiglio italiano del Movimento europeo (CIME) e il processo di integrazione europea (1948-1985)<\/em>, Bologna, Il Mulino, 2007<\/p>\n<p style=\"font-weight: 400;\">CASTELLI Alberto, <em>Una pace da costruire. I socialisti britannici e il federalismo<\/em>, Milano, FrancoAngeli, 2002<\/p>\n<p style=\"font-weight: 400;\">CASTRONOVO Valerio, <em>L\u2019avventura dell\u2019unit\u00e0 europea. Una sfida con la storia e il futuro<\/em>, Torino, Einaudi, 2004<\/p>\n<p style=\"font-weight: 400;\">CHABOT Jean-Luc, <em>Aux origines intellectuelles de l\u2019id\u00e9e europ\u00e9enne: l\u2019id\u00e9e d\u2019Europe unie de 1919 \u00e0 1939<\/em>, Grenoble, Presses universitaires de Grenoble, 2005<\/p>\n<p style=\"font-weight: 400;\">CHENAUX Philippe, <em>Une Europe vaticane? <\/em><em>Entre le plan Marshall et les trait\u00e9s de Rome<\/em>, Bruxelles, CIACO, 1990<\/p>\n<p style=\"font-weight: 400;\">CIAMPANI Andrea (a cura di), <em>L\u2019altra via per l\u2019Europa: forze sociali e organizzazione degli interessi nell\u2019integrazione europea<\/em>, 1947-1957, Milano, FrancoAngeli, 1995<\/p>\n<p style=\"font-weight: 400;\">CIAMPANI Andrea, <em>La Cisl tra integrazione europea e mondializzazione. Profilo storico del sindacato nuovo nelle relazioni internazionali: dalla Conferenza di Londra al trattato di Amsterdam<\/em>, Roma, Edizioni Lavoro, 2000<\/p>\n<p style=\"font-weight: 400;\">CIORANESCU George, <em>L\u2019Europe unie. De l\u2019id\u00e9e \u00e0 la fondation<\/em>, Bucarest, Paideia, 2005<\/p>\n<p style=\"font-weight: 400;\">COLOMBO Arturo (a cura di), <em>La Resistenza e l\u2019Europa<\/em>, atti del Convegno di studi storici (Como, 28-31 maggio 1983), Firenze, Le Monnier, 1984<\/p>\n<p style=\"font-weight: 400;\">COMMISSIONE EUROPEA, <em>La Commissione europea 1958-1972. Storia e memorie di un\u2019istituzione<\/em>, Lussemburgo, Ufficio delle pubblicazioni delle Comunit\u00e0 europee, 2007<\/p>\n<p style=\"font-weight: 400;\">CRESPO MACLENNAN Julio, <em>Spain and the Process of European Integration, 1957-1985<\/em>. Political Change and Europeanism, New York, Palgrave, 2000<\/p>\n<p style=\"font-weight: 400;\">D\u2019HARCOURT Robert, <em>Dix ans d\u2019efforts pour unir l\u2019Europe 1945-1955<\/em>, Paris, Bureau des liaisons franco-allemand, 1955<\/p>\n<p style=\"font-weight: 400;\">DADDOW Olivier, <em>Britain and Europe since 1945: Historiographical Perspectives on Integration<\/em>, Manchester, Manchester University Press, 2003<\/p>\n<p style=\"font-weight: 400;\">DADDOW Olivier (ed.), <em>Harold Wilson and European Integration: Britain\u2019s Second Application to Join the EEC<\/em>, London, Frank Cass, 2003<\/p>\n<p style=\"font-weight: 400;\">DARD Olivier, DESCHAMPS \u00c9tienne (dir.), <em>Les rel\u00e8ves en Europe d\u2019un apr\u00e8s-guerre \u00e0 l\u2019autre. Racines, r\u00e9seaux, projets et post\u00e9rit\u00e9s<\/em>, Bruxelles, PIE-Peter Lang, 2005<\/p>\n<p style=\"font-weight: 400;\">DASSETTO Felice, DUMOULIN Michel (dir.), <em>Naissance et d\u00e9veloppement de l&#8217;information europ\u00e9enne<\/em>, actes des journ\u00e9es d&#8217;\u00e9tude de Louvain-la-Neuve, des 22 mai et 14 novembre 1990, Bern, Peter Lang, 1993<\/p>\n<p style=\"font-weight: 400;\">DASTOLI Pier Virgilio, PIERUCCI Andrea, SPINELLI Altiero, <em>Verso una costituzione democratica per l\u2019Europa. Guida al Trattato di Unione europea<\/em>, Casale Monferrato, Marietti, 1984<\/p>\n<p style=\"font-weight: 400;\">DE TEYSSIER Fran\u00e7ois, <em>La construction de l\u2019Europe : culture, espace, puissance<\/em>, Paris, PUF, 2005<\/p>\n<p style=\"font-weight: 400;\">DEIGHTON Ann, MILWARD Alain S. (eds.), <em>Widening, Deepening and Acceleration: The European Economic Community 1957-1963<\/em>, Baden-Baden-Bruxelles, Nomos-Bruylant, 1999<\/p>\n<p style=\"font-weight: 400;\">DELL Edmund, <em>The British Abdication of Leadership in Europe<\/em>, Oxford, Oxford University Press, 1995<\/p>\n<p style=\"font-weight: 400;\">DELUREANU Stefan, <em>Les Nouvelles \u00c9quipes Internationales. Per una rifondazione dell\u2019Europa (1947-1965)<\/em>, Soveria Mannelli, Rubbettino, 2006<\/p>\n<p style=\"font-weight: 400;\">DELL\u2019OMODARME Marcello, <em>Europa. Mito e realt\u00e0 del processo d\u2019integrazione<\/em>, Milano, Marzorati, 1981<\/p>\n<p style=\"font-weight: 400;\">DI NOLFO Ennio (ed.), <em>Power in Europe (1950-1957). <\/em><em>At the Origins of the EEC<\/em>, Berlin-New York, De Gruyter, 1992<\/p>\n<p style=\"font-weight: 400;\">DI SARCINA Federica, GRAZI Laura, SCICHILONE Laura (a cura di), <em>Europa in progress. Idee, istituzioni e politiche nel processo di integrazione europea<\/em>, Milano, FrancoAngeli, 2006<\/p>\n<p style=\"font-weight: 400;\">DIEBOLD William, <em>The Schuman Plan. A Study in Economic Cooperation<\/em>, New York, Praeger, 1959<\/p>\n<p style=\"font-weight: 400;\">DIEBOLD William, <em>The European Coal and Steel Community<\/em>, New York, Council on Foreign Relations, 1960<\/p>\n<p style=\"font-weight: 400;\">DINAN Desmond, <em>Europe Recast. A History of European Union,<\/em> Lanham, Lynne Rienner Publishers, 2004<\/p>\n<p style=\"font-weight: 400;\">DOCKRILL Saki, FRANK Robert, SOUTOU Georges-Henri, VARSORI Antonio (dir.), <em>L\u2019Europe de l\u2019Est et de l\u2019Ouest dans la guerre froide, 1948-1953<\/em>, Paris, PUPS, 2002<\/p>\n<p style=\"font-weight: 400;\">DRAKE Helen, <em>French Relations with the European Union<\/em>, London, Routledge, 2005<\/p>\n<p style=\"font-weight: 400;\">DUCHENNE Genevi\u00e8ve, <em>Visions et projets belges pour l&#8217;Europe. <\/em><em>De la Belle \u00c9poque aux Trait\u00e9s de Rome (1900-1957)<\/em>, Bern, Peter Lang, 2002<\/p>\n<p style=\"font-weight: 400;\">DUCHENNE Genevi\u00e8ve, DUMOULIN Michel, VAN LAER Arthe (dir.), <em>La Belgique, les petits \u00c9tats et la construction europ\u00e9enne<\/em>, actes du colloque Louvain la Neuve, avril 2002, Berne, Peter Lang, Presses interuniversitaires europ\u00e9ennes, 2003<\/p>\n<p style=\"font-weight: 400;\">DUMOULIN Michel (dir.), <em>La Belgique et les d\u00e9buts de la construction europ\u00e9enne, de la guerre aux trait\u00e9s de Rome<\/em>, actes du colloque de Louvain la neuve, f\u00e9vrier 1987, Louvain la Neuve-Bruxelles, CIACO, 1987<\/p>\n<p style=\"font-weight: 400;\">DUMOULIN Michel (dir.),<em> Penser l\u2019Europe \u00e0 l\u2019aube des ann\u00e9es trente: quelques contributions belges<\/em>, Louvain la Neuve, Coll\u00e8ge Erasme et Bruxelles, Nauwelaerts, 1995<\/p>\n<p style=\"font-weight: 400;\">DUMOULIN Michel (dir.), <em>Plans des temps de guerre pour l\u2019Europe d\u2019apr\u00e8s-guerre (1940-1947)<\/em>, Bruxelles-Milano-Paris-Baden-Baden, Bruylant-Giuffr\u00e8-L.G.D.J.-Nomos Verlag, 1995<\/p>\n<p style=\"font-weight: 400;\">DUMOULIN Michel (sous la direction de), <em>L\u2019\u00e9chec de la CED (1954), Le\u00e7ons pour demain?<\/em>, Bern, Peter Lang, Euroclio, 1999<\/p>\n<p style=\"font-weight: 400;\">DUMOULIN Michel (dir.), <em>La Communaut\u00e9 europ\u00e9enne de d\u00e9fense, le\u00e7ons pour demain? The European Defence Community, Lessons for the Future?<\/em>, Bern, Peter Lang, 2000<\/p>\n<p style=\"font-weight: 400;\">DUMOULIN Michel (dir.), <em>R\u00e9seaux \u00e9conomiques et construction europ\u00e9enne. Economic Networks and European Integration<\/em>, Bern, Peter Lang, 2004<\/p>\n<p style=\"font-weight: 400;\">DUMOULIN Michel, DUTRIEU Anne-Myriam, <em>La Ligue europ\u00e9enne de Coop\u00e9ration \u00c9conomique. Un groupe d&#8217;\u00e9tude et de pression dans la construction europ\u00e9enne<\/em>, Berne, Peter Lang, 1993<\/p>\n<p style=\"font-weight: 400;\">DUMOULIN Michel, GIRAULT Ren\u00e9, TRAUSCH Gilbert (dir.), <em>L\u2019Europe du patronat, de la guerre froide aux ann\u00e9es soixante<\/em>, actes du colloque de Louvain la Neuve, mai 1990, Berne, Peter Lang, 1993<\/p>\n<p style=\"font-weight: 400;\">DUMOULIN Michel, GUISSEN Pierre, VA\u00cfSSE Maurice (dir.), <em>L\u2019\u00e9nergie nucl\u00e9aire en Europe. <\/em><em>Des origines \u00e0 Euratom<\/em>, Actes des journ\u00e9es d&#8217;\u00e9tudes de Louvain-la-Neuve des 18 et 19 novembre 1991, Bern, Peter Lang, 1994<\/p>\n<p style=\"font-weight: 400;\">DU REAU \u00c9lisabeth, <em>L\u2019id\u00e9e d\u2019Europe au XXe si\u00e8cle: des mythes aux r\u00e9alit\u00e9s<\/em>, Bruxelles, Complexe, 1996<\/p>\n<p style=\"font-weight: 400;\">DU REAU \u00c9lisabeth (dir.), <em>Europe des \u00e9lites? Europe des peuples? <\/em><em>La construction de l\u2019espace europ\u00e9en, 1945-1960<\/em>, actes du colloque de mai 1996, Paris, Presses de la Sorbonne nouvelle, 1998<\/p>\n<p style=\"font-weight: 400;\">DU REAU \u00c9lisabeth, MANIGAND Christine, <em>Vers la r\u00e9unification de l&#8217;Europe. Apports et limites du processus d&#8217;Helsinki de 1975 \u00e0 nos jours<\/em>, Paris, L\u2019Harmattan, 2005<\/p>\n<p style=\"font-weight: 400;\">ELLI Mauro, <em>Politica estera ed ingegneria nucleare. I rapporti del Regno Unito con l&#8217;Euratom (1957-1963)<\/em>, Milano, Unicopli, 2007<\/p>\n<p style=\"font-weight: 400;\">ELLWOOD Daniel W., <em>Building Europe. Western Europe, America and Postwar Reconstruction<\/em>, London-New York, Longman, 1992 (ed. it. <em>L\u2019Europa ricostruita. Politica ed economia tra Stati Uniti ed Europa occidentale 1945-1955<\/em>, Bologna, Il Mulino, 1994)<\/p>\n<p style=\"font-weight: 400;\">FAGES RAMI\u00d2 Roc, L\u00d2PEZ MOMP\u00d2 Fernando, <em>1956-2006: de la autarqu\u00eca a la Constituci\u00f2n europea. 50 a\u00f1os del Comit\u00e9 espa\u00f1ol de la L.E.C.E.<\/em>, Barcelona, Comit\u00e9 espa\u00f1ol de la L.E.C.E., 2006<\/p>\n<p style=\"font-weight: 400;\">FAURI Francesca, <em>L\u2019Italia e l\u2019integrazione economica europea 1947-2000<\/em>, Bologna, Il Mulino, 2001<\/p>\n<p style=\"font-weight: 400;\">FAURI Francesca, <em>L\u2019integrazione prematura. Le relazioni economiche europee dalla met\u00e0 dell\u2019Ottocento alla Grande Guerra<\/em>, Bologna, CLUEB, 2005<\/p>\n<p style=\"font-weight: 400;\">FAURI Francesca, <em>L\u2019integrazione economica europea 1947-2006<\/em>, Bologna, Il Mulino, 2006<\/p>\n<p style=\"font-weight: 400;\">FLEURY Antoine, FRANK Robert (dir.), <em>Le r\u00f4le des guerres dans la m\u00e9moire des Europ\u00e9ens. Leur effet sur la conscience d&#8217;\u00eatre europ\u00e9en<\/em>, Bern, Peter Lang, 1997<\/p>\n<p style=\"font-weight: 400;\">FLEURY Antoine, JILEK Lubor (dir.), <em>Le plan Briand d\u2019union f\u00e9d\u00e9rale europ\u00e9enne: perspectives nationales et transnationales,<\/em> avec documents, actes du colloque de septembre 1991, Gen\u00e8ve, Gen\u00e8ve-Fondation des archives europ\u00e9ennes et Berne-Peter Lang, 1998<\/p>\n<p style=\"font-weight: 400;\">FOLGUERA, Pilar, <em>Historia de la Unidad Europea<\/em>, Madrid, Ediciones de la Universidad Auton\u00f3ma, 1997<\/p>\n<p style=\"font-weight: 400;\">FRANK Robert, BOSSUAT G\u00e9rard (dir.), <em>Les identit\u00e9s europ\u00e9ennes au XXe si\u00e8cle: diversit\u00e9s, convergences et solidarit\u00e9s<\/em>, Paris, Publications de la Sorbonne, 2004<\/p>\n<p style=\"font-weight: 400;\">FRITSCH-BOURNAZEL Renata, <em>Europe and German Unification<\/em>, Oxford, Berg, 1992<\/p>\n<p style=\"font-weight: 400;\">GEHLER Michael, <em>Vom Marshall-Plan bis zur EU. \u00d6sterreich und die europ\u00e4ische Integration von 1945 bis zur Gegenwart<\/em>, Innsbruck, Studien Verlag, 2006<\/p>\n<p style=\"font-weight: 400;\">GEMELLI Giuliana (ed.), <em>The \u201cUnacceptables\u201d. American Foundations and Refugee Scholars between the Two Wars and after<\/em>, Bern, Peter Lang, 2000<\/p>\n<p style=\"font-weight: 400;\">GEMELLI Giuliana, MACLEOD Roy (eds.), <em>American Foundations in Europe. Grant-Giving Policies, Cultural Diplomacy and Trans-Atlantic Relations, 1920-1980<\/em>, Bern, Peter Lang, 2003<\/p>\n<p style=\"font-weight: 400;\">GERBET Pierre, <em>La France et l\u2019int\u00e9gration europ\u00e9enne: essai d\u2019historiographie<\/em>, Berne, Peter Lang, 1995<\/p>\n<p style=\"font-weight: 400;\">GERBET Pierre, <em>La construction de l\u2019Europe<\/em>, Paris, Imprimerie Nationale, 1999<\/p>\n<p style=\"font-weight: 400;\">GERBET Pierre, <em>1957. La naissance du March\u00e9 Commun<\/em>, Bruxelles, Complexe, 2007<\/p>\n<p style=\"font-weight: 400;\">GEORGE Stephen, <em>An Awkward Partner: Britain and European Community<\/em>, Oxford, Oxford University Press, 1998<\/p>\n<p style=\"font-weight: 400;\">GILBERT Mark, <em>Surpassing Realism. The Politics of European Integration since 1945<\/em>, Lanham, Rowman &amp; Littlefield, 2003 (ed. it. ridotta e aggiornata, <em>Storia politica dell\u2019integrazione europea<\/em>, Roma-Bari, Laterza, 2005)<\/p>\n<p style=\"font-weight: 400;\">GILLINGHAM John, <em>Coal Steel and the Rebirth of Europe, 1945-1955: The Germans and French from Ruhr Conflict to Economic Community<\/em>, Cambridge, Cambridge University Press, 1991<\/p>\n<p style=\"font-weight: 400;\">GILLINGHAM John,<em> European Integration, 1950-2003: Superstate or New Market Economy?<\/em>, Cambridge, Cambridge University Press, 2003<\/p>\n<p style=\"font-weight: 400;\">GIRAULT Ren\u00e9,<em> Conscience et identit\u00e9 europ\u00e9enne au XXe si\u00e8cle<\/em>, Paris, Hachette, 1994<\/p>\n<p style=\"font-weight: 400;\">GIRAULT Ren\u00e9, BOSSUAT G\u00e9rard (dir.), <em>L\u2019Europe des Europ\u00e9ens<\/em>, Paris, Publications de la Sorbonne, 1993<\/p>\n<p style=\"font-weight: 400;\">GIRAULT Ren\u00e9, BOSSUAT G\u00e9rard (dir.), <em>Europe bris\u00e9e, Europe renouvel\u00e9e. Nouvelles r\u00e9flexions sur l\u2019unit\u00e9 europ\u00e9enne au XXe si\u00e8cle<\/em>, Paris, Publications de la Sorbonne, 1994<\/p>\n<p style=\"font-weight: 400;\">GIRAULT Ren\u00e9, L\u00c9VY-LEBOYER Maurice (dir.), <em>Le Plan Marshall et le rel\u00e8vement \u00e9conomique de l\u2019Europe<\/em>, Paris, Comit\u00e9 pour l\u2019histoire \u00e9conomique et financi\u00e8re de la France, 1993<\/p>\n<p style=\"font-weight: 400;\">GOUZY Jean-Pierre, <em>Les mouvements pour l\u2019unit\u00e9 europ\u00e9enne: leur histoire contemporaine<\/em>, Paris, 1968<\/p>\n<p style=\"font-weight: 400;\">GOUZY Jean-Pierre, <em>Les pionniers de l\u2019Europe communautaire<\/em>, Lausanne, Centre de Recherches europ\u00e9ennes, 1968<\/p>\n<p style=\"font-weight: 400;\">GOUZY Jean-Pierre, <em>La France et le Communaut\u00e9s europ\u00e9ennes<\/em>, Paris, 1997<\/p>\n<p style=\"font-weight: 400;\">GRAGLIA Piero, <em>Unit\u00e0 europea e federalismo. Da \u201cGiustizia e Libert\u00e0\u201d ad Altiero Spinelli<\/em>, Bologna, Il Mulino, 1996<\/p>\n<p style=\"font-weight: 400;\">GRAZI Laura, <em>L\u2019Europa e le citt\u00e0. La questione urbana nel processo di integrazione europea (1957-1999)<\/em>, Bologna, Il Mulino, 2007<\/p>\n<p style=\"font-weight: 400;\">GREILSAMMER Alain, <em>Les mouvements f\u00e9d\u00e9ralistes en France de 1945 \u00e0 1974<\/em>, Paris-Nice, Presses d\u2019Europe, 1975<\/p>\n<p style=\"font-weight: 400;\">GRIFFITHS Richard T. (ed.), <em>The Netherlands and the Integration of Europe 1945-1957<\/em>, Amsterdam, NEHA, 1990<\/p>\n<p style=\"font-weight: 400;\">GRILLI Enzo, <em>The EC and the Developing Countries<\/em>, Cambridge, Cambridge University Press, 1994<\/p>\n<p style=\"font-weight: 400;\">GROSBOIS Thierry, <em>L&#8217;id\u00e9e europ\u00e9enne en temps de guerre dans le Benelux. 1940-1944<\/em>, Louvain-la-Neuve, Academia, 1994<\/p>\n<p style=\"font-weight: 400;\">GUASCONI Maria Eleonora, <em>L\u2019Europa tra continuit\u00e0 e cambiamento. Il vertice dell&#8217;Aja del 1969 e il rilancio della costruzione europea<\/em>, Firenze, Polistampa, 2004<\/p>\n<p style=\"font-weight: 400;\">HAAS Ernst, <em>The Uniting of Europe. Political, Social and Economic Forces in Europe 1950-1957<\/em>, Stanford (CA), Stanford University Press, 1958<\/p>\n<p style=\"font-weight: 400;\">HAMON Dominique, KELLER Ivan Serge, <em>Fondements et \u00e9tapes de la construction europ\u00e9enne<\/em>, Paris, Presses Universitaires de France, 1997<\/p>\n<p style=\"font-weight: 400;\">HEDERMAN Miriam, <em>The Road to Europe. Irish Attitude 1948-1961<\/em>, Dublin, Dublin Institute of Public Administration, 1983<\/p>\n<p style=\"font-weight: 400;\">HENDRIKS Gisela, <em>Germany and European Integration. The CAP: An Area of Conflict<\/em>, Oxford, Berg, 1991<\/p>\n<p style=\"font-weight: 400;\">HITCHCOCK William, <em>Il continente diviso. Storia dell\u2019Europa dal 1945 a oggi<\/em>, Roma, Carocci, 2003<\/p>\n<p style=\"font-weight: 400;\">HOGAN Michael, <em>The Marshall Plan: America, Britain and the Reconstruction of Western Europe 1947-1952<\/em>, Cambridge-New York, Cambridge University Press, 1987<\/p>\n<p style=\"font-weight: 400;\">HOLMES Michael (ed.), <em>Ireland and the European Union: Nice, Enlargement and the Future of Europe<\/em>, Manchester, Manchester University Press, 2005<\/p>\n<p style=\"font-weight: 400;\">HORBER Thomas, <em>The Foundations of Europe: European Integration Ideas in France, Germany and Britain in the 1950s<\/em>, Wiesbaden, VS Verlag f\u00fcr sozialwissenschaften, 2006<\/p>\n<p style=\"font-weight: 400;\">HUDEMANN Rainer, KAELBLE Hartmut, SCHWABE Klaus (eds.), <em>Europa im Blick der Historiker<\/em>, M\u00fcnchen, Oldenbourg, 1995<\/p>\n<p style=\"font-weight: 400;\">ISONI Alessandro, <em>L\u2019Alta Autorit\u00e0 del carbone e dell\u2019acciaio. Alle origini di una istituzione pubblica<\/em>, Lecce, Universit\u00e0 degli Studi di Lecce, Scuola Superiore ISUFI, ARGO, 2006<\/p>\n<p style=\"font-weight: 400;\">JANSEN Thomas, <em>The European People\u2019s Party. Origins and Development<\/em>, London, Macmillan, 1998<\/p>\n<p style=\"font-weight: 400;\">KAISER Wolfram, <em>Using Europe, Abusing the Europeans. Britain and European Integration 1945-1963<\/em>, London, Macmillan, 1996<\/p>\n<p style=\"font-weight: 400;\">KINSKY Ferdinand, KNIPPING Franz (eds.), <em>Le f\u00e9d\u00e9ralisme personnaliste aux sources de l&#8217;Europe de demain<\/em>, Baden-Baden, Nomos Verlag, 1996<\/p>\n<p style=\"font-weight: 400;\">KIPPING Matthias, <em>La France et les origines de l\u2019Union europ\u00e9enne, 1944-1952: int\u00e9gration \u00e9conomique et comp\u00e9titivit\u00e9 internationale<\/em>, Paris, Comit\u00e9 pour l\u2019histoire \u00e9conomique et financi\u00e8re de la France, 2002<\/p>\n<p style=\"font-weight: 400;\">KITZINGER Uwe, <em>The European Common Market and Community<\/em>, New York, Barnes &amp; Noble, 1967<\/p>\n<p style=\"font-weight: 400;\">KLAUSEN Jytte, TILLY Louise (eds.), <em>European Integration in Social and Historical Perspective. 1850 to the Present<\/em>, Lanham, Rowman &amp; Littlefield Publishers, 1997<\/p>\n<p style=\"font-weight: 400;\">KNIPPING Franz, <em>Rom, 25 M\u00e4rz 1957: Das Einung Europas<\/em>, M\u00fcnchen, Deutscher Taschenbuch Verlag, 2004<\/p>\n<p style=\"font-weight: 400;\">KOHNSTAMM Max, HAGER Wolfgang (eds.), <em>A Nation Writ Large? Foreign Policy Problems before the European Community<\/em>, London, Macmillan, 1973<\/p>\n<p style=\"font-weight: 400;\">KRIGE John, RUSSO Arturo (eds.), <em>A History of the European Space Agency, 1958-1987<\/em>, Noordwijk, ESA Publication Division, 2000<\/p>\n<p style=\"font-weight: 400;\">LAGER Carole, <em>L&#8217;Europe en qu\u00eate de ses symboles<\/em>, Bern, Peter Lang, 1995<\/p>\n<p style=\"font-weight: 400;\">LANDUYT Ariane (a cura di), <em>Idee d\u2019Europa e integrazione europea<\/em>, Bologna, Il Mulino, 2004<\/p>\n<p style=\"font-weight: 400;\">LANDUYT Ariane, PASQUINUCCI Daniele (a cura di), <em>Gli allargamenti della CEE\/UE 1961-2004<\/em>, voll. 2, Bologna, Il Mulino, 2005<\/p>\n<p style=\"font-weight: 400;\">LAPTOS J\u00f3zef, MISZTAL Mariusz (eds.), <em>American Debates on Central European Union, 1942-1944 Documents of the American State Department<\/em>, Bern, Peter Lang, 2002<\/p>\n<p style=\"font-weight: 400;\">LARAT Fabrice, <em>Histoire politique de l\u2019int\u00e9gration europ\u00e9enne (1945-2003)<\/em>, Paris, La Documentation Fran\u00e7aise, 2003<\/p>\n<p style=\"font-weight: 400;\">LASCHI Giuliana, <em>L\u2019agricoltura italiana e l\u2019integrazione europea<\/em>, Bern, Peter Lang, 1999<\/p>\n<p style=\"font-weight: 400;\">LASCHI Giuliana, <em>L\u2019Unione europea. Storia, istituzioni, politiche<\/em>, Roma, Carocci, 2001<\/p>\n<p style=\"font-weight: 400;\">LASCHI Giuliana, <em>Il pensiero e la forma europea della politica<\/em>, Bologna, CLUEB, 2007<\/p>\n<p style=\"font-weight: 400;\">LASCHI Giuliana (a cura di), <em>Il pensiero e la forma europea della politica<\/em>, Bologna, CLUEB, 2007<\/p>\n<p style=\"font-weight: 400;\">LASCHI Giuliana (a cura di), <em>Una democrazia senza Costituzione? L\u2019Europa e gli europei dopo i referendum<\/em>, Bologna, CLUEB, 2007<\/p>\n<p style=\"font-weight: 400;\">LAY Fernando (a cura di), <em>L\u2019iniziativa italo-tedesca per il rilancio dell\u2019Unione europea. Origini e sviluppi della Dichiarazione di Stoccarda<\/em>, Padova, Cedam, 1983<\/p>\n<p style=\"font-weight: 400;\">LEONARD Dick, LEONARD Mark (eds.),<em> The Pro-European Reader<\/em>, Basingstoke, Palgrave, 2002<\/p>\n<p style=\"font-weight: 400;\">LEVI Guido, <em>L\u2019origine del federalismo europeo organizzato a Genova e in Liguria. Dalla Resistenza alla petizione per il Patto di Unione federale dell\u2019Europa (1943-1950)<\/em>, Genova, Ecig, 2000<\/p>\n<p style=\"font-weight: 400;\">LEVI Guido (a cura di), <em>Per una storia del federalismo europeo in Liguria. Materiali e documenti<\/em>, Genova, Ecig, 2007<\/p>\n<p style=\"font-weight: 400;\">LEVI Lucio,<em> L\u2019unificazione europea. Trent\u2019anni di storia<\/em>, Torino, SEI, 1979<\/p>\n<p style=\"font-weight: 400;\">LEVI Lucio, <em>Il federalismo<\/em>, Milano, FrancoAngeli, 1987<\/p>\n<p style=\"font-weight: 400;\">LEVI Lucio, <em>Il pensiero federalista<\/em>, Roma-Bari, Laterza, 2002<\/p>\n<p style=\"font-weight: 400;\">LEVI Lucio, MORELLI Umberto, <em>L\u2019unificazione europea. Cinquant\u2019anni di storia<\/em>, Torino, Celid, 1994<\/p>\n<p style=\"font-weight: 400;\">LEVI Lucio, PISTONE Sergio, <em>Trent\u2019anni di vita del Movimento Federalista Europeo<\/em>, Milano, FrancoAngeli, 1973<\/p>\n<p style=\"font-weight: 400;\">LIESHOUT Robert H., <em>The Struggle for the Organization of Europe<\/em>, Northampton (MA), Edward Elgar, 1999<\/p>\n<p style=\"font-weight: 400;\">LIPGENS Walter, <em>A History of European Integration<\/em>, Oxford, Clarendon Press, 1982<\/p>\n<p style=\"font-weight: 400;\">LIPGENS Walter, LOTH Wilfried (a cura di), <em>Documents on the History of European Integration 1940-1950<\/em>, 4 voll., Berlin-New York, DeGruyter, 1985-1991<\/p>\n<p style=\"font-weight: 400;\">LORD DAVIES, <em>A Federated Europe<\/em>, London, New Commonwealth Society Press, 1940<\/p>\n<p style=\"font-weight: 400;\">LOTH Wilfried, <em>The Road Towards Europe: History of European Integration 1939-1957<\/em>, Gottingen, Vandenhoeck und Ruprecht, 1990<\/p>\n<p style=\"font-weight: 400;\">LOTH Wilfried (ed.), <em>Crises and Compromises: The European Project 1963-1969<\/em>, Baden-Baden, Nomos Verlag, Bruxelles, Bruylant, 2001<\/p>\n<p style=\"font-weight: 400;\">LOTH Wilfried (ed.), <em>Europe, Cold War and Co-existence (1953-1965)<\/em>, London, Frank Cass, 2004<\/p>\n<p style=\"font-weight: 400;\">LUCAS Hans-Dieter, <em>Europa vom Atlantik bis zum Ural: Europapolitik und Europadenken im Frankreich der \u00c4ra de Gaulle (1958-1969)<\/em>, Bonn, Bouvier, 1992<\/p>\n<p style=\"font-weight: 400;\">LUDLOW Peter, <em>The Making of the European Monetary System<\/em>, London, Butterworths, 1982<\/p>\n<p style=\"font-weight: 400;\">LUDLOW N. Piers, <em>Dealing with Britain: The Six and the First UK Membership Application Cambridge<\/em>, Cambridge University Press, 1997<\/p>\n<p style=\"font-weight: 400;\">LUDLOW N. Piers, <em>The European Community and the Crises of the 1960s: Negotiating the Gaullist Challenge<\/em>, London, Routledge, 2006<\/p>\n<p style=\"font-weight: 400;\">LUNDESTAD Geir, <em>\u201cEmpire\u201d by Integration. The United States and European Integration, 1945-1997<\/em>, Oxford, Oxford University Press, 1998<\/p>\n<p style=\"font-weight: 400;\">MAES Ivo, <em>On the Origins of the Franco-German EMU Controversies<\/em>, Bruxelles, Banque nationale de Belgique, 2002<\/p>\n<p style=\"font-weight: 400;\">MAGGIORANI Mauro, <em>L\u2019Europa degli altri. Comunisti italiani e integrazione europea (1957-1969)<\/em>, Roma, Carocci, 1998<\/p>\n<p style=\"font-weight: 400;\">MAGGIORANI Mauro, <em>La sfida dell\u2019Unione. Storia, economia e culture dell\u2019Europa unita<\/em>, Bologna, CLUEB, 2004<\/p>\n<p style=\"font-weight: 400;\">MAGGIORANI Mauro, FERRARI Paolo (a cura di), <em>L\u2019Europa da Togliatti a Berlinguer. Testimonianze e documenti 1945-1984<\/em>, Bologna, Il Mulino, 2005<\/p>\n<p style=\"font-weight: 400;\">MAJOCCHI Luigi Vittorio, <em>La difficile costruzione dell\u2019unit\u00e0 europea<\/em>, Milano, Jaca Book, 1996<\/p>\n<p style=\"font-weight: 400;\">MAJOCCHI Luigi Vittorio, ROSSOLILLO Francesco, <em>Il Parlamento europeo. Significato storico di un\u2019elezione<\/em>, Napoli, Guida, 1979<\/p>\n<p style=\"font-weight: 400;\">MALANDRINO Corrado,<em> Socialismo e libert\u00e0. Autonomie, federalismo, Europa da Rosselli a Silon<\/em>e, Milano, FrancoAngeli, 1990<\/p>\n<p style=\"font-weight: 400;\">MALANDRINO Corrado, <em>Federalismo. Storia, idee, modelli<\/em>, Roma, Carocci, 1998<\/p>\n<p style=\"font-weight: 400;\">MALANDRINO Corrado (a cura di), <em>Alle origini dell\u2019europeismo in Piemonte. La crisi del primo dopoguerra, la cultura piemontese e il problema dell\u2019unit\u00e0 europea<\/em>, Torino, Fondazione Einaudi, 1993<\/p>\n<p style=\"font-weight: 400;\">MALANDRINO Corrado (a cura di), <em>Un popolo per l\u2019Europa unita. Fra dibattito storico e nuove prospettive teoriche e politiche<\/em>, Firenze, Olschki, 2004<\/p>\n<p style=\"font-weight: 400;\">MAMMARELLA Giuseppe, <em>Imparare l\u2019Europa<\/em>, Bologna, Il Mulino, 1994<\/p>\n<p style=\"font-weight: 400;\">MAMMARELLA Giuseppe, <em>Destini incrociati. Europa e Stati Uniti 1900-2003<\/em>, Roma-Bari, Laterza, 2003<\/p>\n<p style=\"font-weight: 400;\">MAMMARELLA Giuseppe, <em>Storia d\u2019Europa dal 1945 a oggi<\/em>, Roma-Bari, Laterza, 2003<\/p>\n<p style=\"font-weight: 400;\">MAMMARELLA Giuseppe, CACACE Paolo, <em>Storia e politica dell\u2019Unione europea 1926-2003<\/em>, Roma-Bari, Laterza, 2004<\/p>\n<p style=\"font-weight: 400;\">MASSIGLI Ren\u00e9e, <em>Une com\u00e9die des erreurs 1943-1956. <\/em><em>Souvenirs et r\u00e9flexions sur une \u00e9tape de la construction europ\u00e9enne<\/em>, Paris, Plon, 1978<\/p>\n<p style=\"font-weight: 400;\">MASTRONARDI Francesco, <em>Storia dell\u2019integrazione europea. L\u2019Europa alla ricerca della propria identit\u00e0<\/em>, Napoli, Edizioni Simone, 2006<\/p>\n<p style=\"font-weight: 400;\">MAUSSOULI\u00c9 Fran\u00e7ois, GANTELET Gilles, GENTON Dennis, <em>La costruzione dell\u2019Europa<\/em>, Firenze, Giunti, 1997<\/p>\n<p style=\"font-weight: 400;\">MAYNE Richard J., <em>The Recovery of Europe from Devastation to Unity<\/em>, New York, Harper, 1979<\/p>\n<p style=\"font-weight: 400;\">MAYNE Richard J., PINDER John, <em>Federal Union: The Pioneers. <\/em><em>A History of Federal Union<\/em>, London, Macmillan, 1990<\/p>\n<p style=\"font-weight: 400;\">M\u00c9LANDRI Pierre, <em>Les \u00c9tats-Unis face \u00e0 l\u2019unification de l\u2019Europe (1945-1954)<\/em>, Paris, Pedone, 1980<\/p>\n<p style=\"font-weight: 400;\">MELCHIONNI Maria Grazia, <em>Europa sogno dei saggi<\/em>, Venezia, Marsilio, 2001<\/p>\n<p style=\"font-weight: 400;\">MENY Yves, WRIGHT Vincent (eds.), <em>The Politics of Steel: Western Europe and the Steel Industry in the Crisis Years (1974-1984)<\/em>, Berlin, De Gruyter, 1987<\/p>\n<p style=\"font-weight: 400;\">MILES Lee, <em>Fusing with Europe? Sweden in the European Union<\/em>, Aldershot, Ashgate, 2005<\/p>\n<p style=\"font-weight: 400;\">MILWARD Alain, <em>The Reconstruction of Western Europe 1945-1951<\/em>, London, Methuen &amp; Co, 1984, (London, Routledge, 1992)<\/p>\n<p style=\"font-weight: 400;\">MILWARD Alain, <em>The European Rescue of the Nation State<\/em>, London, Routledge, 2000<\/p>\n<p style=\"font-weight: 400;\">MILWARD Alain, <em>The Rise and Fall of a National Strategy<\/em>, 1945-1963, London-Portland, Frank Cass, 2003<\/p>\n<p style=\"font-weight: 400;\">MILWARD Alain, BRENNAN George, ROMERO Federico, <em>The European Rescue of the Nation State<\/em>, London, Routledge, 2000<\/p>\n<p style=\"font-weight: 400;\">MILWARD Alain, LYNCH Frances M. B., ROMERO Federico, RANIERI Ruggero, SORENSEN Vibeke, <em>The Frontier of National Sovereignty. History and Theory 1945-1992<\/em>, London, Routledge, 1993<\/p>\n<p style=\"font-weight: 400;\">MINARDI Salvatore, <em>Origine e vicende del progetto di unione europea di Briand<\/em>, Caltanisetta, Sciascia, 1994<\/p>\n<p style=\"font-weight: 400;\">MISTRI Maurizio, <em>Lineamenti di storia dell\u2019integrazione europea<\/em>, Padova, Liviana, 1977<\/p>\n<p style=\"font-weight: 400;\">MISTRI Maurizio, <em>L\u2019integrazione europea nell\u2019ambito della guerra fredda<\/em>, Padova, Liviana, 1979<\/p>\n<p style=\"font-weight: 400;\">MOGUEN-TOURSEL Marine, <em>L&#8217;ouverture des fronti\u00e8res europ\u00e9ennes dans les ann\u00e9es 50. Fruit d&#8217;une concertation avec les industriels?<\/em>, Bern, Peter Lang, 2002<\/p>\n<p style=\"font-weight: 400;\">MOGUEN-TOURSEL Marine (dir.), <em>Strat\u00e9gies d&#8217;entreprise et action publique dans l&#8217;Europe int\u00e9gr\u00e9e (1950-1980). Firm Strategies and Public Policy in Integrated Europe (1950-1980) Affrontement et apprentissage des acteurs. <\/em><em>Confrontation and Learning of Economic Actors<\/em>, Bern, Peter Lang, 2007<\/p>\n<p style=\"font-weight: 400;\">MORELLI Umberto, <em>L\u2019Unione europea. Storia, istituzioni, politiche. Materiali e proposte di lavoro interdisciplinari<\/em>, Torino, Loescher, 2007<\/p>\n<p style=\"font-weight: 400;\">MORELLI Umberto (a cura di), <em>L\u2019Unione europea e le sfide del XXI secolo. Storia, istituzioni, diritto, societ\u00e0, economia, ruolo internazionale<\/em>, Torino, Celid, 2000<\/p>\n<p style=\"font-weight: 400;\">MORENO JUSTE Antonio, <em>Espa\u00f1a y el proceso de la construcci\u00f3n europea<\/em>, Barcelona, Ariel, 1998<\/p>\n<p style=\"font-weight: 400;\">MOUSSON-LESTANG Jean Pierre, <em>La Scandinavie et l\u2019Europe de 1945 \u00e0 nos jours<\/em>, Paris, PUF, 1990<\/p>\n<p style=\"font-weight: 400;\">MUET Yannick, <em>Le d\u00e9bat europ\u00e9en dans l\u2019entre-deux-guerres<\/em>, Paris, Economica, 1997<\/p>\n<p style=\"font-weight: 400;\">NAMAZOVA Alla Sergeevna, EMERSON Barbara (ed.), <em>Istoria Evropeiskoi Integratisii 1945-1994<\/em>, Moscow, Ran, 1995<\/p>\n<p style=\"font-weight: 400;\">NAPOLITANO Giorgio, <em>Europa politica<\/em>, Roma, Donzelli, 2003<\/p>\n<p style=\"font-weight: 400;\">NERI GUALDESI Marinella, <em>Il cuore a Bruxelles, la mente a Roma. Storia della partecipazione italiana alla costruzione dell&#8217;unit\u00e0 europea<\/em>, Pisa ETS, 2004<\/p>\n<p style=\"font-weight: 400;\">N\u00d6EL Gilbert, <em>France, Allemagne et \u201cEurope verte\u201d<\/em>, Bern, Peter Lang, 1995<\/p>\n<p style=\"font-weight: 400;\">N\u00d6EL Gilbert, <em>Le Conseil de l&#8217;Europe et l&#8217;agriculture. Id\u00e9alisme politique europ\u00e9en et r\u00e9alisme \u00e9conomique national (1949-1957)<\/em>, Bern, Peter Lang, 1999<\/p>\n<p style=\"font-weight: 400;\">NOURRY Chrystelle, <em>Le couple franco-allemand: un symbole europ\u00e9en<\/em>, Bruxelles, Bruylant, 2005<\/p>\n<p style=\"font-weight: 400;\">OLIVI Bino, <em>L\u2019Europa difficile. Storia politica dell\u2019integrazione europea (1948-2003)<\/em>, Bologna, Il Mulino, 2003<\/p>\n<p style=\"font-weight: 400;\">OLIVI Bino, SANTANIELLO Roberto, <em>Storia dell\u2019integrazione europea<\/em>, Bologna, Il Mulino, 2005<\/p>\n<p style=\"font-weight: 400;\">OLSSON Ulf, <em>Business and European Integration since 1800. Regional, National and International Perspectives<\/em>, G\u00f6teborg, EBHA, 1997<\/p>\n<p style=\"font-weight: 400;\">PALAYRET Jean-Marie, WALLACE Helen, WINAND Pascaline (eds.), <em>Visions, Votes, and Vetoes: the Empty Chair Crisis and the Luxembourg Compromise Forty Years On<\/em>, Brussels, Peter Lang, 2006<\/p>\n<p style=\"font-weight: 400;\">PAPA Emilio, <em>Storia dell\u2019unificazione europea. Dall\u2019idea di Europa al Trattato per una nuova Costituzione europea<\/em>, Milano, Bompiani, 2006<\/p>\n<p style=\"font-weight: 400;\">PARR Helen, <em>Britain\u2019s Policy Towards the European Community. Harold Wilson and Britain\u2019s World Role<\/em>, 1964-1967, London, Routledge, 2005<\/p>\n<p style=\"font-weight: 400;\">PASQUINUCCI Daniele, <em>Dalla piccola alla grande Europa<\/em>, Bologna, Clueb, 2006<\/p>\n<p style=\"font-weight: 400;\">PASQUINUCCI Daniele, VERZICHELLI Luca, <em>Elezioni europee e classe politica sopranazionale 1979-2004<\/em>, Bologna, Il Mulino, 2004<\/p>\n<p style=\"font-weight: 400;\">P\u00c9REZ S\u00c1NCHEZ Guillermo A. (coord.), <em>Historia de la integraci\u00f3n europea<\/em>, Barcelona, Ariel, 2001<\/p>\n<p style=\"font-weight: 400;\">PETRINI Francesco, <em>Il liberismo a una dimensione: la Confindustria e l&#8217;integrazione europea, 1947-1957<\/em>, Milano, FrancoAngeli, 2005<\/p>\n<p style=\"font-weight: 400;\">PICCARDO Lara, <em>L\u2019Europa del nuovo millennio. Storia del quinto allargamento (1989-2007)<\/em>, Bologna, CLUEB, 2007<\/p>\n<p style=\"font-weight: 400;\">PIGLIACELLI Filippo, <em>Una nuova frontiera per l\u2019Europa. Storia della cooperazione spaziale europea (1958-2005)<\/em>, Bologna, CLUEB, 2006<\/p>\n<p style=\"font-weight: 400;\">PINDER John, <em>Fifty Years of Political and Economic Planning, 1931-1981<\/em>, London, Heinemann, 1981<\/p>\n<p style=\"font-weight: 400;\">PINDER John, <em>European Union: A Very Short Introduction<\/em>, Oxford, Oxford University Press, 2001<\/p>\n<p style=\"font-weight: 400;\">PIROTTE Olivier, GIRERD Pascal, MARSAL Pierre, MORSON Sylviane, <em>Trente ans d\u2019exp\u00e9rience EURATOM<\/em>, Bruxelles, Bruylant, 1988<\/p>\n<p style=\"font-weight: 400;\">PISTONE Sergio, <em>Ludwig Dehio<\/em>, Napoli, Guida, 1977<\/p>\n<p style=\"font-weight: 400;\">PISTONE Sergio, <em>La Germania e l\u2019unit\u00e0 europea<\/em>, Napoli, Guida, 1978<\/p>\n<p style=\"font-weight: 400;\">PISTONE Sergio, <em>L\u2019Italia e l\u2019unit\u00e0 europea. Dalle premesse storiche all\u2019elezione diretta del Parlamento europeo<\/em>, Torino, Loescher, 1982 (ristampato nel 1996)<\/p>\n<p style=\"font-weight: 400;\">PISTONE Sergio, <em>L\u2019integrazione europea. Uno schizzo storico<\/em>, Torino, UTET, 1999<\/p>\n<p style=\"font-weight: 400;\">PISTONE Sergio (a cura di), <em>L\u2019idea dell\u2019unificazione europea tra la prima e la seconda guerra mondiale<\/em>, Torino, Fondazione Einaudi, 1975<\/p>\n<p style=\"font-weight: 400;\">PISTONE Sergio (a cura di), <em>I movimenti per l\u2019unit\u00e0 europea 1945-1954<\/em>, atti del Convegno internazionale, Pavia, 19-20-21 ottobre 1989, Milano, Jaca Book, 1992<\/p>\n<p style=\"font-weight: 400;\">PISTONE Sergio (a cura di), <em>I movimenti per l\u2019unit\u00e0 europea 1954-1969<\/em>, atti del Convegno internazionale, Genova, 5-6-7 novembre 1992), Pavia, Universit\u00e0 di Pavia, 1996<\/p>\n<p style=\"font-weight: 400;\">PISTONE Sergio, MALANDRINO Corrado (a cura di), <em>Europeismo e federalismo in Piemonte tra le due guerre mondiali, la Resistenza e i Trattati di Roma<\/em>, Firenze, Olschki, 1999<\/p>\n<p style=\"font-weight: 400;\">POGGIOLINI Ilaria, <em>Alle origini dell\u2019Europa allargata. La Gran Bretagna e l\u2019adesione alla CEE (1972-1973)<\/em>, Milano, Unicopli, 2004<\/p>\n<p style=\"font-weight: 400;\">POIDEVIN Raymond, <em>P\u00e9rip\u00e9ties franco-allemandes. Du milieu du XIXe si\u00e8cle aux ann\u00e9es 1950<\/em>, Bern, Peter Lang, 1995<\/p>\n<p style=\"font-weight: 400;\">POIDEVIN Raymond (dir.), <em>Histoire des d\u00e9buts de la construction europ\u00e9enne (mars 1948-mai 1950)<\/em>, Bruxelles-Milano-Paris-Baden-Baden, Bruylant-Giuffr\u00e8-L.G.D.J.-Nomos Verlag, 1986<\/p>\n<p style=\"font-weight: 400;\">PREDA Daniela,<em> Storia di una speranza. La battaglia per la CED e la Federazione europea<\/em>, Milano, Jaca Book, 1990<\/p>\n<p style=\"font-weight: 400;\">PREDA Daniela, <em>Sulla soglia dell\u2019Unione. La vicenda della Comunit\u00e0 politica europea (1952-1954)<\/em>, Milano, Jaca Book, 1994<\/p>\n<p style=\"font-weight: 400;\">PREDA Daniela, <em>Per una costituzione federale dell\u2019Europa. Lavori preparatori del Comitato di Studi presieduto da P. H. Spaak 1952-1953<\/em>, Padova, CEDAM, 1996<\/p>\n<p style=\"font-weight: 400;\">PREDA Daniela (a cura di), <em>Da Genova all\u2019Europa. La vocazione europea degli ambienti economici della Liguria nel secondo dopoguerra<\/em>, atti del convegno di Genova 7-8 maggio 2004 (organizzato nell\u2019ambito di Genova Capitale europea della Cultura 2004), Genova, Ecig, 2006<\/p>\n<p style=\"font-weight: 400;\">PREDA Daniela, LANDUYT Ariane (a cura di), <em>I movimenti per l\u2019unit\u00e0 europea 1970-1986<\/em>, Bologna, Il Mulino, 2000<\/p>\n<p style=\"font-weight: 400;\">PREDA Daniela, LEVI Guido (a cura di), <em>L\u2019europeismo in Liguria. Dal Risorgimento alla nascita dell\u2019Europa comunitaria<\/em>, Bologna, Il Mulino, 2002<\/p>\n<p style=\"font-weight: 400;\">PREDA Daniela, ROGNONI VERCELLI Cinzia (a cura di), <em>Dalla Resistenza all\u2019Europa. Il mondo di Luciano Bolis<\/em>, Pavia, Tipografia Commerciale Pavese, 2001<\/p>\n<p style=\"font-weight: 400;\">PREDA Daniela, ROGNONI VERCELLI Cinzia, <em>Storia e percorsi del federalismo. L\u2019eredit\u00e0 di Carlo Cattaneo<\/em>, voll. 2, Bologna, Il Mulino, 2005<\/p>\n<p style=\"font-weight: 400;\">PRIEUR Raymond, <em>La Communaut\u00e9 Europ\u00e9enne du Charbon et de l\u2019Acier. <\/em><em>Activit\u00e9 et \u00e9volution<\/em>, Paris, \u00c9ditions Montchrestien, 1962<\/p>\n<p style=\"font-weight: 400;\">PRYCE Roy (ed.), <em>The Dynamics of European Union<\/em>, London, Routledge, 1989<\/p>\n<p style=\"font-weight: 400;\">RACINE Raymond, <em>Vers une Europe nouvelle par le Plan Schuman<\/em>, Neuchatel, La Baconni\u00e8re, 1954<\/p>\n<p style=\"font-weight: 400;\">RAINERO Romain H. (a cura di), <em>Storia dell\u2019integrazione europea<\/em> (3 voll.: <em>I. L\u2019integrazione europea dalle origini alla nascita della CEE<\/em>; <em>II. L\u2019Europa dai Trattati di Roma alla caduta del Muro di Berlino<\/em>; <em>III. L\u2019Europa dal Trattato di Maastricht a\u2026 domani<\/em>), Settimo Milanese (MI), Marzorati, 1997-2001<\/p>\n<p style=\"font-weight: 400;\">RANIERI Ruggero, GIBELLIERI Enrico (eds.), <em>The Steel Industry in the New Millennium. <\/em><em>Institutions, Privatisations and Social Dimensions<\/em>, London, IoM Publications, 1998<\/p>\n<p style=\"font-weight: 400;\">RANIERI Ruggero, TOSI Luciano (a cura di), <em>La Comunit\u00e0 europea del carbone e dell\u2019acciaio (1952-2002). Gli esiti del Trattato in Europa e in Italia<\/em>, Padova, Cedam, 2004<\/p>\n<p style=\"font-weight: 400;\">RAPONE Leonardo, <em>Storia dell\u2019integrazione europea<\/em>, Roma, Carocci, 2002<\/p>\n<p style=\"font-weight: 400;\">REUTER Paul, <em>La Communaut\u00e9 Europ\u00e9enne du Charbon et de l\u2019Acier<\/em>, Paris, Pichon et Durant-Auzias, 1953<\/p>\n<p style=\"font-weight: 400;\">R\u00c9VEILLARD Christophe, <em>Les premi\u00e8res tentatives de construction d\u2019une Europe f\u00e9d\u00e9rale. <\/em><em>Des projets de la R\u00e9sitance au de CED (1945-1954)<\/em>, \u00c9ditions Fran\u00e7ois-Xavier de Guibert, 2001<\/p>\n<p style=\"font-weight: 400;\">REY Marie-Pierre, <em>Le dilemme russe. La Russie et l\u2019Europe occidentale d\u2019Ivan le Terrible \u00e0 Boris Eltsine<\/em>, Paris, Falammarion, 2002<\/p>\n<p style=\"font-weight: 400;\">RIEBEN Henry, VIANSSON-PONTE Pierre, MASSIP Roger, GERBET Pierre, FONTAINE Fran\u00e7ois, <em>La greffe europ\u00e9enne<\/em>, Lausanne, Centre de recherches europ\u00e9ennes, 1973<\/p>\n<p style=\"font-weight: 400;\">RISTE Olav, <em>Western Security. The Formative Years. A History of European Integration since 1945<\/em>, London, Longman, 1991<\/p>\n<p style=\"font-weight: 400;\">RISTE Olav (edited by), <em>Western Security. The Formative Years. European and Atlantic Defence<\/em>, 1947-1953, Oslo, Norwegian University Press, 1985<\/p>\n<p style=\"font-weight: 400;\">ROLLAND Patrice, <em>L\u2019unit\u00e9 politique de l\u2019Europe, histoire d\u2019une id\u00e9e. Les grands textes<\/em>, Bruxelles, Bruylant, 2006<\/p>\n<p style=\"font-weight: 400;\">ROMANO Sergio, <em>Europa. Storia di un\u2019idea<\/em>, Milano, Rizzoli, 2004<\/p>\n<p style=\"font-weight: 400;\">ROYO Sebasti\u00e1n, MANUAL Paul Christopher, <em>Spain and Portugal in the European Union. The first Fifteen Years<\/em>, London, Frank Cass, 2005<\/p>\n<p style=\"font-weight: 400;\">RUANE Kevin, <em>The Rise and Fall of the European Defence Community: Anglo-American Relations and the Crisis of European Defence, 1950-1955<\/em>, Houndmills, Macmillan, 2000<\/p>\n<p style=\"font-weight: 400;\">R\u00dcCKER Katrin, WARLOUZET Laurent (eds.), <em>Quelle(s) Europe(s)? Nouvelles approches en histoire de l\u2019int\u00e9gration europ\u00e9enne\/Which Europe(s)? <\/em><em>New Approaches in European Integration History<\/em>, Bruxelles, Peter Lang, 2006<\/p>\n<p style=\"font-weight: 400;\">RUSCONI Gian Enrico, WOLLER Hans (a cura di), <em>Italia e Germania, 1945-2000: la costruzione dell\u2019Europa<\/em>, Bologna, Il Mulino, 2005<\/p>\n<p style=\"font-weight: 400;\">SAINT-GILLE Anne-Marie, <em>La Paneurope. Un d\u00e9bat d&#8217;id\u00e9es dans l&#8217;entre-deux-guerres<\/em>, Paris, Presses de l&#8217;Universit\u00e9 de Paris-Sorbonne, 2003<\/p>\n<p style=\"font-weight: 400;\">SAINT-OUEN Fran\u00e7ois, <em>Le grandes figures de la construction europ\u00e9enne<\/em>, Gen\u00e8ve, Centre europ\u00e9en de la culture, 1997<\/p>\n<p style=\"font-weight: 400;\">SEBESTA Lorenza, <em>Alleati competitivi. Origini e sviluppo della cooperazione spaziale fra Europa e Stati Uniti 1957-1973<\/em>, Roma-Bari, Laterza, 2003<\/p>\n<p style=\"font-weight: 400;\">SCHEINMAN Lawrence, <em>L\u2019int\u00e9gration nucl\u00e9aire en Europe: l\u2019EURATOM<\/em>, Lausanne, Imprimerie vaudoise, 1968<\/p>\n<p style=\"font-weight: 400;\">SCHWABE Klaus (hrsg.), <em>Die Anf\u00e4nge des Schuman Plans 1950\/1951 &#8211; The Beginnings of the Schuman-Plan<\/em>, Baden Baden, Nomos Verlag, 1988<\/p>\n<p style=\"font-weight: 400;\">SERRA Enrico (a cura di), <em>La relance europ\u00e9enne et les Trait\u00e9s de Rome<\/em>, Actes du colloque de Rome 25-28 mars 1987, Bruxelles &#8211; Milano, Bruylant &#8211; Giuffr\u00e9, 1989<\/p>\n<p style=\"font-weight: 400;\">SMETS Paul F. (dir.), <em>Les P\u00e8res de l\u2019Europe 50 ans apr\u00e8s. Perspectives sur l\u2019engagement europ\u00e9en<\/em>, Bruxelles, Bruylant, 2001<\/p>\n<p style=\"font-weight: 400;\">SPADOLINI Giovanni (a cura di), <em>Per l&#8217;unit\u00e0 europea: dalla Giovine Europa al Manifesto di Ventotene<\/em>, Firenze, Le Monnier, 1990<\/p>\n<p style=\"font-weight: 400;\">SPIERENBURG Dirk, POIDEVIN Raymond, <em>Histoire de la Haute Autorit\u00e9 de la Communaut\u00e9 europ\u00e9enne du charbon e de l\u2019acier<\/em>, Bruxelles, Bruylant, 1993 (ed. inglese: <em>The History of the High Authority of the European Coal and Steel Community: Supranationality in Action<\/em>, London, Weidenfeld, 1994)<\/p>\n<p style=\"font-weight: 400;\">STIRK Peter M. R., <em>A History of European Integration since 1914<\/em>, London, Pinter, 1996<\/p>\n<p style=\"font-weight: 400;\">STIRK Peter M. R., WEIGALL David, <em>The Origins and Development of the European Community<\/em>, London, Leicester UP, 1992<\/p>\n<p style=\"font-weight: 400;\">STIRK Peter M. R., WEIGALL David (eds.), <em>The Origins and Development of European Integration. <\/em><em>A Reader and Commentary<\/em>, London &amp; New York, Pinter, 1999<\/p>\n<p style=\"font-weight: 400;\">STOLFO Marco, <em>Lingue minoritarie e unit\u00e0 europea. La &#8220;Carta di Strasburgo&#8221; del 1981<\/em>, Milano, FrancoAngeli, 2005<\/p>\n<p style=\"font-weight: 400;\">TACCOLINI Mario, <em>La costruzione di un&#8217;Europa del lavoro. La Commissione per gli affari sociali dalle origini all&#8217;applicazione del Trattato di Roma<\/em>, Milano, FrancoAngeli, 2006<\/p>\n<p style=\"font-weight: 400;\">TAPIA Claude (dir.), <em>Dynamiques et transitions en Europe. <\/em><em>Approche pluridisciplinaire<\/em>, Bern, Peter Lang, 1997<\/p>\n<p style=\"font-weight: 400;\">TAYLOR Paul Graham, <em>The Limits of European Integration<\/em>, London, Croom Helm, 1983<\/p>\n<p style=\"font-weight: 400;\">TEL\u00d3 Mario (dir.), <em>D\u00e9mocratie et construction europ\u00e9enne<\/em>, Bruxelles, Editions de l\u2019Universit\u00e9 de Bruxelles, 1995<\/p>\n<p style=\"font-weight: 400;\">TORDEURS Nathalie, <em>Naissance des mouvements europ\u00e9ens en Belgique (1946-1950)<\/em>, Bern, Peter Lang, 2000<\/p>\n<p style=\"font-weight: 400;\">TOULEMON Robert, <em>La construction europ\u00e9enne<\/em>, Paris, Livre de Poche, 1994<\/p>\n<p style=\"font-weight: 400;\">TRACHTENBERG Marc, <em>A Constructed Peace: The Making of the European Settlement 1945-1963<\/em>, Princeton, Princeton University Press, 1999<\/p>\n<p style=\"font-weight: 400;\">TRAUSCH Gilbert, <em>The European Integration from the Schuman Plan to the Treaties of Rome. Projects and Initiatives, Disappointments and Failures<\/em>, Baden Baden, Nomos Verlag, 1992<\/p>\n<p style=\"font-weight: 400;\">TRAUSCH Gilbert (ed.), <em>The European Integration from the Schuman Plan to the Treaties of Rome<\/em>, Bruxelles-Milano-Paris-Baden-Baden, Bruylant-Giuffr\u00e8-L.G.D.J.-Nomos Verlag, 1993<\/p>\n<p style=\"font-weight: 400;\">TURNER John, <em>The Tories and Europe<\/em>, Manchester, Manchester University Press, 2000<\/p>\n<p style=\"font-weight: 400;\">URWIN Derek William, <em>Western Europe since 1945. A Short Political History<\/em>, London, Longman, 1981<\/p>\n<p style=\"font-weight: 400;\">URWIN Derek William, <em>The Community of Europe<\/em>, London, Longman, 1991<\/p>\n<p style=\"font-weight: 400;\">VAN HELMONT Jacques,<em> Options Europ\u00e9ennes 1945-1985<\/em>, Bruxelles, Commission de Communaut\u00e9s Europ\u00e9ennes, 1986<\/p>\n<p style=\"font-weight: 400;\">VARSORI Antonio, <em>Il Patto di Bruxelles: tra integrazione europea e Alleanza atlantica<\/em>, Roma, Bonacci, 1988<\/p>\n<p style=\"font-weight: 400;\">VARSORI Antonio (a cura di), <em>Sfide del mercato e identit\u00e0 europea : le politiche di educazione e formazione professionale nell\u2019Europa comunitaria<\/em>, Milano, FrancoAngeli, 2006<\/p>\n<p style=\"font-weight: 400;\">VARSORI Antonio (ed.), <em>Inside the European Community. <\/em><em>Actors and Policies in the European Integration, 1957-1972<\/em>, Baden-Baden-Bruxelles, Nomos-Bruylant, 2006<\/p>\n<p style=\"font-weight: 400;\">VAYSSIERE Bertrand, <em>Vers une Europe f\u00e9d\u00e9rale ? Les espoirs et les actions f\u00e9d\u00e9ralistes au sortir de la Seconde Guerre mondiale<\/em>, Bruxelles, Bern, Berlin, Frankfurt am Main, New York, Oxford, Wien, Peter Lang, 2006<\/p>\n<p style=\"font-weight: 400;\">VERHOFSTADT Guy, <em>Les \u00c9tats-Unis d&#8217;Europe<\/em>, Bruxelles, Luc Pire, 2006<\/p>\n<p style=\"font-weight: 400;\">VERMEULEN Caroline, <em>Le Coll\u00e8ge d&#8217;Europe \u00e0 l&#8217;\u00e8re des pionniers (1950-1960)<\/em>, Bern, Peter Lang, 2000<\/p>\n<p style=\"font-weight: 400;\">VIGLIAR Emilia, <em>L\u2019Unione europea all\u2019epoca del progetto Briand<\/em>, Milano, Giuffr\u00e8, 1983<\/p>\n<p style=\"font-weight: 400;\">VON DER GROEBEN Hans, <em>The European Community: the Formative Years<\/em>, Bruxelles, European Commission, 1985<\/p>\n<p style=\"font-weight: 400;\">WASSENBERG Birte, <em>Vers une euror\u00e9gion? <\/em><em>La coop\u00e9ration transfrontali\u00e8re franco-germano-suisse dans l&#8217;espace du Rhin sup\u00e9rieur de 1975 \u00e0 2000<\/em>, Bern, PIE-Peter Lang, 2007<\/p>\n<p style=\"font-weight: 400;\">WATTS Duncan, PILKINGTON Colin, <em>Britain in the European Union Today<\/em>, Manchester, Manchester university Press, 6\u00b0 ed., 2005<\/p>\n<p style=\"font-weight: 400;\">WILLIS F. Roy, <em>France, Germany and the New Europe 1945-1967<\/em>, Stanford, Stanford University Press, 1968<\/p>\n<p style=\"font-weight: 400;\">WINAND Pascaline, <em>Eisenhower, Kennedy and the United States of Europe, New York, St. Martin\u2019s, 1993<\/em><\/p>\n<p style=\"font-weight: 400;\">WYRWA Tadeusz, <em>L&#8217;id\u00e9e europ\u00e9enne dans la r\u00e9sistance \u00e0 travers la presse clandestine en France et en Pologne, 1939-1945<\/em>, Paris, Nouvelles \u00e9ditions latines, 1988<\/p>\n<p style=\"font-weight: 400;\">YOUNG John W., <em>Britain and European Unity<\/em>, 1945-1992, London, Macmillan, 1993<\/p>\n<p style=\"font-weight: 400;\">ZANZI Luigi, <em>Le Alpi nella storia d\u2019Europa. Ambienti, popoli, istituzioni e forme di civilt\u00e0 del mondo \u201calpino\u201d dal passato al futuro<\/em>, Torino, CDA Vivalda Editori, 2004<\/p>\n<p style=\"font-weight: 400;\">ZORGBIBE Charles, <em>La costruzione politica dell\u2019Europa<\/em>, Milano, Il Saggiatore, 1978<\/p>\n<p style=\"font-weight: 400;\">ZORGBIBE Charles, <em>Histoire de la construction europ\u00e9enne<\/em>, Paris, Presses Universitaires de France, 1993<\/p>\n<p style=\"font-weight: 400;\">ZUCCA Fabio, <em>Autonomie locali e federazione sopranazionale. La battaglia del Conseil des Communes et R\u00e9gions d\u2019Europe per l\u2019unit\u00e0 europea<\/em>, Bologna, Il Mulino, 2002<\/p>\n<p style=\"font-weight: 400;\">ZUCCA Fabio (a cura di), <em>Europeismo e federalismo in Lombardia. Dal Risorgimento all\u2019Unione europea<\/em>, atti del Convegno 28-20 maggio 2003, Bologna, Il Mulino, 2007<\/p>\n<p style=\"font-weight: 400;\">ZURCHER Arnold J., <em>The Struggle to Unite Europe<\/em>, New York, New York University Press, 1958<\/p>\n<p>[\/vc_column_text][vc_separator type=&#8221;normal&#8221; thickness=&#8221;2&#8243; up=&#8221;30&#8243; down=&#8221;30&#8243;][\/vc_row][vc_row css_animation=&#8221;&#8221; row_type=&#8221;row&#8221; use_row_as_full_screen_section=&#8221;no&#8221; type=&#8221;full_width&#8221; angled_section=&#8221;no&#8221; text_align=&#8221;left&#8221; background_image_as_pattern=&#8221;without_pattern&#8221; z_index=&#8221;&#8221; anchor=&#8221;link3&#8243;][vc_column][vc_column_text]<b><strong>3 Protagonisti e personaggi dell&#8217;integrazione europea<\/strong><\/b><\/p>\n<p>ACHESON Dean Gooderham, <em>Present at the Creation. My Years in the State Department<\/em>, New York, W. W. Norton &amp; Co, 1969 (ristampato nel 1987)<\/p>\n<p>ADENAUER Konrad, <em>Erinnerungen: 1945-1953<\/em>, Stuttgart, Deutsche Verlags-Anstalt, 1965-1978, 4 Bde (ed. fr. <em>M\u00e9moires<\/em>, Paris, Hachette, 3 voll., 1965-1969; ed. it. <em>Memorie 1945-1953<\/em>, Milano, Mondadori, 1966)<\/p>\n<p>AGNELLI Giovanni, CABIATI Attilio, <em>Federazione europea o Lega delle Nazioni?<\/em>, Milano, Bocca, 1918 (ripubblicato a cura di M. Monti, Pordenone, Studio Tesi, 1995)<\/p>\n<p>ALBERTINI Mario, <em>Il federalismo<\/em>, Bologna, Il Mulino, 1993<\/p>\n<p>ALBERTINI Mario, <em>Lo Stato nazionale<\/em>, Bologna, Il Mulino, 1997<\/p>\n<p>ALBERTINI Mario, La rivoluzione pacifica. Dalle nazioni all\u2019Europa, Bologna, Il Mulino, 1999<\/p>\n<p>ALBERTINI Mario, <em>Nazionalismo e federalismo<\/em>, Bologna, Il Mulino, 1999<\/p>\n<p>ALBERTINI Mario, <em>Tutti gli scritti. Vol. I. 1946-1955<\/em>, Bologna, Il Mulino, 2006<\/p>\n<p>ALBERTINI Mario, <em>Tutti gli scritti. Vol. II. 1956-1957<\/em>, Bologna, Il Mulino, 2006<\/p>\n<p>ALBERTINI Mario, <em>Tutti gli scritti. Vol. III. 1958-1961<\/em>, Bologna, Il Mulino, 2007<\/p>\n<p>ANGELINO Luciano, <em>Le forme dell\u2019Europa. Spinelli o della federazione<\/em>, Genova, Il Melangolo, 2003<\/p>\n<p>ANTA Claudio Giulio, Il rilancio dell\u2019Europa. Il progetto di Jacques Delors, Milano, FrancoAngeli, 2004<\/p>\n<p>ANTA Claudio Giulio, <em>Padri dell\u2019Europa. Sette brevi ritratti<\/em>, Roma, Bruno Mondadori, 2005<\/p>\n<p>BELOT Henri, <em>Henry Frenay, de la R\u00e9sistance \u00e0 l\u2019Europe<\/em>, Paris, Seuil, 2003<\/p>\n<p>BOSSUAT G\u00e9rard, <em>Les fondateurs de l\u2019Europe unie<\/em>, Paris, Belin-Sup, 1994, (r\u00e9\u00e9dition 2001)<\/p>\n<p>BOSSUAT G\u00e9rard, WILKENS Andr\u00e9as (dir.), <em>Jean Monnet, l\u2019Europe et les chemins de la paix,<\/em> actes du colloque du 29 au 31 mai 1997, Paris, Publications de la Sorbonne, 1999<\/p>\n<p>BOZO Fr\u00e9d\u00e9ric, <em>Mitterrand, la fin de la guerre froide et l\u2019unification allemande, De Yalta \u00e0 Maastricht<\/em>, Paris, Odile Jacob, 2005<\/p>\n<p>BRAGA Antonella, <em>Un federalista giacobino. Ernesto Rossi pioniere degli Stati Uniti d\u2019Europa<\/em>, Bologna, Il Mulino, 2007<\/p>\n<p>BRINKLEY Douglas, HACKETT Clifford P. (eds.), <em>Jean Monnet. The Path to European Unity<\/em>, New York, St. Martin Press, 1991<\/p>\n<p>BROMBERGER Merry, BROMBERGER Serge, <em>Jean Monnet and the United States of Europe<\/em>, New York, Coward-McCann, 1969<\/p>\n<p>BUSSI\u00c8RE Eric, <em>Georges Pompidou face \u00e0 la mutation \u00e9conomique de l\u2019Occident<\/em>, 1969-1974, Paris, PUF, 2003<\/p>\n<p>CANAVERO Alfredo, Alcide De Gasperi. Cristiano, democratico, europeo, Soveria Mannelli, Rubbettino, 2003<\/p>\n<p>CHURCHILL Winston, The Unwritten Alliance (1953-1959), London, Cassel, 1961<\/p>\n<p>CONRAD Yves, <em>Jean Monnet et les d\u00e9buts de la fonction publique europ\u00e9enne: la Haute Autorit\u00e9 de la CECA, 1952-1953<\/em>, Louvain-la-Neuve, Ciaco, 1989<\/p>\n<p>CONZE Eckart, CORNI Gustavo, POMBENI Paolo (a cura di), <em>Alcide De Gasperi, un percorso europeo<\/em>, Bologna, Il Mulino, 2005<\/p>\n<p>CORSINI Umberto, REPGEN Konrad (a cura di), <em>Konrad Adenauer e Alcide De Gasperi: due esperienze di rifondazione della democrazia<\/em>, Bologna, Il Mulino, 1984<\/p>\n<p>COUDENHOVE-KALERGI Richard Nikolaus, <em>Paneuropa<\/em>, Vienna, Pan-Europa Verlag, 1923 (M\u00fcnchen-Wien, Herold, 1966)<\/p>\n<p>COUDENHOVE-KALERGI Richard Nikolaus, <em>Eine Idee erobert Europea. Meine Lebenserinnerungen<\/em>, M\u00fcnchen-Wien-Basel, Kurt Desch, 1958<\/p>\n<p>COUDENHOVE-KALERGI Richard Nikolaus, <em>Weltmacht Europa<\/em>, Stuttgart, Seewald, 1972<\/p>\n<p>CRAVERI Piero, <em>De Gasperi<\/em>, Bologna, Il Mulino, 2006<\/p>\n<p>CRESSATI Claudio, <em>L\u2019unit\u00e0 europea nel pensiero e nell\u2019opera di Luigi Einaudi<\/em>, Torino, Giappichelli, 1990<\/p>\n<p>CRESSATI Claudio, <em>L\u2019Europa necessaria. Il federalismo liberale di Luigi Einaudi,<\/em> Torino, Giappichelli, 1992<\/p>\n<p>DE GASPERI Maria Romana, <em>De Gasperi e l\u2019Europa: scritti e discorsi<\/em>, Brescia, Morcelliana, 1979<\/p>\n<p>DELORS Jacques, <em>Le nouveau concert europ\u00e9enne<\/em>, Paris, Odile Jacob, 1992<\/p>\n<p>DELORS Jacques, <em>L\u2019unit\u00e9 d\u2019un homme<\/em>, Paris, Odile Jacob, 1994<\/p>\n<p>DELORS Jacques, <em>M\u00e9moires<\/em>, Paris, Plon, 2004<\/p>\n<p>DUCH\u00caNE Fran\u00e7ois, <em>Jean Monnet. The First Statesman of Interdependence<\/em>, New York, W. W. Norton &amp; Co, 1994<\/p>\n<p>DUJARDIN Vincent, DUMOULIN Michel, <em>Paul van Zeeland (1893-1973)<\/em>, Bruxelles, Racine, 1997<\/p>\n<p>DUMOULIN Michel, <em>Spaak<\/em>, Bruxelles, Racine, 1999<\/p>\n<p>EINAUDI Luigi, <em>La guerra e l\u2019unit\u00e0 europea<\/em>, Milano, Edizioni di Comunit\u00e0, 1948 (Bologna, Il Mulino, 1986)<\/p>\n<p>EINAUDI Luigi, <em>Dallo stato nazionale sovrano alla federazione dei popoli europei<\/em>, Torino, Forum europeo dello sviluppo, 1997<\/p>\n<p>EINAUDI Luigi, ROSSI Ernesto, STREIT Clarence K., WOOTTON Barbara, ROBBINS Lionel, BENTWICH Norman, SPINELLI Altiero, <em>Federazione europea<\/em>, Firenze, La Nuova Italia, 1948<\/p>\n<p>ELDIN Gr\u00e9goire, FOURNI\u00c9 Pierre, MOINET-LE MENN Agn\u00e8s, SOUTOU Georges-Henri, <em>L\u2019Europe de Robert Schuman<\/em>, Paris, Presses de l\u2019Universit\u00e9 de Paris-Sorbonne, 1993<\/p>\n<p>ELISHA Achille, <em>Aristide Briand: la paix mondiale et l\u2019Union europ\u00e9enne<\/em>, Louvain la Neuve, Bruylant Academia, 2e \u00e9dition, 2000<\/p>\n<p>FELISINI Daniela (a cura di), <em>Alberto Tarchiani. Tormenti di un ambasciatore. L\u2019anno conclusivo di Washington, 1954<\/em>, Soveria Mannelli, Rubbettino, 2006<\/p>\n<p>FONTAINE Pascal, <em>Jean Monnet: l\u2019inspirateur<\/em>, Paris, J. Grancher, 1988<\/p>\n<p>FRANSEN Frederic J., <em>The Supranational Politics of Jean Monnet: Idea and Origins of the European Community<\/em>, Westport, Greenwood Press, 2001<\/p>\n<p>GONNELLA Guido, <em>L\u2019europeismo di De Gasperi<\/em>, Roma, Edizioni Cinque Lune, 1981<\/p>\n<p>GOUZY Jean-Pierre, Le f\u00e9d\u00e9ralisme et Alexandre Marc, Lausanne, Centre de Recherches europ\u00e9ennes, 1974<\/p>\n<p>GOUZY Jean-Pierre, <em>Henry Frenay, de la R\u00e9sistance \u00e0 l\u2019Europe<\/em>, Paris, 1998<\/p>\n<p>HACKETT Clifford P. (edited by), <em>Monnet and the Americans. The Father of a United Europe and his U.S. Supporters<\/em>, Washington, Jean Monnet Council, 1995<\/p>\n<p>HALLSTEIN Walter, <em>Der unvollendete Bundesstaat; Europ\u00e4ische Erfahrungen und Erkenntnisse<\/em>, D\u00fcsseldorf-Wien, Econ Verlag, 1969 (tr. fr. <em>L\u2019Europe inachev\u00e9e<\/em>, Paris, Laffont, 1970; tr. it. <em>Europa: federazione incompiuta<\/em>, Milano, Rizzoli, 1971; tr. en. <em>Europe in the Making<\/em>, London, Allen &amp; Unwin, 1972)<\/p>\n<p>HERMANN Lutz, <em>Jean Monnet, un portrait<\/em>, Paris, Dalloz, 1968<\/p>\n<p>HUIZINGA Jakob Herman, <em>Mr. Europe. A Political Biography of Paul Henry Spaak<\/em>, London, Weidenfeld &amp; Nicholson, 1961<\/p>\n<p>JOUVE Edmond, <em>Le G\u00e9n\u00e9ral De Gaulle et la construction de l\u2019Europe<\/em>, Paris, Pichon et Durand-Auzias, 1967<\/p>\n<p>JENKINS Roy, <em>European Diary 1977-1981<\/em>, London, Collins, 1989<\/p>\n<p>KEEGAN John, <em>Winston Churchill<\/em>, New York, Viking, 2002<\/p>\n<p>LEGOLL Paul, <em>Konrad Adenauer et l\u2019id\u00e9e d\u2019unification europ\u00e9enne, janvier 1948-mai 1950<\/em>, Bern, Peter Land, 1989<\/p>\n<p>LEVI Lucio (a cura di), <em>Altiero Spinelli and Federalism in Europe and in the World<\/em>, Milano, FrancoAngeli, 1990<\/p>\n<p>LORD LOTHIAN, <em>Il pacifismo non basta<\/em>, Bologna, Il Mulino, 1986<\/p>\n<p>LOTH Wilfried, WALLACE William, WESSELS Wolfgang (eds.), <em>Walter Hallstein: The Forgotten European?<\/em>, London, Macmillan, 1998<\/p>\n<p>LOUVIN Robert, <em>Emile Chanoux et le d\u00e9bat sur le f\u00e9d\u00e9ralisme<\/em>, Nice, Presses d&#8217;Europe, 1997<\/p>\n<p>LUCAS Hans-Dieter (ed.), <em>Genscher, Deutschland und Europa<\/em>, Baden-Baden, Nomos Verlag, 2002<\/p>\n<p>MALANDRINO Corrado, <em>Tut etwas Tapferes. Compi un atto di coraggio. L\u2019Europa federale di Walter Hallstein<\/em>, 1948-1982, Bologna, Il Mulino, 2005<\/p>\n<p>MANGANARO FAVARETTO Gilda, <em>Il federalismo personalista di Alexandre Marc (1904-2000)<\/em>, Milano, FrancoAngeli, 2006<\/p>\n<p>MARC Alexandre, <em>Europa e federalismo globale<\/em>, Firenze, Il Ventilabro, 1996<\/p>\n<p>MARITAIN Jacques, <em>L\u2019Europe et l\u2019id\u00e9e f\u00e9d\u00e9rale<\/em>, Paris, Mame, 1993<\/p>\n<p>MARJOLIN Robert, <em>Le travail d\u2019une vie. M\u00e9moires, 1911-1986<\/em>, Paris, Laffont, 1986<\/p>\n<p>MASSIP Roger, <em>De Gaulle et l\u2019Europe<\/em>, Paris, Flammarion, 1963<\/p>\n<p>MELCHIONNI Maria Grazia, <em>Altiero Spinelli et Jean Monnet<\/em>, Lausanne, Fondation Jean Monnet pour l\u2019Europe, 1993<\/p>\n<p>MONNET Jean, <em>M\u00e9moires<\/em>, Paris, Fayard, 1976 (tr. it.<em> Cittadino d\u2019Europa<\/em>, Milano, Rusconi, 1989)<\/p>\n<p>MONNET Jean, SCHUMAN Robert, <em>Correspondance 1947-1953<\/em>, Lausanne, Fondation Jean Monnet pour l\u2019Europe, 1986<\/p>\n<p>MORELLI Umberto,<em> Contro il mito dello stato sovrano. Luigi Einaudi e l\u2019unit\u00e0 europea<\/em>, Milano, FrancoAngeli, 1990<\/p>\n<p>NAPOLITANO Giorgio, <em>Altiero Spinelli e l\u2019Europa<\/em>, Bologna, Il Mulino, 2007<\/p>\n<p>PAOLINI Edmondo, <em>Altiero Spinelli. Appunti per una biografia<\/em>, Bologna, Il Mulino, 1988<\/p>\n<p>PAOLINI Edmondo, <em>Altiero Spinelli. Dalla lotta antifascista alla battaglia per la Federazione Europea 1920-1948: documenti e testimonianze<\/em>, Bologna, Il Mulino, 1996<\/p>\n<p>PASQUINUCCI Daniele, <em>Europeismo e democrazia. Altiero Spinelli e la sinistra europea. 1950-1986<\/em>, Bologna, Il Mulino, 2000<\/p>\n<p>PATTISON DE M\u00c9NIL Lois, <em>Who Speaks for Europe? The Vision of Charles De Gaulle<\/em>, London, Weidenfeld &amp; Nicholson, 1977<\/p>\n<p>PETRILLI Giuseppe, <em>La politica estera ed europea di De Gasperi<\/em>, Roma, Cinque Lune, 1975<\/p>\n<p>PETRILLI Giuseppe, ZAGARI Mario, MALAGODI Giovanni, <em>\u201cM\u00e9moires\u201d di Jean Monnet<\/em>, Pomezia, Edizione a cura del Banco di Roma, 1959<\/p>\n<p>POIDEVIN Raymond, <em>Robert Schuman homme d\u2019\u00c9tat 1886-1963<\/em>, Paris, Imprimerie Nationale, 1986<\/p>\n<p>PREDA Daniela, <em>Alcide De Gasperi federalista europeo<\/em>, Bologna, Il Mulino, 2004<\/p>\n<p>QUAGLIARIELLO Gaetano, <em>De Gaulle e il gollismo<\/em>, Bologna, Il Mulino, 2003<\/p>\n<p>ROBBINS Lionel, <em>Il federalismo e l&#8217; ordine economico internazionale<\/em>, Bologna, Il Mulino, 1985<\/p>\n<p>ROGNONI VERCELLI Cinzia, <em>Mario Alberto Rollier. Un valdese federalista<\/em>, Milano, Jaca Book, 1991<\/p>\n<p>ROGNONI VERCELLI Cinzia, <em>Luciano Bolis dall\u2019Italia all\u2019Europa<\/em>, Bologna, Il Mulino, 2007<\/p>\n<p>ROSS George W., <em>Jacques Delors and European Integration<\/em>, Cambridge, Polity Press, 1995<\/p>\n<p>ROSSI Ernesto, <em>Gli Stati Uniti d\u2019Europa<\/em>, Lugano, Nuove edizioni di Capolago, 1944 (edizione anastatica a cura di Sergio Pistone), Torino, Celid, 2004<\/p>\n<p>ROUSSEL Eric, <em>Jean Monnet, 1888-1979<\/em>, Paris, Fayard, 1996<\/p>\n<p>ROUSSEL Eric, <em>Charles De Gaulle<\/em>, Paris, Gallimard, 2002<\/p>\n<p>SCHUMAN Robert, <em>Pour l\u2019Europe, Paris<\/em>, Nagel, s. e., 1963 (ed. it. <em>Per l\u2019Europa<\/em>, Roma, Edizioni Cinque Lune, 1965)<\/p>\n<p>SCHWARZ Hans-Peter, <em>Die \u00c4ra Adenauer<\/em>, Stuttgart, s.e., 1981-1983, 2 Bde<\/p>\n<p>SPAAK Paul-Henri, <em>M\u00e9moires. Combats inachev\u00e9s<\/em>, 2 voll., Paris, Fayard, 1969<\/p>\n<p>SPAAK Paul-Henri, <em>The Continuing Battle. Memoirs of a European<\/em>, London, Weidenfeld &amp; Nicholson, 1972<\/p>\n<p>SPINELLI Altiero, <em>L\u2019Europa non cade dal cielo<\/em>, Bologna, Il Mulino, 1960<\/p>\n<p>SPINELLI Altiero, <em>Come ho tentato di diventare saggio. Io Ulisse<\/em>, Bologna, Il Mulino, 1984 (nuova edizione 2006)<\/p>\n<p>SPINELLI Altiero, <em>Discorsi al Parlamento europeo 1976-1986<\/em>, a cura di P. V. Dastoli, Bologna, Il Mulino, 1987<\/p>\n<p>SPINELLI Altiero, <em>Una strategia per gli Stati Uniti d\u2019Europa<\/em>, a cura di S. Pistone, Bologna, Il Mulino, 1989<\/p>\n<p>SPINELLI Altiero, <em>Diario europeo<\/em>, vol. I, 1948-1969, vol. II, 1970-1976, vol. III, 1976-1986, Bologna, Il Mulino, 1992<\/p>\n<p>SPINELLI Altiero, <em>Machiavelli nel XX secolo. Scritti del confino e della clandestinit\u00e0<\/em>. 1941-1944, a cura di P. Graglia, Bologna, Il Mulino, 1993<\/p>\n<p>SPINELLI Altiero, <em>La rivoluzione federalista. Scritti 1944-1947<\/em>, a cura di P. Graglia, Bologna, Il Mulino, 1996<\/p>\n<p>SPINELLI Altiero, <em>Europa terza forza. Scritti 1947-1954<\/em>, Bologna, Il Mulino, 2000<\/p>\n<p>SPINELLI Altiero, ROSSI Ernesto, <em>Il Manifesto di Ventotene<\/em>, prefazione di Eugenio Colorni, ed. anastatica con prefazione di S. Pistone, Torino, Celid, 2001 (Milano, Oscar Mondadori, 2006)<\/p>\n<p>TERRANOVA Flavio, <em>Il federalismo di Mario Albertini<\/em>, Milano, Giuffr\u00e9, 2003<\/p>\n<p>TRAUSCH Gilbert, <em>Robert Schuman: les racines et l\u2019\u0153uvre d\u2019un grand europ\u00e9en 1886-1986<\/em>, Luxembourg, Minist\u00e8re d\u2019\u00c9tat, 1986<\/p>\n<p>TRENTIN Silvio, <em>Federalismo e libert\u00e0. Scritti teorici 1935-1943<\/em>, Venezia, Marsilio, 1987<\/p>\n<p>VAN HELMONT Jacques, <em>Jean Monnet comme il \u00e9tait<\/em>, Lausanne, Fondation Jean Monnet pour l\u2019Europe, 1981[\/vc_column_text][\/vc_column][\/vc_row]<\/p>\n<\/div>","protected":false},"excerpt":{"rendered":"<p>[vc_row css_animation=&#8221;&#8221; row_type=&#8221;row&#8221; use_row_as_full_screen_section=&#8221;no&#8221; type=&#8221;full_width&#8221; angled_section=&#8221;no&#8221; text_align=&#8221;left&#8221; background_image_as_pattern=&#8221;without_pattern&#8221;][vc_column][vc_column_text]1 Storia dell\u2019Europa e dell\u2019idea d\u2019Europa 2 Storia dell\u2019integrazione europea e dei movimenti fautori dell\u2019unit\u00e0 europea 3 Protagonisti e personaggi dell\u2019integrazione europea[\/vc_column_text][vc_separator type=&#8221;normal&#8221; thickness=&#8221;2&#8243; down=&#8221;30&#8243;][\/vc_column][\/vc_row][vc_row css_animation=&#8221;&#8221; row_type=&#8221;row&#8221; use_row_as_full_screen_section=&#8221;no&#8221; type=&#8221;full_width&#8221; angled_section=&#8221;no&#8221; text_align=&#8221;left&#8221; background_image_as_pattern=&#8221;without_pattern&#8221; z_index=&#8221;&#8221; anchor=&#8221;link1&#8243;][vc_column][vc_column_text]1 Storia dell\u2019Europa e dell\u2019idea&#8230;<\/p>\n","protected":false},"author":15,"featured_media":0,"parent":0,"menu_order":0,"comment_status":"closed","ping_status":"closed","template":"","meta":{"footnotes":""},"class_list":["post-15553","page","type-page","status-publish","hentry"],"_links":{"self":[{"href":"https:\/\/www.ause.eu\/en\/wp-json\/wp\/v2\/pages\/15553","targetHints":{"allow":["GET"]}}],"collection":[{"href":"https:\/\/www.ause.eu\/en\/wp-json\/wp\/v2\/pages"}],"about":[{"href":"https:\/\/www.ause.eu\/en\/wp-json\/wp\/v2\/types\/page"}],"author":[{"embeddable":true,"href":"https:\/\/www.ause.eu\/en\/wp-json\/wp\/v2\/users\/15"}],"replies":[{"embeddable":true,"href":"https:\/\/www.ause.eu\/en\/wp-json\/wp\/v2\/comments?post=15553"}],"version-history":[{"count":7,"href":"https:\/\/www.ause.eu\/en\/wp-json\/wp\/v2\/pages\/15553\/revisions"}],"predecessor-version":[{"id":16335,"href":"https:\/\/www.ause.eu\/en\/wp-json\/wp\/v2\/pages\/15553\/revisions\/16335"}],"wp:attachment":[{"href":"https:\/\/www.ause.eu\/en\/wp-json\/wp\/v2\/media?parent=15553"}],"curies":[{"name":"wp","href":"https:\/\/api.w.org\/{rel}","templated":true}]}}